{"id":7193,"date":"2023-02-05T14:34:56","date_gmt":"2023-02-05T13:34:56","guid":{"rendered":"https:\/\/wbs-luebeck.de\/wbs\/?page_id=7193"},"modified":"2023-11-22T21:38:05","modified_gmt":"2023-11-22T20:38:05","slug":"hope","status":"publish","type":"page","link":"https:\/\/wbs-luebeck.de\/wbs\/hope\/","title":{"rendered":"HOPE"},"content":{"rendered":"<p><div class=\"fusion-fullwidth fullwidth-box fusion-builder-row-1 nonhundred-percent-fullwidth non-hundred-percent-height-scrolling\" style=\"--awb-border-sizes-top:0px;--awb-border-sizes-bottom:0px;--awb-border-sizes-left:0px;--awb-border-sizes-right:0px;--awb-border-radius-top-left:0px;--awb-border-radius-top-right:0px;--awb-border-radius-bottom-right:0px;--awb-border-radius-bottom-left:0px;--awb-padding-right:0px;--awb-padding-bottom:0px;--awb-padding-left:0px;--awb-margin-top:-90px;--awb-margin-bottom:30px;--awb-background-color:#213049;--awb-flex-wrap:wrap;\" ><div class=\"fusion-builder-row fusion-row\"><div class=\"fusion-layout-column fusion_builder_column fusion-builder-column-0 fusion_builder_column_1_1 1_1 fusion-one-full fusion-column-first fusion-column-last\" style=\"--awb-padding-top:40px;--awb-padding-right:4%;--awb-padding-bottom:20px;--awb-padding-left:4%;--awb-bg-color:rgba(255,255,255,0);--awb-bg-color-hover:rgba(255,255,255,0);--awb-bg-size:cover;--awb-box-shadow:0px -5px 15px 0px rgba(0,0,0,0.03);;--awb-border-color:#3bc863;--awb-border-top:0;--awb-border-style:solid;--awb-margin-top:0px;--awb-margin-bottom:0px;\"><div class=\"fusion-column-wrapper fusion-column-has-shadow fusion-flex-column-wrapper-legacy\"><div class=\"fusion-column-content-centered\"><div class=\"fusion-column-content\"><div class=\"fusion-text fusion-text-1\"><p style=\"text-align: center;\"><span style=\"color: #ffffff;\">Die &#8222;HOPE&#8220;, immer eine Hand breit Wasser unter dem Kiel. Besser zwei.<br \/>\nSie macht ihrem Name alle Ehre &#8211; hoffnungsvoll-freudvoll-bildsch\u00f6n<br \/>\nUnd f\u00fcr alle Lebenslagen gemacht: Schwierige Zeiten in der Schule? Nachmittagsvergn\u00fcgen in der AG? Ferienfreizeiten? Klassenausfl\u00fcge? Handwerkern? Menschen verbinden?<br \/>\nSie kann es einfach! Und unser Skipper Bastian auch!<br \/>\nSchule in Schlutup mit viel Gl\u00fcck und Wasser.<\/span><\/p>\n<\/div><\/div><\/div><div class=\"fusion-clearfix\"><\/div><\/div><\/div><\/div><\/div><div class=\"fusion-fullwidth fullwidth-box fusion-builder-row-2 nonhundred-percent-fullwidth non-hundred-percent-height-scrolling fusion-equal-height-columns\" style=\"--awb-background-blend-mode:soft-light;--awb-border-sizes-top:0px;--awb-border-sizes-bottom:0px;--awb-border-sizes-left:0px;--awb-border-sizes-right:0px;--awb-border-radius-top-left:0px;--awb-border-radius-top-right:0px;--awb-border-radius-bottom-right:0px;--awb-border-radius-bottom-left:0px;--awb-padding-top:15px;--awb-padding-bottom:15px;--awb-background-color:var(--awb-custom_color_2);--awb-flex-wrap:wrap;\" ><div class=\"fusion-builder-row fusion-row\"><div class=\"fusion-layout-column fusion_builder_column fusion-builder-column-1 fusion_builder_column_1_1 1_1 fusion-one-full fusion-column-first fusion-column-last\" style=\"--awb-bg-size:cover;\"><div class=\"fusion-column-wrapper fusion-column-has-shadow fusion-flex-column-wrapper-legacy\"><div class=\"fusion-blog-shortcode fusion-blog-shortcode-1 fusion-blog-archive fusion-blog-layout-medium-alternate fusion-blog-pagination\"><div class=\"fusion-posts-container fusion-posts-container-pagination fusion-no-meta-info fusion-blog-rollover\" data-pages=\"2\"><article id=\"blog-1-post-9286\" class=\"fusion-post-medium-alternate post-9286 post type-post status-publish format-standard has-post-thumbnail hentry category-aktuelles category-hope tag-hope tag-luebeck tag-marina tag-schule-am-wasser tag-schule-anders-denken tag-schule-in-schlutup tag-startchancen tag-wanderkutter\">\n<div class=\"fusion-date-and-formats\"><div class=\"fusion-date-box updated\"><span class=\"fusion-date\">1<\/span><span class=\"fusion-month-year\">11, 2025<\/span><\/div><div class=\"fusion-format-box\"><i class=\"awb-icon-pen\" aria-hidden=\"true\"><\/i><\/div><\/div>\t<style type=\"text\/css\">\n\t\t\n\t\t\n\t\t\n\t\t\n\t\t\t<\/style>\n\n\n\t\t\t<div class=\"fusion-flexslider flexslider fusion-flexslider-loading fusion-post-slideshow\" style=\"\">\n\t\t<ul class=\"slides\">\n\t\t\t\n\t\t\t\t\t\t\t\t\t\t\t\t\t\t<li><div  class=\"fusion-image-wrapper fusion-image-size-fixed\" aria-haspopup=\"true\">\n\t\t\t\t<img decoding=\"async\" width=\"320\" height=\"202\" src=\"https:\/\/wbs-luebeck.de\/wbs\/wp-content\/uploads\/2025\/11\/Gross-typorama-216-320x202.jpeg\" class=\"attachment-blog-medium size-blog-medium wp-post-image\" alt=\"\" srcset=\"https:\/\/wbs-luebeck.de\/wbs\/wp-content\/uploads\/2025\/11\/Gross-typorama-216-320x202.jpeg 320w, https:\/\/wbs-luebeck.de\/wbs\/wp-content\/uploads\/2025\/11\/Gross-typorama-216-700x441.jpeg 700w\" sizes=\"(max-width: 320px) 100vw, 320px\" \/><div class=\"fusion-rollover\">\n\t<div class=\"fusion-rollover-content\">\n\n\t\t\t\t\t\t\t\t\t\t\t\t\t\t<a class=\"fusion-rollover-link\" href=\"https:\/\/wbs-luebeck.de\/wbs\/immer-eine-handbreit-wasser-unterm-kiel\/\">Immer eine Handbreit Wasser unterm Kiel<\/a>\n\t\t\t\n\t\t\t\t\t\t\t\t\n\t\t\n\t\t\t\t\t\t\t\t\t\t\t\t<h4 class=\"fusion-rollover-title\">\n\t\t\t\t\t<a class=\"fusion-rollover-title-link\" href=\"https:\/\/wbs-luebeck.de\/wbs\/immer-eine-handbreit-wasser-unterm-kiel\/\">\n\t\t\t\t\t\tImmer eine Handbreit Wasser unterm Kiel\t\t\t\t\t<\/a>\n\t\t\t\t<\/h4>\n\t\t\t\n\t\t\t\t\t\t\t\t\n\t\t\n\t\t\t\t\t\t<a class=\"fusion-link-wrapper\" href=\"https:\/\/wbs-luebeck.de\/wbs\/immer-eine-handbreit-wasser-unterm-kiel\/\" aria-label=\"Immer eine Handbreit Wasser unterm Kiel\"><\/a>\n\t<\/div>\n<\/div>\n<\/div>\n<\/li>\n\t\t\t\n\t\t\t\n\t\t\t\t\t\t\t\t\t\t\t\t\t\t\t\t\t\t\t\t\t\t\t\t\t\t\t\t\t\t\t\t\t\t\t\t\t\t\t\t\t\t\t\t\t\t\t\t\t\t\t\t\t\t\t\t\t\t\t\t\t\t\t\t\t\t\t\t<\/ul>\n\t<\/div>\n\t<div class=\"fusion-post-content post-content\"><h2 class=\"blog-shortcode-post-title entry-title\"><a href=\"https:\/\/wbs-luebeck.de\/wbs\/immer-eine-handbreit-wasser-unterm-kiel\/\">Immer eine Handbreit Wasser unterm Kiel<\/a><\/h2><div class=\"fusion-post-content-container\"><p> Eine weitere Saison \"Schule auf dem Wasser\" n\u00e4hert sich dem Ende. Unsere Boote geh\u00f6ren fest zu unserem Schulkonzept und werden f\u00fcr verschiedene Anl\u00e4sse genutzt: Segel-Ag, HOPE-Ag oder als HOPE-Projekt. Nat\u00fcrlich steht<\/p><\/div><\/div><div class=\"fusion-clearfix\"><\/div><\/article>\n<article id=\"blog-1-post-8768\" class=\"fusion-post-medium-alternate post-8768 post type-post status-publish format-standard has-post-thumbnail hentry category-hope\">\n<div class=\"fusion-date-and-formats\"><div class=\"fusion-date-box updated\"><span class=\"fusion-date\">2<\/span><span class=\"fusion-month-year\">12, 2024<\/span><\/div><div class=\"fusion-format-box\"><i class=\"awb-icon-pen\" aria-hidden=\"true\"><\/i><\/div><\/div>\t<style type=\"text\/css\">\n\t\t\n\t\t\n\t\t\n\t\t\n\t\t\t<\/style>\n\n\n\t\t\t<div class=\"fusion-flexslider flexslider fusion-flexslider-loading fusion-post-slideshow\" style=\"\">\n\t\t<ul class=\"slides\">\n\t\t\t\n\t\t\t\t\t\t\t\t\t\t\t\t\t\t<li><div  class=\"fusion-image-wrapper fusion-image-size-fixed\" aria-haspopup=\"true\">\n\t\t\t\t<img decoding=\"async\" width=\"320\" height=\"202\" src=\"https:\/\/wbs-luebeck.de\/wbs\/wp-content\/uploads\/2024\/12\/Gross-typorama-177-320x202.jpeg\" class=\"attachment-blog-medium size-blog-medium wp-post-image\" alt=\"\" srcset=\"https:\/\/wbs-luebeck.de\/wbs\/wp-content\/uploads\/2024\/12\/Gross-typorama-177-320x202.jpeg 320w, https:\/\/wbs-luebeck.de\/wbs\/wp-content\/uploads\/2024\/12\/Gross-typorama-177-700x441.jpeg 700w\" sizes=\"(max-width: 320px) 100vw, 320px\" \/><div class=\"fusion-rollover\">\n\t<div class=\"fusion-rollover-content\">\n\n\t\t\t\t\t\t\t\t\t\t\t\t\t\t<a class=\"fusion-rollover-link\" href=\"https:\/\/wbs-luebeck.de\/wbs\/segelsaison-24-2025\/\">Segelsaison 24\/2025<\/a>\n\t\t\t\n\t\t\t\t\t\t\t\t\n\t\t\n\t\t\t\t\t\t\t\t\t\t\t\t<h4 class=\"fusion-rollover-title\">\n\t\t\t\t\t<a class=\"fusion-rollover-title-link\" href=\"https:\/\/wbs-luebeck.de\/wbs\/segelsaison-24-2025\/\">\n\t\t\t\t\t\tSegelsaison 24\/2025\t\t\t\t\t<\/a>\n\t\t\t\t<\/h4>\n\t\t\t\n\t\t\t\t\t\t\t\t\n\t\t\n\t\t\t\t\t\t<a class=\"fusion-link-wrapper\" href=\"https:\/\/wbs-luebeck.de\/wbs\/segelsaison-24-2025\/\" aria-label=\"Segelsaison 24\/2025\"><\/a>\n\t<\/div>\n<\/div>\n<\/div>\n<\/li>\n\t\t\t\n\t\t\t\n\t\t\t\t\t\t\t\t\t\t\t\t\t\t\t\t\t\t\t\t\t\t\t\t\t\t\t\t\t\t\t\t\t\t\t\t\t\t\t\t\t\t\t\t\t\t\t\t\t\t\t\t\t\t\t\t\t\t\t\t\t\t\t\t\t\t\t\t<\/ul>\n\t<\/div>\n\t<div class=\"fusion-post-content post-content\"><h2 class=\"blog-shortcode-post-title entry-title\"><a href=\"https:\/\/wbs-luebeck.de\/wbs\/segelsaison-24-2025\/\">Segelsaison 24\/2025<\/a><\/h2><div class=\"fusion-post-content-container\"><p> Unsere Hope war in der Saison wieder viel unterwegs: Mit Sch\u00fclern an Bord, auf dem Hafenfest, in Travem\u00fcnde, im Museumshafen. Und als \"Anker\" f\u00fcr viele Kinder und Jugendliche, die einfach auch<\/p><\/div><\/div><div class=\"fusion-clearfix\"><\/div><\/article>\n<article id=\"blog-1-post-9185\" class=\"fusion-post-medium-alternate post-9185 post type-post status-publish format-standard has-post-thumbnail hentry category-aktuelles category-hope tag-annefranktag2025 tag-schule-in-schlutup\">\n<div class=\"fusion-date-and-formats\"><div class=\"fusion-date-box updated\"><span class=\"fusion-date\">5<\/span><span class=\"fusion-month-year\">07, 2024<\/span><\/div><div class=\"fusion-format-box\"><i class=\"awb-icon-pen\" aria-hidden=\"true\"><\/i><\/div><\/div>\t<style type=\"text\/css\">\n\t\t\n\t\t\n\t\t\n\t\t\n\t\t\t<\/style>\n\n\n\t\t\t<div class=\"fusion-flexslider flexslider fusion-flexslider-loading fusion-post-slideshow\" style=\"\">\n\t\t<ul class=\"slides\">\n\t\t\t\n\t\t\t\t\t\t\t\t\t\t\t\t\t\t<li><div  class=\"fusion-image-wrapper fusion-image-size-fixed\" aria-haspopup=\"true\">\n\t\t\t\t<img decoding=\"async\" width=\"320\" height=\"202\" src=\"https:\/\/wbs-luebeck.de\/wbs\/wp-content\/uploads\/2025\/07\/typorama-203-320x202.jpg\" class=\"attachment-blog-medium size-blog-medium wp-post-image\" alt=\"\" srcset=\"https:\/\/wbs-luebeck.de\/wbs\/wp-content\/uploads\/2025\/07\/typorama-203-320x202.jpg 320w, https:\/\/wbs-luebeck.de\/wbs\/wp-content\/uploads\/2025\/07\/typorama-203-700x441.jpg 700w\" sizes=\"(max-width: 320px) 100vw, 320px\" \/><div class=\"fusion-rollover\">\n\t<div class=\"fusion-rollover-content\">\n\n\t\t\t\t\t\t\t\t\t\t\t\t\t\t<a class=\"fusion-rollover-link\" href=\"https:\/\/wbs-luebeck.de\/wbs\/unsere-hope-war-im-bundestag\/\">Unsere HOPE war im Bundestag<\/a>\n\t\t\t\n\t\t\t\t\t\t\t\t\n\t\t\n\t\t\t\t\t\t\t\t\t\t\t\t<h4 class=\"fusion-rollover-title\">\n\t\t\t\t\t<a class=\"fusion-rollover-title-link\" href=\"https:\/\/wbs-luebeck.de\/wbs\/unsere-hope-war-im-bundestag\/\">\n\t\t\t\t\t\tUnsere HOPE war im Bundestag\t\t\t\t\t<\/a>\n\t\t\t\t<\/h4>\n\t\t\t\n\t\t\t\t\t\t\t\t\n\t\t\n\t\t\t\t\t\t<a class=\"fusion-link-wrapper\" href=\"https:\/\/wbs-luebeck.de\/wbs\/unsere-hope-war-im-bundestag\/\" aria-label=\"Unsere HOPE war im Bundestag\"><\/a>\n\t<\/div>\n<\/div>\n<\/div>\n<\/li>\n\t\t\t\n\t\t\t\n\t\t\t\t\t\t\t\t\t\t\t\t\t\t\t\t\t\t\t\t\t\t\t\t\t\t\t\t\t\t\t\t\t\t\t\t\t\t\t\t\t\t\t\t\t\t\t\t\t\t\t\t\t\t\t\t\t\t\t\t\t\t\t\t\t\t\t\t<\/ul>\n\t<\/div>\n\t<div class=\"fusion-post-content post-content\"><h2 class=\"blog-shortcode-post-title entry-title\"><a href=\"https:\/\/wbs-luebeck.de\/wbs\/unsere-hope-war-im-bundestag\/\">Unsere HOPE war im Bundestag<\/a><\/h2><div class=\"fusion-post-content-container\"><p> Es ist uns ein Anliegen: Unsere HOPE unterst\u00fctzt Jugendliche dabei, Fu\u00df in Schule zu fassen. Auch wenn es mal nicht so glatt l\u00e4uft. Gemeinsam mit der Schulsozialarbeit und unserem Wasserp\u00e4dagogen schauen<\/p><\/div><\/div><div class=\"fusion-clearfix\"><\/div><\/article>\n<article id=\"blog-1-post-8325\" class=\"fusion-post-medium-alternate post-8325 post type-post status-publish format-gallery has-post-thumbnail hentry category-hope post_format-post-format-gallery\">\n<div class=\"fusion-date-and-formats\"><div class=\"fusion-date-box updated\"><span class=\"fusion-date\">29<\/span><span class=\"fusion-month-year\">04, 2024<\/span><\/div><div class=\"fusion-format-box\"><i class=\"awb-icon-images\" aria-hidden=\"true\"><\/i><\/div><\/div>\t<style type=\"text\/css\">\n\t\t\n\t\t\n\t\t\n\t\t\n\t\t\t<\/style>\n\n\n\t\t\t<div class=\"fusion-flexslider flexslider fusion-flexslider-loading fusion-post-slideshow\" style=\"\">\n\t\t<ul class=\"slides\">\n\t\t\t\n\t\t\t\t\t\t\t\t\t\t\t\t\t\t<li><div  class=\"fusion-image-wrapper fusion-image-size-fixed\" aria-haspopup=\"true\">\n\t\t\t\t<img decoding=\"async\" width=\"320\" height=\"202\" src=\"https:\/\/wbs-luebeck.de\/wbs\/wp-content\/uploads\/2024\/04\/Knoten-320x202.jpg\" class=\"attachment-blog-medium size-blog-medium wp-post-image\" alt=\"\" srcset=\"https:\/\/wbs-luebeck.de\/wbs\/wp-content\/uploads\/2024\/04\/Knoten-320x202.jpg 320w, https:\/\/wbs-luebeck.de\/wbs\/wp-content\/uploads\/2024\/04\/Knoten-700x441.jpg 700w\" sizes=\"(max-width: 320px) 100vw, 320px\" \/><div class=\"fusion-rollover\">\n\t<div class=\"fusion-rollover-content\">\n\n\t\t\t\t\t\t\t\t\t\t\t\t\t\t<a class=\"fusion-rollover-link\" href=\"https:\/\/wbs-luebeck.de\/wbs\/ansegeln\/\">Ansegeln&#8230;<\/a>\n\t\t\t\n\t\t\t\t\t\t\t\t\n\t\t\n\t\t\t\t\t\t\t\t\t\t\t\t<h4 class=\"fusion-rollover-title\">\n\t\t\t\t\t<a class=\"fusion-rollover-title-link\" href=\"https:\/\/wbs-luebeck.de\/wbs\/ansegeln\/\">\n\t\t\t\t\t\tAnsegeln&#8230;\t\t\t\t\t<\/a>\n\t\t\t\t<\/h4>\n\t\t\t\n\t\t\t\t\t\t\t\t\n\t\t\n\t\t\t\t\t\t<a class=\"fusion-link-wrapper\" href=\"https:\/\/wbs-luebeck.de\/wbs\/ansegeln\/\" aria-label=\"Ansegeln&#8230;\"><\/a>\n\t<\/div>\n<\/div>\n<\/div>\n<\/li>\n\t\t\t\n\t\t\t\n\t\t\t\t\t\t\t\t\t\t\t\t\t\t\t\t\t\t\t\t\t\t\t\t\t\t\t\t\t\t\t\t\t\t\t\t\t\t\t\t\t\t\t\t\t\t\t\t\t\t\t\t\t\t\t\t\t\t\t\t\t\t\t\t\t\t\t\t<\/ul>\n\t<\/div>\n\t<div class=\"fusion-post-content post-content\"><h2 class=\"blog-shortcode-post-title entry-title\"><a href=\"https:\/\/wbs-luebeck.de\/wbs\/ansegeln\/\">Ansegeln&#8230;<\/a><\/h2><div class=\"fusion-post-content-container\"><p> Unsere J\u00fcngsten haben nun gestartet.. Es geht wieder aufs Wasser. Und die Gro\u00dfen haben den Schwimmsteg geholt. Nun fehlt nur noch unsere HOPE. Die Segelsaison kann kommen!    <\/p><\/div><\/div><div class=\"fusion-clearfix\"><\/div><\/article>\n<article id=\"blog-1-post-8302\" class=\"fusion-post-medium-alternate post-8302 post type-post status-publish format-gallery has-post-thumbnail hentry category-hope post_format-post-format-gallery\">\n<div class=\"fusion-date-and-formats\"><div class=\"fusion-date-box updated\"><span class=\"fusion-date\">31<\/span><span class=\"fusion-month-year\">03, 2024<\/span><\/div><div class=\"fusion-format-box\"><i class=\"awb-icon-images\" aria-hidden=\"true\"><\/i><\/div><\/div>\t<style type=\"text\/css\">\n\t\t\n\t\t\n\t\t\n\t\t\n\t\t\t<\/style>\n\n\n\t\t\t<div class=\"fusion-flexslider flexslider fusion-flexslider-loading fusion-post-slideshow\" style=\"\">\n\t\t<ul class=\"slides\">\n\t\t\t\n\t\t\t\t\t\t\t\t\t\t\t\t\t\t<li><div  class=\"fusion-image-wrapper fusion-image-size-fixed\" aria-haspopup=\"true\">\n\t\t\t\t<img decoding=\"async\" width=\"320\" height=\"202\" src=\"https:\/\/wbs-luebeck.de\/wbs\/wp-content\/uploads\/2024\/03\/IMG_1992-320x202.jpeg\" class=\"attachment-blog-medium size-blog-medium wp-post-image\" alt=\"\" srcset=\"https:\/\/wbs-luebeck.de\/wbs\/wp-content\/uploads\/2024\/03\/IMG_1992-320x202.jpeg 320w, https:\/\/wbs-luebeck.de\/wbs\/wp-content\/uploads\/2024\/03\/IMG_1992-700x441.jpeg 700w\" sizes=\"(max-width: 320px) 100vw, 320px\" \/><div class=\"fusion-rollover\">\n\t<div class=\"fusion-rollover-content\">\n\n\t\t\t\t\t\t\t\t\t\t\t\t\t\t<a class=\"fusion-rollover-link\" href=\"https:\/\/wbs-luebeck.de\/wbs\/der-countdown-laeuft\/\">Der Countdown l\u00e4uft&#8230;<\/a>\n\t\t\t\n\t\t\t\t\t\t\t\t\n\t\t\n\t\t\t\t\t\t\t\t\t\t\t\t<h4 class=\"fusion-rollover-title\">\n\t\t\t\t\t<a class=\"fusion-rollover-title-link\" href=\"https:\/\/wbs-luebeck.de\/wbs\/der-countdown-laeuft\/\">\n\t\t\t\t\t\tDer Countdown l\u00e4uft&#8230;\t\t\t\t\t<\/a>\n\t\t\t\t<\/h4>\n\t\t\t\n\t\t\t\t\t\t\t\t\n\t\t\n\t\t\t\t\t\t<a class=\"fusion-link-wrapper\" href=\"https:\/\/wbs-luebeck.de\/wbs\/der-countdown-laeuft\/\" aria-label=\"Der Countdown l\u00e4uft&#8230;\"><\/a>\n\t<\/div>\n<\/div>\n<\/div>\n<\/li>\n\t\t\t\n\t\t\t\n\t\t\t\t\t\t\t\t\t\t\t\t\t\t\t\t\t\t\t\t\t\t\t\t\t\t\t\t\t\t\t\t\t\t\t\t\t\t\t\t\t\t\t\t\t\t\t\t\t\t\t\t\t\t\t\t\t\t\t\t\t\t\t\t\t\t\t\t<\/ul>\n\t<\/div>\n\t<div class=\"fusion-post-content post-content\"><h2 class=\"blog-shortcode-post-title entry-title\"><a href=\"https:\/\/wbs-luebeck.de\/wbs\/der-countdown-laeuft\/\">Der Countdown l\u00e4uft&#8230;<\/a><\/h2><div class=\"fusion-post-content-container\"><p> Mit vielen helfenden H\u00e4nden holen wir alles nun aus dem Winterschlaf und schrubben und sortieren! Mit Vorfreude auf die neue Segel-Saison.          <\/p><\/div><\/div><div class=\"fusion-clearfix\"><\/div><\/article>\n<article id=\"blog-1-post-8110\" class=\"fusion-post-medium-alternate post-8110 post type-post status-publish format-gallery has-post-thumbnail hentry category-hope post_format-post-format-gallery\">\n<div class=\"fusion-date-and-formats\"><div class=\"fusion-date-box updated\"><span class=\"fusion-date\">10<\/span><span class=\"fusion-month-year\">03, 2024<\/span><\/div><div class=\"fusion-format-box\"><i class=\"awb-icon-images\" aria-hidden=\"true\"><\/i><\/div><\/div>\t<style type=\"text\/css\">\n\t\t\n\t\t\n\t\t\n\t\t\n\t\t\t<\/style>\n\n\n\t\t\t<div class=\"fusion-flexslider flexslider fusion-flexslider-loading fusion-post-slideshow\" style=\"\">\n\t\t<ul class=\"slides\">\n\t\t\t\n\t\t\t\t\t\t\t\t\t\t\t\t\t\t<li><div  class=\"fusion-image-wrapper fusion-image-size-fixed\" aria-haspopup=\"true\">\n\t\t\t\t<img decoding=\"async\" width=\"320\" height=\"202\" src=\"https:\/\/wbs-luebeck.de\/wbs\/wp-content\/uploads\/2024\/03\/IMG_1618-320x202.jpg\" class=\"attachment-blog-medium size-blog-medium wp-post-image\" alt=\"\" srcset=\"https:\/\/wbs-luebeck.de\/wbs\/wp-content\/uploads\/2024\/03\/IMG_1618-320x202.jpg 320w, https:\/\/wbs-luebeck.de\/wbs\/wp-content\/uploads\/2024\/03\/IMG_1618-700x441.jpg 700w\" sizes=\"(max-width: 320px) 100vw, 320px\" \/><div class=\"fusion-rollover\">\n\t<div class=\"fusion-rollover-content\">\n\n\t\t\t\t\t\t\t\t\t\t\t\t\t\t<a class=\"fusion-rollover-link\" href=\"https:\/\/wbs-luebeck.de\/wbs\/die-hope-unser-boot-inspiriert-uns-2\/\">Aus dem Winterschlaf&#8230;<\/a>\n\t\t\t\n\t\t\t\t\t\t\t\t\n\t\t\n\t\t\t\t\t\t\t\t\t\t\t\t<h4 class=\"fusion-rollover-title\">\n\t\t\t\t\t<a class=\"fusion-rollover-title-link\" href=\"https:\/\/wbs-luebeck.de\/wbs\/die-hope-unser-boot-inspiriert-uns-2\/\">\n\t\t\t\t\t\tAus dem Winterschlaf&#8230;\t\t\t\t\t<\/a>\n\t\t\t\t<\/h4>\n\t\t\t\n\t\t\t\t\t\t\t\t\n\t\t\n\t\t\t\t\t\t<a class=\"fusion-link-wrapper\" href=\"https:\/\/wbs-luebeck.de\/wbs\/die-hope-unser-boot-inspiriert-uns-2\/\" aria-label=\"Aus dem Winterschlaf&#8230;\"><\/a>\n\t<\/div>\n<\/div>\n<\/div>\n<\/li>\n\t\t\t\n\t\t\t\n\t\t\t\t\t\t\t\t\t\t\t\t\t\t\t\t\t\t\t\t\t\t\t\t\t\t\t\t\t\t\t\t\t\t\t\t\t\t\t\t\t\t\t\t\t\t\t\t\t\t\t\t\t\t\t\t\t\t\t\t\t\t\t\t\t\t\t\t<\/ul>\n\t<\/div>\n\t<div class=\"fusion-post-content post-content\"><h2 class=\"blog-shortcode-post-title entry-title\"><a href=\"https:\/\/wbs-luebeck.de\/wbs\/die-hope-unser-boot-inspiriert-uns-2\/\">Aus dem Winterschlaf&#8230;<\/a><\/h2><div class=\"fusion-post-content-container\"><p> So langsam erwacht Schlutup aus dem Winterschlaf. Und wir sind mitten dabei, die uralten Fischerh\u00fctten weiter abrei\u00dfen zu d\u00fcrfen, um sie dann neu aufzubauen. Was man da so alles findet?? <\/p><\/div><\/div><div class=\"fusion-clearfix\"><\/div><\/article>\n<article id=\"blog-1-post-7899\" class=\"fusion-post-medium-alternate post-7899 post type-post status-publish format-standard has-post-thumbnail hentry category-aktuelles category-hope tag-hope tag-luebeck tag-musikalische-grundschule tag-schule tag-wbs tag-willy-brandt-schule\">\n<div class=\"fusion-date-and-formats\"><div class=\"fusion-date-box updated\"><span class=\"fusion-date\">23<\/span><span class=\"fusion-month-year\">11, 2023<\/span><\/div><div class=\"fusion-format-box\"><i class=\"awb-icon-pen\" aria-hidden=\"true\"><\/i><\/div><\/div>\t<style type=\"text\/css\">\n\t\t\n\t\t\n\t\t\n\t\t\n\t\t\t<\/style>\n\n\n\t\t\t<div class=\"fusion-flexslider flexslider fusion-flexslider-loading fusion-post-slideshow\" style=\"\">\n\t\t<ul class=\"slides\">\n\t\t\t\n\t\t\t\t\t\t\t\t\t\t\t\t\t\t<li><div  class=\"fusion-image-wrapper fusion-image-size-fixed\" aria-haspopup=\"true\">\n\t\t\t\t<img decoding=\"async\" width=\"320\" height=\"202\" src=\"https:\/\/wbs-luebeck.de\/wbs\/wp-content\/uploads\/2023\/11\/typorama-Kopie-3-320x202.jpg\" class=\"attachment-blog-medium size-blog-medium wp-post-image\" alt=\"\" srcset=\"https:\/\/wbs-luebeck.de\/wbs\/wp-content\/uploads\/2023\/11\/typorama-Kopie-3-320x202.jpg 320w, https:\/\/wbs-luebeck.de\/wbs\/wp-content\/uploads\/2023\/11\/typorama-Kopie-3-700x441.jpg 700w\" sizes=\"(max-width: 320px) 100vw, 320px\" \/><div class=\"fusion-rollover\">\n\t<div class=\"fusion-rollover-content\">\n\n\t\t\t\t\t\t\t\t\t\t\t\t\t\t<a class=\"fusion-rollover-link\" href=\"https:\/\/wbs-luebeck.de\/wbs\/die-hope-wird-aus-dem-wasser-gekrant-2\/\">Wo ist denn das Wasser geblieben?<\/a>\n\t\t\t\n\t\t\t\t\t\t\t\t\n\t\t\n\t\t\t\t\t\t\t\t\t\t\t\t<h4 class=\"fusion-rollover-title\">\n\t\t\t\t\t<a class=\"fusion-rollover-title-link\" href=\"https:\/\/wbs-luebeck.de\/wbs\/die-hope-wird-aus-dem-wasser-gekrant-2\/\">\n\t\t\t\t\t\tWo ist denn das Wasser geblieben?\t\t\t\t\t<\/a>\n\t\t\t\t<\/h4>\n\t\t\t\n\t\t\t\t\t\t\t\t\n\t\t\n\t\t\t\t\t\t<a class=\"fusion-link-wrapper\" href=\"https:\/\/wbs-luebeck.de\/wbs\/die-hope-wird-aus-dem-wasser-gekrant-2\/\" aria-label=\"Wo ist denn das Wasser geblieben?\"><\/a>\n\t<\/div>\n<\/div>\n<\/div>\n<\/li>\n\t\t\t\n\t\t\t\n\t\t\t\t\t\t\t\t\t\t\t\t\t\t\t\t\t\t\t\t\t\t\t\t\t\t\t\t\t\t\t\t\t\t\t\t\t\t\t\t\t\t\t\t\t\t\t\t\t\t\t\t\t\t\t\t\t\t\t\t\t\t\t\t\t\t\t\t<\/ul>\n\t<\/div>\n\t<div class=\"fusion-post-content post-content\"><h2 class=\"blog-shortcode-post-title entry-title\"><a href=\"https:\/\/wbs-luebeck.de\/wbs\/die-hope-wird-aus-dem-wasser-gekrant-2\/\">Wo ist denn das Wasser geblieben?<\/a><\/h2><div class=\"fusion-post-content-container\"><p> Ups? Im Oktober zu viel Wasser und nun zu wenig! Gut, dass unsere HOPE schon im Winterlager ist.           <\/p><\/div><\/div><div class=\"fusion-clearfix\"><\/div><\/article>\n<article id=\"blog-1-post-7788\" class=\"fusion-post-medium-alternate post-7788 post type-post status-publish format-standard has-post-thumbnail hentry category-aktuelles category-hope tag-hope tag-luebeck tag-musikalische-grundschule tag-schule tag-wbs tag-willy-brandt-schule\">\n<div class=\"fusion-date-and-formats\"><div class=\"fusion-date-box updated\"><span class=\"fusion-date\">22<\/span><span class=\"fusion-month-year\">11, 2023<\/span><\/div><div class=\"fusion-format-box\"><i class=\"awb-icon-pen\" aria-hidden=\"true\"><\/i><\/div><\/div>\t<style type=\"text\/css\">\n\t\t\n\t\t\n\t\t\n\t\t\n\t\t\t<\/style>\n\n\n\t\t\t<div class=\"fusion-flexslider flexslider fusion-flexslider-loading fusion-post-slideshow\" style=\"\">\n\t\t<ul class=\"slides\">\n\t\t\t\n\t\t\t\t\t\t\t\t\t\t\t\t\t\t<li><div  class=\"fusion-image-wrapper fusion-image-size-fixed\" aria-haspopup=\"true\">\n\t\t\t\t<img decoding=\"async\" width=\"320\" height=\"202\" src=\"https:\/\/wbs-luebeck.de\/wbs\/wp-content\/uploads\/2023\/11\/Ausblick-320x202.jpg\" class=\"attachment-blog-medium size-blog-medium wp-post-image\" alt=\"\" srcset=\"https:\/\/wbs-luebeck.de\/wbs\/wp-content\/uploads\/2023\/11\/Ausblick-320x202.jpg 320w, https:\/\/wbs-luebeck.de\/wbs\/wp-content\/uploads\/2023\/11\/Ausblick-700x441.jpg 700w\" sizes=\"(max-width: 320px) 100vw, 320px\" \/><div class=\"fusion-rollover\">\n\t<div class=\"fusion-rollover-content\">\n\n\t\t\t\t\t\t\t\t\t\t\t\t\t\t<a class=\"fusion-rollover-link\" href=\"https:\/\/wbs-luebeck.de\/wbs\/so-viel-vor-schule-am-wasser-schule-in-schlutup\/\">So viel vor &#8211; Schule am Wasser- Schule in Schlutup<\/a>\n\t\t\t\n\t\t\t\t\t\t\t\t\n\t\t\n\t\t\t\t\t\t\t\t\t\t\t\t<h4 class=\"fusion-rollover-title\">\n\t\t\t\t\t<a class=\"fusion-rollover-title-link\" href=\"https:\/\/wbs-luebeck.de\/wbs\/so-viel-vor-schule-am-wasser-schule-in-schlutup\/\">\n\t\t\t\t\t\tSo viel vor &#8211; Schule am Wasser- Schule in Schlutup\t\t\t\t\t<\/a>\n\t\t\t\t<\/h4>\n\t\t\t\n\t\t\t\t\t\t\t\t\n\t\t\n\t\t\t\t\t\t<a class=\"fusion-link-wrapper\" href=\"https:\/\/wbs-luebeck.de\/wbs\/so-viel-vor-schule-am-wasser-schule-in-schlutup\/\" aria-label=\"So viel vor &#8211; Schule am Wasser- Schule in Schlutup\"><\/a>\n\t<\/div>\n<\/div>\n<\/div>\n<\/li>\n\t\t\t\n\t\t\t\n\t\t\t\t\t\t\t\t\t\t\t\t\t\t\t\t\t\t\t\t\t\t\t\t\t\t\t\t\t\t\t\t\t\t\t\t\t\t\t\t\t\t\t\t\t\t\t\t\t\t\t\t\t\t\t\t\t\t\t\t\t\t\t\t\t\t\t\t<\/ul>\n\t<\/div>\n\t<div class=\"fusion-post-content post-content\"><h2 class=\"blog-shortcode-post-title entry-title\"><a href=\"https:\/\/wbs-luebeck.de\/wbs\/so-viel-vor-schule-am-wasser-schule-in-schlutup\/\">So viel vor &#8211; Schule am Wasser- Schule in Schlutup<\/a><\/h2><div class=\"fusion-post-content-container\"><p> F\u00fcr viele L\u00fcbeckerinnen und L\u00fcbecker ist Schlutup ganz sch\u00f6n weit drau\u00dfen. Verstehen wir gar nicht... Man kommt schnell und staufrei zu uns hin und wenn man dann am Wasser steht -<\/p><\/div><\/div><div class=\"fusion-clearfix\"><\/div><\/article>\n<article id=\"blog-1-post-7772\" class=\"fusion-post-medium-alternate post-7772 post type-post status-publish format-standard has-post-thumbnail hentry category-aktuelles category-hope tag-hope tag-luebeck tag-musikalische-grundschule tag-schule tag-wbs tag-willy-brandt-schule\">\n<div class=\"fusion-date-and-formats\"><div class=\"fusion-date-box updated\"><span class=\"fusion-date\">15<\/span><span class=\"fusion-month-year\">11, 2023<\/span><\/div><div class=\"fusion-format-box\"><i class=\"awb-icon-pen\" aria-hidden=\"true\"><\/i><\/div><\/div>\t<style type=\"text\/css\">\n\t\t\n\t\t\n\t\t\n\t\t\n\t\t\t<\/style>\n\n\n\t\t\t<div class=\"fusion-flexslider flexslider fusion-flexslider-loading fusion-post-slideshow\" style=\"\">\n\t\t<ul class=\"slides\">\n\t\t\t\n\t\t\t\t\t\t\t\t\t\t\t\t\t\t<li><div  class=\"fusion-image-wrapper fusion-image-size-fixed\" aria-haspopup=\"true\">\n\t\t\t\t<img decoding=\"async\" width=\"320\" height=\"202\" src=\"https:\/\/wbs-luebeck.de\/wbs\/wp-content\/uploads\/2023\/11\/Kranen-320x202.jpg\" class=\"attachment-blog-medium size-blog-medium wp-post-image\" alt=\"\" srcset=\"https:\/\/wbs-luebeck.de\/wbs\/wp-content\/uploads\/2023\/11\/Kranen-320x202.jpg 320w, https:\/\/wbs-luebeck.de\/wbs\/wp-content\/uploads\/2023\/11\/Kranen-700x441.jpg 700w\" sizes=\"(max-width: 320px) 100vw, 320px\" \/><div class=\"fusion-rollover\">\n\t<div class=\"fusion-rollover-content\">\n\n\t\t\t\t\t\t\t\t\t\t\t\t\t\t<a class=\"fusion-rollover-link\" href=\"https:\/\/wbs-luebeck.de\/wbs\/die-hope-wird-aus-dem-wasser-gekrant\/\">Die HOPE wird aus dem Wasser gekrant<\/a>\n\t\t\t\n\t\t\t\t\t\t\t\t\n\t\t\n\t\t\t\t\t\t\t\t\t\t\t\t<h4 class=\"fusion-rollover-title\">\n\t\t\t\t\t<a class=\"fusion-rollover-title-link\" href=\"https:\/\/wbs-luebeck.de\/wbs\/die-hope-wird-aus-dem-wasser-gekrant\/\">\n\t\t\t\t\t\tDie HOPE wird aus dem Wasser gekrant\t\t\t\t\t<\/a>\n\t\t\t\t<\/h4>\n\t\t\t\n\t\t\t\t\t\t\t\t\n\t\t\n\t\t\t\t\t\t<a class=\"fusion-link-wrapper\" href=\"https:\/\/wbs-luebeck.de\/wbs\/die-hope-wird-aus-dem-wasser-gekrant\/\" aria-label=\"Die HOPE wird aus dem Wasser gekrant\"><\/a>\n\t<\/div>\n<\/div>\n<\/div>\n<\/li>\n\t\t\t\n\t\t\t\n\t\t\t\t\t\t\t\t\t\t\t\t\t\t\t\t\t\t\t\t\t\t\t\t\t\t\t\t\t\t\t\t\t\t\t\t\t\t\t\t\t\t\t\t\t\t\t\t\t\t\t\t\t\t\t\t\t\t\t\t\t\t\t\t\t\t\t\t<\/ul>\n\t<\/div>\n\t<div class=\"fusion-post-content post-content\"><h2 class=\"blog-shortcode-post-title entry-title\"><a href=\"https:\/\/wbs-luebeck.de\/wbs\/die-hope-wird-aus-dem-wasser-gekrant\/\">Die HOPE wird aus dem Wasser gekrant<\/a><\/h2><div class=\"fusion-post-content-container\"><p> Wasser-Saison-Ende, liebe HOPE. Deine zweite Saison liegt nun hinter Dir. Ganz sch\u00f6n viel unterwegs warst Du. Mit unseren Boot-Jungs, deinen neuen Segel-Junioren, unterwegs mit den Seepfadfindern der St. Andreas Gemeinde, bei<\/p><\/div><\/div><div class=\"fusion-clearfix\"><\/div><\/article>\n<article id=\"blog-1-post-7807\" class=\"fusion-post-medium-alternate post-7807 post type-post status-publish format-standard has-post-thumbnail hentry category-hope tag-hope tag-luebeck tag-musikalische-grundschule tag-schule tag-wbs tag-willy-brandt-schule\">\n<div class=\"fusion-date-and-formats\"><div class=\"fusion-date-box updated\"><span class=\"fusion-date\">22<\/span><span class=\"fusion-month-year\">10, 2023<\/span><\/div><div class=\"fusion-format-box\"><i class=\"awb-icon-pen\" aria-hidden=\"true\"><\/i><\/div><\/div>\t<style type=\"text\/css\">\n\t\t\n\t\t\n\t\t\n\t\t\n\t\t\t<\/style>\n\n\n\t\t\t<div class=\"fusion-flexslider flexslider fusion-flexslider-loading fusion-post-slideshow\" style=\"\">\n\t\t<ul class=\"slides\">\n\t\t\t\n\t\t\t\t\t\t\t\t\t\t\t\t\t\t<li><div  class=\"fusion-image-wrapper fusion-image-size-fixed\" aria-haspopup=\"true\">\n\t\t\t\t<img decoding=\"async\" width=\"320\" height=\"202\" src=\"https:\/\/wbs-luebeck.de\/wbs\/wp-content\/uploads\/2023\/11\/Hochwasser-320x202.jpg\" class=\"attachment-blog-medium size-blog-medium wp-post-image\" alt=\"\" srcset=\"https:\/\/wbs-luebeck.de\/wbs\/wp-content\/uploads\/2023\/11\/Hochwasser-320x202.jpg 320w, https:\/\/wbs-luebeck.de\/wbs\/wp-content\/uploads\/2023\/11\/Hochwasser-700x441.jpg 700w\" sizes=\"(max-width: 320px) 100vw, 320px\" \/><div class=\"fusion-rollover\">\n\t<div class=\"fusion-rollover-content\">\n\n\t\t\t\t\t\t\t\t\t\t\t\t\t\t<a class=\"fusion-rollover-link\" href=\"https:\/\/wbs-luebeck.de\/wbs\/soviel-wasser-soviel-sturm\/\">So viel Wasser-so viel Sturm \ud83d\ude41<\/a>\n\t\t\t\n\t\t\t\t\t\t\t\t\n\t\t\n\t\t\t\t\t\t\t\t\t\t\t\t<h4 class=\"fusion-rollover-title\">\n\t\t\t\t\t<a class=\"fusion-rollover-title-link\" href=\"https:\/\/wbs-luebeck.de\/wbs\/soviel-wasser-soviel-sturm\/\">\n\t\t\t\t\t\tSo viel Wasser-so viel Sturm \ud83d\ude41\t\t\t\t\t<\/a>\n\t\t\t\t<\/h4>\n\t\t\t\n\t\t\t\t\t\t\t\t\n\t\t\n\t\t\t\t\t\t<a class=\"fusion-link-wrapper\" href=\"https:\/\/wbs-luebeck.de\/wbs\/soviel-wasser-soviel-sturm\/\" aria-label=\"So viel Wasser-so viel Sturm :-(\"><\/a>\n\t<\/div>\n<\/div>\n<\/div>\n<\/li>\n\t\t\t\n\t\t\t\n\t\t\t\t\t\t\t\t\t\t\t\t\t\t\t\t\t\t\t\t\t\t\t\t\t\t\t\t\t\t\t\t\t\t\t\t\t\t\t\t\t\t\t\t\t\t\t\t\t\t\t\t\t\t\t\t\t\t\t\t\t\t\t\t\t\t\t\t<\/ul>\n\t<\/div>\n\t<div class=\"fusion-post-content post-content\"><h2 class=\"blog-shortcode-post-title entry-title\"><a href=\"https:\/\/wbs-luebeck.de\/wbs\/soviel-wasser-soviel-sturm\/\">So viel Wasser-so viel Sturm \ud83d\ude41<\/a><\/h2><div class=\"fusion-post-content-container\"><p> Das \"Jahrhundert-Hochwasser\" hat in Schleswig-Holstein viel Schaden angerichtet. Unsere HOPE hat es gut \u00fcberstanden. Gut, dass Schlutup und Skipper Bastian auch in den Ferien aufpassen!      <\/p><\/div><\/div><div class=\"fusion-clearfix\"><\/div><\/article>\n<article id=\"blog-1-post-7765\" class=\"fusion-post-medium-alternate post-7765 post type-post status-publish format-standard has-post-thumbnail hentry category-aktuelles category-hope tag-hope tag-luebeck tag-musikalische-grundschule tag-schule tag-wbs tag-willy-brandt-schule\">\n<div class=\"fusion-date-and-formats\"><div class=\"fusion-date-box updated\"><span class=\"fusion-date\">12<\/span><span class=\"fusion-month-year\">10, 2023<\/span><\/div><div class=\"fusion-format-box\"><i class=\"awb-icon-pen\" aria-hidden=\"true\"><\/i><\/div><\/div>\t<style type=\"text\/css\">\n\t\t\n\t\t\n\t\t\n\t\t\n\t\t\t<\/style>\n\n\n\t\t\t<div class=\"fusion-flexslider flexslider fusion-flexslider-loading fusion-post-slideshow\" style=\"\">\n\t\t<ul class=\"slides\">\n\t\t\t\n\t\t\t\t\t\t\t\t\t\t\t\t\t\t<li><div  class=\"fusion-image-wrapper fusion-image-size-fixed\" aria-haspopup=\"true\">\n\t\t\t\t<img decoding=\"async\" width=\"320\" height=\"202\" src=\"https:\/\/wbs-luebeck.de\/wbs\/wp-content\/uploads\/2023\/11\/Segel-Kinder-320x202.jpg\" class=\"attachment-blog-medium size-blog-medium wp-post-image\" alt=\"\" srcset=\"https:\/\/wbs-luebeck.de\/wbs\/wp-content\/uploads\/2023\/11\/Segel-Kinder-320x202.jpg 320w, https:\/\/wbs-luebeck.de\/wbs\/wp-content\/uploads\/2023\/11\/Segel-Kinder-700x441.jpg 700w\" sizes=\"(max-width: 320px) 100vw, 320px\" \/><div class=\"fusion-rollover\">\n\t<div class=\"fusion-rollover-content\">\n\n\t\t\t\t\t\t\t\t\t\t\t\t\t\t<a class=\"fusion-rollover-link\" href=\"https:\/\/wbs-luebeck.de\/wbs\/saisonabschluss-unserer-segel-kinder\/\">Saisonabschluss unserer Segel-Kinder<\/a>\n\t\t\t\n\t\t\t\t\t\t\t\t\n\t\t\n\t\t\t\t\t\t\t\t\t\t\t\t<h4 class=\"fusion-rollover-title\">\n\t\t\t\t\t<a class=\"fusion-rollover-title-link\" href=\"https:\/\/wbs-luebeck.de\/wbs\/saisonabschluss-unserer-segel-kinder\/\">\n\t\t\t\t\t\tSaisonabschluss unserer Segel-Kinder\t\t\t\t\t<\/a>\n\t\t\t\t<\/h4>\n\t\t\t\n\t\t\t\t\t\t\t\t\n\t\t\n\t\t\t\t\t\t<a class=\"fusion-link-wrapper\" href=\"https:\/\/wbs-luebeck.de\/wbs\/saisonabschluss-unserer-segel-kinder\/\" aria-label=\"Saisonabschluss unserer Segel-Kinder\"><\/a>\n\t<\/div>\n<\/div>\n<\/div>\n<\/li>\n\t\t\t\n\t\t\t\n\t\t\t\t\t\t\t\t\t\t\t\t\t\t\t\t\t\t\t\t\t\t\t\t\t\t\t\t\t\t\t\t\t\t\t\t\t\t\t\t\t\t\t\t\t\t\t\t\t\t\t\t\t\t\t\t\t\t\t\t\t\t\t\t\t\t\t\t<\/ul>\n\t<\/div>\n\t<div class=\"fusion-post-content post-content\"><h2 class=\"blog-shortcode-post-title entry-title\"><a href=\"https:\/\/wbs-luebeck.de\/wbs\/saisonabschluss-unserer-segel-kinder\/\">Saisonabschluss unserer Segel-Kinder<\/a><\/h2><div class=\"fusion-post-content-container\"><p> Bei sch\u00f6nstem Wetter ging es f\u00fcr unsere j\u00fcngsten Segler gemeinsam mit Skipper Bastian und Frau Krull direkt in den Sonnenuntergang hinein. Ihre erste Saison als Schlutuper-Segel-Kinder liegt nun hinter ihnen. Welch<\/p><\/div><\/div><div class=\"fusion-clearfix\"><\/div><\/article>\n<article id=\"blog-1-post-7753\" class=\"fusion-post-medium-alternate post-7753 post type-post status-publish format-standard has-post-thumbnail hentry category-aktuelles category-hope tag-hope tag-luebeck tag-musikalische-grundschule tag-schule tag-wbs tag-willy-brandt-schule\">\n<div class=\"fusion-date-and-formats\"><div class=\"fusion-date-box updated\"><span class=\"fusion-date\">22<\/span><span class=\"fusion-month-year\">09, 2023<\/span><\/div><div class=\"fusion-format-box\"><i class=\"awb-icon-pen\" aria-hidden=\"true\"><\/i><\/div><\/div>\t<style type=\"text\/css\">\n\t\t\n\t\t\n\t\t\n\t\t\n\t\t\t<\/style>\n\n\n\t\t\t<div class=\"fusion-flexslider flexslider fusion-flexslider-loading fusion-post-slideshow\" style=\"\">\n\t\t<ul class=\"slides\">\n\t\t\t\n\t\t\t\t\t\t\t\t\t\t\t\t\t\t<li><div  class=\"fusion-image-wrapper fusion-image-size-fixed\" aria-haspopup=\"true\">\n\t\t\t\t<img decoding=\"async\" width=\"320\" height=\"202\" src=\"https:\/\/wbs-luebeck.de\/wbs\/wp-content\/uploads\/2023\/11\/Delle-320x202.jpg\" class=\"attachment-blog-medium size-blog-medium wp-post-image\" alt=\"\" srcset=\"https:\/\/wbs-luebeck.de\/wbs\/wp-content\/uploads\/2023\/11\/Delle-320x202.jpg 320w, https:\/\/wbs-luebeck.de\/wbs\/wp-content\/uploads\/2023\/11\/Delle-700x441.jpg 700w\" sizes=\"(max-width: 320px) 100vw, 320px\" \/><div class=\"fusion-rollover\">\n\t<div class=\"fusion-rollover-content\">\n\n\t\t\t\t\t\t\t\t\t\t\t\t\t\t<a class=\"fusion-rollover-link\" href=\"https:\/\/wbs-luebeck.de\/wbs\/delphin-delle-begruesst-unsere-hope\/\">Delphin &#8222;Delle&#8220; begr\u00fc\u00dft unsere HOPE<\/a>\n\t\t\t\n\t\t\t\t\t\t\t\t\n\t\t\n\t\t\t\t\t\t\t\t\t\t\t\t<h4 class=\"fusion-rollover-title\">\n\t\t\t\t\t<a class=\"fusion-rollover-title-link\" href=\"https:\/\/wbs-luebeck.de\/wbs\/delphin-delle-begruesst-unsere-hope\/\">\n\t\t\t\t\t\tDelphin &#8222;Delle&#8220; begr\u00fc\u00dft unsere HOPE\t\t\t\t\t<\/a>\n\t\t\t\t<\/h4>\n\t\t\t\n\t\t\t\t\t\t\t\t\n\t\t\n\t\t\t\t\t\t<a class=\"fusion-link-wrapper\" href=\"https:\/\/wbs-luebeck.de\/wbs\/delphin-delle-begruesst-unsere-hope\/\" aria-label=\"Delphin &#8222;Delle&#8220; begr\u00fc\u00dft unsere HOPE\"><\/a>\n\t<\/div>\n<\/div>\n<\/div>\n<\/li>\n\t\t\t\n\t\t\t\n\t\t\t\t\t\t\t\t\t\t\t\t\t\t\t\t\t\t\t\t\t\t\t\t\t\t\t\t\t\t\t\t\t\t\t\t\t\t\t\t\t\t\t\t\t\t\t\t\t\t\t\t\t\t\t\t\t\t\t\t\t\t\t\t\t\t\t\t<\/ul>\n\t<\/div>\n\t<div class=\"fusion-post-content post-content\"><h2 class=\"blog-shortcode-post-title entry-title\"><a href=\"https:\/\/wbs-luebeck.de\/wbs\/delphin-delle-begruesst-unsere-hope\/\">Delphin &#8222;Delle&#8220; begr\u00fc\u00dft unsere HOPE<\/a><\/h2><div class=\"fusion-post-content-container\"><p> Das passiert einem im Leben wahrscheinlich nicht so h\u00e4ufig: Delphin \"Delle\" begr\u00fc\u00dft die HOPE in Travem\u00fcnde. Und das auch noch ganz nah. Gut, dass die Crew nicht vor lauter Schreck und<\/p><\/div><\/div><div class=\"fusion-clearfix\"><\/div><\/article>\n<article id=\"blog-1-post-7736\" class=\"fusion-post-medium-alternate post-7736 post type-post status-publish format-standard has-post-thumbnail hentry category-hope tag-hope tag-luebeck tag-musikalische-grundschule tag-schule tag-wbs tag-willy-brandt-schule\">\n<div class=\"fusion-date-and-formats\"><div class=\"fusion-date-box updated\"><span class=\"fusion-date\">2<\/span><span class=\"fusion-month-year\">08, 2023<\/span><\/div><div class=\"fusion-format-box\"><i class=\"awb-icon-pen\" aria-hidden=\"true\"><\/i><\/div><\/div>\t<style type=\"text\/css\">\n\t\t\n\t\t\n\t\t\n\t\t\n\t\t\t<\/style>\n\n\n\t\t\t<div class=\"fusion-flexslider flexslider fusion-flexslider-loading fusion-post-slideshow\" style=\"\">\n\t\t<ul class=\"slides\">\n\t\t\t\n\t\t\t\t\t\t\t\t\t\t\t\t\t\t<li><div  class=\"fusion-image-wrapper fusion-image-size-fixed\" aria-haspopup=\"true\">\n\t\t\t\t<img decoding=\"async\" width=\"320\" height=\"202\" src=\"https:\/\/wbs-luebeck.de\/wbs\/wp-content\/uploads\/2023\/11\/Ferienbetreuung-HOPE-2023_1-320x202.jpg\" class=\"attachment-blog-medium size-blog-medium wp-post-image\" alt=\"\" srcset=\"https:\/\/wbs-luebeck.de\/wbs\/wp-content\/uploads\/2023\/11\/Ferienbetreuung-HOPE-2023_1-320x202.jpg 320w, https:\/\/wbs-luebeck.de\/wbs\/wp-content\/uploads\/2023\/11\/Ferienbetreuung-HOPE-2023_1-700x441.jpg 700w\" sizes=\"(max-width: 320px) 100vw, 320px\" \/><div class=\"fusion-rollover\">\n\t<div class=\"fusion-rollover-content\">\n\n\t\t\t\t\t\t\t\t\t\t\t\t\t\t<a class=\"fusion-rollover-link\" href=\"https:\/\/wbs-luebeck.de\/wbs\/ferien-auf-dem-wasser\/\">Ferien auf dem Wasser<\/a>\n\t\t\t\n\t\t\t\t\t\t\t\t\n\t\t\n\t\t\t\t\t\t\t\t\t\t\t\t<h4 class=\"fusion-rollover-title\">\n\t\t\t\t\t<a class=\"fusion-rollover-title-link\" href=\"https:\/\/wbs-luebeck.de\/wbs\/ferien-auf-dem-wasser\/\">\n\t\t\t\t\t\tFerien auf dem Wasser\t\t\t\t\t<\/a>\n\t\t\t\t<\/h4>\n\t\t\t\n\t\t\t\t\t\t\t\t\n\t\t\n\t\t\t\t\t\t<a class=\"fusion-link-wrapper\" href=\"https:\/\/wbs-luebeck.de\/wbs\/ferien-auf-dem-wasser\/\" aria-label=\"Ferien auf dem Wasser\"><\/a>\n\t<\/div>\n<\/div>\n<\/div>\n<\/li>\n\t\t\t\n\t\t\t\n\t\t\t\t\t\t\t\t\t\t\t\t\t\t\t\t\t\t\t\t\t\t\t\t\t\t\t\t\t\t\t\t\t\t\t\t\t\t\t\t\t\t\t\t\t\t\t\t\t\t\t\t\t\t\t\t\t\t\t\t\t\t\t\t\t\t\t\t<\/ul>\n\t<\/div>\n\t<div class=\"fusion-post-content post-content\"><h2 class=\"blog-shortcode-post-title entry-title\"><a href=\"https:\/\/wbs-luebeck.de\/wbs\/ferien-auf-dem-wasser\/\">Ferien auf dem Wasser<\/a><\/h2><div class=\"fusion-post-content-container\"><p> Wenn man bei uns in der Grundschule seinen \"Freischwimmer\" hat und dann noch in den Sommerferien im Kinderhafen angemeldet ist... Dann sticht man bei uns in Schlutup nat\u00fcrlich auch mit der<\/p><\/div><\/div><div class=\"fusion-clearfix\"><\/div><\/article>\n<\/div><div class=\"pagination clearfix\"><span class=\"current\">1<\/span><a href=\"https:\/\/wbs-luebeck.de\/wbs\/wp-json\/wp\/v2\/pages\/7193\/page\/2\/\" class=\"inactive\">2<\/a><a class=\"pagination-next\" rel=\"next\" href=\"https:\/\/wbs-luebeck.de\/wbs\/wp-json\/wp\/v2\/pages\/7193\/page\/2\/\"><span class=\"page-text\">Vor<\/span><span class=\"page-next\"><\/span><\/a><\/div><div class=\"fusion-clearfix\"><\/div><\/div><div class=\"fusion-clearfix\"><\/div><\/div><\/div><\/div><\/div><div class=\"fusion-fullwidth fullwidth-box fusion-builder-row-3 fusion-flex-container nonhundred-percent-fullwidth non-hundred-percent-height-scrolling\" style=\"--awb-border-radius-top-left:0px;--awb-border-radius-top-right:0px;--awb-border-radius-bottom-right:0px;--awb-border-radius-bottom-left:0px;--awb-padding-top:0px;--awb-padding-right:0px;--awb-padding-left:0px;--awb-margin-top:-10px;--awb-flex-wrap:wrap;\" ><div class=\"fusion-builder-row fusion-row fusion-flex-align-items-flex-start fusion-flex-content-wrap\" style=\"max-width:1248px;margin-left: calc(-4% \/ 2 );margin-right: calc(-4% \/ 2 );\"><div class=\"fusion-layout-column fusion_builder_column fusion-builder-column-2 fusion_builder_column_1_1 1_1 fusion-flex-column\" style=\"--awb-bg-size:cover;--awb-width-large:100%;--awb-margin-top-large:10px;--awb-spacing-right-large:1.92%;--awb-margin-bottom-large:10px;--awb-spacing-left-large:1.92%;--awb-width-medium:100%;--awb-spacing-right-medium:1.92%;--awb-spacing-left-medium:1.92%;--awb-width-small:100%;--awb-spacing-right-small:1.92%;--awb-spacing-left-small:1.92%;\"><div class=\"fusion-column-wrapper fusion-column-has-shadow fusion-flex-justify-content-flex-start fusion-content-layout-column\"><div class=\"fusion-section-separator section-separator hills-opacity fusion-section-separator-1\" style=\"--awb-spacer-padding-top:17.7734375%;--awb-svg-margin-left:1.92%;--awb-svg-margin-right:1.92%;--awb-svg-margin-left-medium:1.92%;--awb-svg-margin-right-medium:1.92%;--awb-svg-margin-left-small:1.92%;--awb-svg-margin-right-small:1.92%;--awb-sep-font-size:0;--awb-sep-line-height:0;\"><div class=\"fusion-section-separator-svg\"><svg class=\"fusion-hills-opacity-candy\" xmlns=\"http:\/\/www.w3.org\/2000\/svg\" version=\"1.1\" width=\"100%\" viewBox=\"0 0 1024 182\" preserveAspectRatio=\"none\" fill=\"rgba(33,48,73,1)\"><path class=\"st0\" d=\"M0 0h1024v140.5C995.9 162 963.9 178 926.9 178c-112.8 0-198.1-93.8-289.8-93.8s-199.5 91-285.3 91-142.2-82.1-238.5-82.1c-63.1 0-75.7 31.6-113.3 53.6V0z\"\/>\n\t\t\t\t\t\t\t\t\t<path class=\"st1\" d=\"M1024 0v75.9C984.3 60 942.2 48.6 905.3 50.1c-110.4 4.5-191.8 109.8-325.5 116.2C470.6 171.5 235.6 46.1 150.3 0H1024z\"\/>\n\t\t\t\t\t\t\t\t\t<path class=\"st2\" d=\"M0 0h1024v92c-57.5 30.9-116.9 73.7-199.9 75-133.8 2-158.9-87.9-342-87.9S202.1 183.7 74.2 182c-27.8-.3-52.4-4.2-74.2-9.7V0z\"\/>\n\t\t\t\t\t\t\t\t\t<path class=\"st3\" d=\"M0 0h1024v101.6C986.8 82 943.3 66.3 884.4 65.4 733.3 63 742.8 94 585.9 94.6S447 47.6 280.4 50.9C132.8 53.6 91.2 137.5 0 154V0z\"\/>\n\t\t\t\t\t\t\t\t\t<path class=\"st4\" d=\"M0 0h1024v77.3c-49-20.1-120.5-42.4-193.2-42.1-128.9.5-159.8 72.3-255.8 72.3-89.1 0-134.7-80.2-245-82-110.4-1.8-160.9 57.2-280 59.2-17.2.3-33.9-1.8-50-5.7V0z\"\/>\n\t\t\t\t\t\t\t\t<\/svg><\/div><div class=\"fusion-section-separator-spacer\"><div class=\"fusion-section-separator-spacer-height\"><\/div><\/div><\/div><\/div><\/div><\/div><\/div><\/p>\n","protected":false},"excerpt":{"rendered":"<p>yes<\/p>\n","protected":false},"author":1,"featured_media":0,"parent":0,"menu_order":0,"comment_status":"closed","ping_status":"closed","template":"","meta":{"_acf_changed":false,"footnotes":""},"acf":[],"_links":{"self":[{"href":"https:\/\/wbs-luebeck.de\/wbs\/wp-json\/wp\/v2\/pages\/7193"}],"collection":[{"href":"https:\/\/wbs-luebeck.de\/wbs\/wp-json\/wp\/v2\/pages"}],"about":[{"href":"https:\/\/wbs-luebeck.de\/wbs\/wp-json\/wp\/v2\/types\/page"}],"author":[{"embeddable":true,"href":"https:\/\/wbs-luebeck.de\/wbs\/wp-json\/wp\/v2\/users\/1"}],"replies":[{"embeddable":true,"href":"https:\/\/wbs-luebeck.de\/wbs\/wp-json\/wp\/v2\/comments?post=7193"}],"version-history":[{"count":15,"href":"https:\/\/wbs-luebeck.de\/wbs\/wp-json\/wp\/v2\/pages\/7193\/revisions"}],"predecessor-version":[{"id":7787,"href":"https:\/\/wbs-luebeck.de\/wbs\/wp-json\/wp\/v2\/pages\/7193\/revisions\/7787"}],"wp:attachment":[{"href":"https:\/\/wbs-luebeck.de\/wbs\/wp-json\/wp\/v2\/media?parent=7193"}],"curies":[{"name":"wp","href":"https:\/\/api.w.org\/{rel}","templated":true}]}}