{"id":6,"date":"2019-02-28T13:07:29","date_gmt":"2019-02-28T13:07:29","guid":{"rendered":"http:\/\/wbs-luebeck.de\/wbs\/?page_id=6"},"modified":"2024-09-17T20:04:43","modified_gmt":"2024-09-17T19:04:43","slug":"food-blog-home","status":"publish","type":"page","link":"https:\/\/wbs-luebeck.de\/wbs\/","title":{"rendered":"WBS Home"},"content":{"rendered":"<div class=\"fusion-fullwidth fullwidth-box fusion-builder-row-1 has-pattern-background has-mask-background nonhundred-percent-fullwidth non-hundred-percent-height-scrolling\" style=\"--awb-background-position:left top;--awb-background-repeat:repeat;--awb-border-sizes-top:0px;--awb-border-sizes-bottom:0px;--awb-border-sizes-left:0px;--awb-border-sizes-right:0px;--awb-border-radius-top-left:0px;--awb-border-radius-top-right:0px;--awb-border-radius-bottom-right:0px;--awb-border-radius-bottom-left:0px;--awb-flex-wrap:wrap;\" ><div class=\"fusion-builder-row fusion-row\"><div class=\"fusion-layout-column fusion_builder_column fusion-builder-column-0 fusion_builder_column_1_1 1_1 fusion-one-full fusion-column-first fusion-column-last\" style=\"--awb-padding-top:1px;--awb-padding-right:35px;--awb-padding-bottom:10px;--awb-padding-left:35px;--awb-bg-color:#ffffff;--awb-bg-color-hover:#ffffff;--awb-bg-size:cover;--awb-box-shadow:0px 0px 20px 0px rgba(0,0,0,0.05);;--awb-border-color:#3bc863;--awb-border-top:0;--awb-border-style:solid;\"><div class=\"fusion-column-wrapper fusion-column-has-shadow fusion-flex-column-wrapper-legacy\"><div class=\"fusion-title title fusion-title-1 fusion-title-center fusion-title-text fusion-title-size-two\" style=\"--awb-margin-top:30px;--awb-margin-top-small:30px;\"><div class=\"title-sep-container title-sep-container-left\"><div class=\"title-sep sep-single sep-dotted\" style=\"border-color:#e0dede;\"><\/div><\/div><span class=\"awb-title-spacer\"><\/span><h2 class=\"fusion-title-heading title-heading-center fusion-responsive-typography-calculated\" style=\"margin:0;--fontSize:21;--minFontSize:21;line-height:1.61;\"><p>Aktuelles<br \/>\n<span style=\"color: #999999;\">(oder noch aktueller auf Instagram SchuleinSchlutup)<\/span><\/p><\/h2><span class=\"awb-title-spacer\"><\/span><div class=\"title-sep-container title-sep-container-right\"><div class=\"title-sep sep-single sep-dotted\" style=\"border-color:#e0dede;\"><\/div><\/div><\/div><div class=\"fusion-blog-shortcode fusion-blog-shortcode-1 fusion-blog-archive fusion-blog-layout-grid-wrapper fusion-blog-pagination fusion-blog-layout-center\"><style type=\"text\/css\">.fusion-blog-shortcode-1 .fusion-blog-layout-grid .fusion-post-grid{padding:20px;}.fusion-blog-shortcode-1 .fusion-posts-container{margin-left: -20px !important; margin-right:-20px !important;}<\/style><div class=\"fusion-posts-container fusion-posts-container-pagination fusion-no-meta-info fusion-blog-rollover fusion-blog-layout-grid fusion-blog-layout-grid-3 isotope fusion-blog-equal-heights\" data-pages=\"21\" data-grid-col-space=\"40\" style=\"margin: -20px -20px 0;min-height:500px;\"><article id=\"blog-1-post-9414\" class=\"fusion-post-grid post-9414 post type-post status-publish format-standard has-post-thumbnail hentry category-aktuelles\">\n<div class=\"fusion-post-wrapper\" style=\"background-color:rgba(168,168,168,0);border:none;\">\n\n\t\t\t<div class=\"fusion-flexslider flexslider fusion-flexslider-loading fusion-post-slideshow\" style=\"border-color:rgba(255,255,255,0);\">\n\t\t<ul class=\"slides\">\n\t\t\t\n\t\t\t\t\t\t\t\t\t\t\t\t\t\t<li><div  class=\"fusion-image-wrapper\" aria-haspopup=\"true\">\n\t\t\t\t<img decoding=\"async\" width=\"2048\" height=\"1365\" src=\"https:\/\/wbs-luebeck.de\/wbs\/wp-content\/uploads\/2026\/02\/typorama-221.png\" class=\"attachment-full size-full wp-post-image\" alt=\"\" srcset=\"https:\/\/wbs-luebeck.de\/wbs\/wp-content\/uploads\/2026\/02\/typorama-221-200x133.png 200w, https:\/\/wbs-luebeck.de\/wbs\/wp-content\/uploads\/2026\/02\/typorama-221-400x267.png 400w, https:\/\/wbs-luebeck.de\/wbs\/wp-content\/uploads\/2026\/02\/typorama-221-600x400.png 600w, https:\/\/wbs-luebeck.de\/wbs\/wp-content\/uploads\/2026\/02\/typorama-221-800x533.png 800w, https:\/\/wbs-luebeck.de\/wbs\/wp-content\/uploads\/2026\/02\/typorama-221-1200x800.png 1200w, https:\/\/wbs-luebeck.de\/wbs\/wp-content\/uploads\/2026\/02\/typorama-221.png 2048w\" sizes=\"(min-width: 2200px) 100vw, (min-width: 784px) 373px, (min-width: 712px) 560px, (min-width: 640px) 712px, \" \/><div class=\"fusion-rollover\">\n\t<div class=\"fusion-rollover-content\">\n\n\t\t\t\t\t\t\t\t\t\t\t\t\t\t<a class=\"fusion-rollover-link\" href=\"https:\/\/wbs-luebeck.de\/wbs\/danke-tschuess\/\">Danke &#038; Tsch\u00fcss<\/a>\n\t\t\t\n\t\t\t\t\t\t\t\t\n\t\t\n\t\t\t\t\t\t\t\t\t\t\t\t<h4 class=\"fusion-rollover-title\">\n\t\t\t\t\t<a class=\"fusion-rollover-title-link\" href=\"https:\/\/wbs-luebeck.de\/wbs\/danke-tschuess\/\">\n\t\t\t\t\t\tDanke &#038; Tsch\u00fcss\t\t\t\t\t<\/a>\n\t\t\t\t<\/h4>\n\t\t\t\n\t\t\t\t\t\t\t\t\n\t\t\n\t\t\t\t\t\t<a class=\"fusion-link-wrapper\" href=\"https:\/\/wbs-luebeck.de\/wbs\/danke-tschuess\/\" aria-label=\"Danke &#038; Tsch\u00fcss\"><\/a>\n\t<\/div>\n<\/div>\n<\/div>\n<\/li>\n\t\t\t\n\t\t\t\n\t\t\t\t\t\t\t\t\t\t\t\t\t\t\t\t\t\t\t\t\t\t\t\t\t\t\t\t\t\t\t\t\t\t\t\t\t\t\t\t\t\t\t\t\t\t\t\t\t\t\t\t\t\t\t\t\t\t\t\t\t\t\t\t\t\t\t\t<\/ul>\n\t<\/div>\n\t<div class=\"fusion-post-content-wrapper\" style=\"padding:15px 25px 0px 25px;\"><div class=\"fusion-post-content post-content\"><h2 class=\"blog-shortcode-post-title entry-title\"><a href=\"https:\/\/wbs-luebeck.de\/wbs\/danke-tschuess\/\">Danke &#038; Tsch\u00fcss<\/a><\/h2><\/div><\/div><div class=\"fusion-clearfix\"><\/div><\/div>\n<\/article>\n<article id=\"blog-1-post-9395\" class=\"fusion-post-grid post-9395 post type-post status-publish format-standard has-post-thumbnail hentry category-aktuelles\">\n<div class=\"fusion-post-wrapper\" style=\"background-color:rgba(168,168,168,0);border:none;\">\n\n\t\t\t<div class=\"fusion-flexslider flexslider fusion-flexslider-loading fusion-post-slideshow\" style=\"border-color:rgba(255,255,255,0);\">\n\t\t<ul class=\"slides\">\n\t\t\t\n\t\t\t\t\t\t\t\t\t\t\t\t\t\t<li><div  class=\"fusion-image-wrapper\" aria-haspopup=\"true\">\n\t\t\t\t<img decoding=\"async\" width=\"640\" height=\"480\" src=\"https:\/\/wbs-luebeck.de\/wbs\/wp-content\/uploads\/2026\/01\/Gusto-1.jpg\" class=\"attachment-full size-full wp-post-image\" alt=\"\" srcset=\"https:\/\/wbs-luebeck.de\/wbs\/wp-content\/uploads\/2026\/01\/Gusto-1-200x150.jpg 200w, https:\/\/wbs-luebeck.de\/wbs\/wp-content\/uploads\/2026\/01\/Gusto-1-400x300.jpg 400w, https:\/\/wbs-luebeck.de\/wbs\/wp-content\/uploads\/2026\/01\/Gusto-1-600x450.jpg 600w, https:\/\/wbs-luebeck.de\/wbs\/wp-content\/uploads\/2026\/01\/Gusto-1.jpg 640w\" sizes=\"(min-width: 2200px) 100vw, (min-width: 784px) 373px, (min-width: 712px) 560px, (min-width: 640px) 712px, \" \/><div class=\"fusion-rollover\">\n\t<div class=\"fusion-rollover-content\">\n\n\t\t\t\t\t\t\t\t\t\t\t\t\t\t<a class=\"fusion-rollover-link\" href=\"https:\/\/wbs-luebeck.de\/wbs\/neuer-caterer-ab-16-02-2026\/\">Neuer Caterer ab 16.02.2026<\/a>\n\t\t\t\n\t\t\t\t\t\t\t\t\n\t\t\n\t\t\t\t\t\t\t\t\t\t\t\t<h4 class=\"fusion-rollover-title\">\n\t\t\t\t\t<a class=\"fusion-rollover-title-link\" href=\"https:\/\/wbs-luebeck.de\/wbs\/neuer-caterer-ab-16-02-2026\/\">\n\t\t\t\t\t\tNeuer Caterer ab 16.02.2026\t\t\t\t\t<\/a>\n\t\t\t\t<\/h4>\n\t\t\t\n\t\t\t\t\t\t\t\t\n\t\t\n\t\t\t\t\t\t<a class=\"fusion-link-wrapper\" href=\"https:\/\/wbs-luebeck.de\/wbs\/neuer-caterer-ab-16-02-2026\/\" aria-label=\"Neuer Caterer ab 16.02.2026\"><\/a>\n\t<\/div>\n<\/div>\n<\/div>\n<\/li>\n\t\t\t\n\t\t\t\n\t\t\t\t\t\t\t\t\t\t\t\t\t\t\t\t\t\t\t\t\t\t\t\t\t\t\t\t\t\t\t\t\t\t\t\t\t\t\t\t\t\t\t\t\t\t\t\t\t\t\t\t\t\t\t\t\t\t\t\t\t\t\t\t\t\t\t\t<\/ul>\n\t<\/div>\n\t<div class=\"fusion-post-content-wrapper\" style=\"padding:15px 25px 0px 25px;\"><div class=\"fusion-post-content post-content\"><h2 class=\"blog-shortcode-post-title entry-title\"><a href=\"https:\/\/wbs-luebeck.de\/wbs\/neuer-caterer-ab-16-02-2026\/\">Neuer Caterer ab 16.02.2026<\/a><\/h2><\/div><\/div><div class=\"fusion-clearfix\"><\/div><\/div>\n<\/article>\n<article id=\"blog-1-post-9382\" class=\"fusion-post-grid post-9382 post type-post status-publish format-standard has-post-thumbnail hentry category-aktuelles\">\n<div class=\"fusion-post-wrapper\" style=\"background-color:rgba(168,168,168,0);border:none;\">\n\n\t\t\t<div class=\"fusion-flexslider flexslider fusion-flexslider-loading fusion-post-slideshow\" style=\"border-color:rgba(255,255,255,0);\">\n\t\t<ul class=\"slides\">\n\t\t\t\n\t\t\t\t\t\t\t\t\t\t\t\t\t\t<li><div  class=\"fusion-image-wrapper\" aria-haspopup=\"true\">\n\t\t\t\t<img decoding=\"async\" width=\"2048\" height=\"1365\" src=\"https:\/\/wbs-luebeck.de\/wbs\/wp-content\/uploads\/2025\/01\/typorama-180.jpg\" class=\"attachment-full size-full wp-post-image\" alt=\"\" srcset=\"https:\/\/wbs-luebeck.de\/wbs\/wp-content\/uploads\/2025\/01\/typorama-180-200x133.jpg 200w, https:\/\/wbs-luebeck.de\/wbs\/wp-content\/uploads\/2025\/01\/typorama-180-400x267.jpg 400w, https:\/\/wbs-luebeck.de\/wbs\/wp-content\/uploads\/2025\/01\/typorama-180-600x400.jpg 600w, https:\/\/wbs-luebeck.de\/wbs\/wp-content\/uploads\/2025\/01\/typorama-180-800x533.jpg 800w, https:\/\/wbs-luebeck.de\/wbs\/wp-content\/uploads\/2025\/01\/typorama-180-1200x800.jpg 1200w, https:\/\/wbs-luebeck.de\/wbs\/wp-content\/uploads\/2025\/01\/typorama-180.jpg 2048w\" sizes=\"(min-width: 2200px) 100vw, (min-width: 784px) 373px, (min-width: 712px) 560px, (min-width: 640px) 712px, \" \/><div class=\"fusion-rollover\">\n\t<div class=\"fusion-rollover-content\">\n\n\t\t\t\t\t\t\t\t\t\t\t\t\t\t<a class=\"fusion-rollover-link\" href=\"https:\/\/wbs-luebeck.de\/wbs\/anmeldezeitraum-tag-der-offenen-tuer-fuer-unsere-zukuenftigen-5-klassen\/\">Anmeldezeitraum &#8211; Tag der offenen T\u00fcr f\u00fcr unsere zuk\u00fcnftigen 5. Klassen<\/a>\n\t\t\t\n\t\t\t\t\t\t\t\t\n\t\t\n\t\t\t\t\t\t\t\t\t\t\t\t<h4 class=\"fusion-rollover-title\">\n\t\t\t\t\t<a class=\"fusion-rollover-title-link\" href=\"https:\/\/wbs-luebeck.de\/wbs\/anmeldezeitraum-tag-der-offenen-tuer-fuer-unsere-zukuenftigen-5-klassen\/\">\n\t\t\t\t\t\tAnmeldezeitraum &#8211; Tag der offenen T\u00fcr f\u00fcr unsere zuk\u00fcnftigen 5. Klassen\t\t\t\t\t<\/a>\n\t\t\t\t<\/h4>\n\t\t\t\n\t\t\t\t\t\t\t\t\n\t\t\n\t\t\t\t\t\t<a class=\"fusion-link-wrapper\" href=\"https:\/\/wbs-luebeck.de\/wbs\/anmeldezeitraum-tag-der-offenen-tuer-fuer-unsere-zukuenftigen-5-klassen\/\" aria-label=\"Anmeldezeitraum &#8211; Tag der offenen T\u00fcr f\u00fcr unsere zuk\u00fcnftigen 5. Klassen\"><\/a>\n\t<\/div>\n<\/div>\n<\/div>\n<\/li>\n\t\t\t\n\t\t\t\n\t\t\t\t\t\t\t\t\t\t\t\t\t\t\t\t\t\t\t\t\t\t\t\t\t\t\t\t\t\t\t\t\t\t\t\t\t\t\t\t\t\t\t\t\t\t\t\t\t\t\t\t\t\t\t\t\t\t\t\t\t\t\t\t\t\t\t\t<\/ul>\n\t<\/div>\n\t<div class=\"fusion-post-content-wrapper\" style=\"padding:15px 25px 0px 25px;\"><div class=\"fusion-post-content post-content\"><h2 class=\"blog-shortcode-post-title entry-title\"><a href=\"https:\/\/wbs-luebeck.de\/wbs\/anmeldezeitraum-tag-der-offenen-tuer-fuer-unsere-zukuenftigen-5-klassen\/\">Anmeldezeitraum &#8211; Tag der offenen T\u00fcr f\u00fcr unsere zuk\u00fcnftigen 5. Klassen<\/a><\/h2><\/div><\/div><div class=\"fusion-clearfix\"><\/div><\/div>\n<\/article>\n<article id=\"blog-1-post-9367\" class=\"fusion-post-grid post-9367 post type-post status-publish format-standard has-post-thumbnail hentry category-aktuelles tag-frei-day tag-gemeinnuetzige-sparkassenstiftung-zu-luebeck tag-gute-schulen tag-klimaschutz tag-schlutup tag-schulen-in-luebeck\">\n<div class=\"fusion-post-wrapper\" style=\"background-color:rgba(168,168,168,0);border:none;\">\n\n\t\t\t<div class=\"fusion-flexslider flexslider fusion-flexslider-loading fusion-post-slideshow\" style=\"border-color:rgba(255,255,255,0);\">\n\t\t<ul class=\"slides\">\n\t\t\t\n\t\t\t\t\t\t\t\t\t\t\t\t\t\t<li><div  class=\"fusion-image-wrapper\" aria-haspopup=\"true\">\n\t\t\t\t<img decoding=\"async\" width=\"1280\" height=\"853\" src=\"https:\/\/wbs-luebeck.de\/wbs\/wp-content\/uploads\/2025\/11\/Gross-typorama-219.jpeg\" class=\"attachment-full size-full wp-post-image\" alt=\"\" srcset=\"https:\/\/wbs-luebeck.de\/wbs\/wp-content\/uploads\/2025\/11\/Gross-typorama-219-200x133.jpeg 200w, https:\/\/wbs-luebeck.de\/wbs\/wp-content\/uploads\/2025\/11\/Gross-typorama-219-400x267.jpeg 400w, https:\/\/wbs-luebeck.de\/wbs\/wp-content\/uploads\/2025\/11\/Gross-typorama-219-600x400.jpeg 600w, https:\/\/wbs-luebeck.de\/wbs\/wp-content\/uploads\/2025\/11\/Gross-typorama-219-800x533.jpeg 800w, https:\/\/wbs-luebeck.de\/wbs\/wp-content\/uploads\/2025\/11\/Gross-typorama-219-1200x800.jpeg 1200w, https:\/\/wbs-luebeck.de\/wbs\/wp-content\/uploads\/2025\/11\/Gross-typorama-219.jpeg 1280w\" sizes=\"(min-width: 2200px) 100vw, (min-width: 784px) 373px, (min-width: 712px) 560px, (min-width: 640px) 712px, \" \/><div class=\"fusion-rollover\">\n\t<div class=\"fusion-rollover-content\">\n\n\t\t\t\t\t\t\t\t\t\t\t\t\t\t<a class=\"fusion-rollover-link\" href=\"https:\/\/wbs-luebeck.de\/wbs\/fuer-das-gemeinwohl\/\">F\u00fcr das Gemeinwohl<\/a>\n\t\t\t\n\t\t\t\t\t\t\t\t\n\t\t\n\t\t\t\t\t\t\t\t\t\t\t\t<h4 class=\"fusion-rollover-title\">\n\t\t\t\t\t<a class=\"fusion-rollover-title-link\" href=\"https:\/\/wbs-luebeck.de\/wbs\/fuer-das-gemeinwohl\/\">\n\t\t\t\t\t\tF\u00fcr das Gemeinwohl\t\t\t\t\t<\/a>\n\t\t\t\t<\/h4>\n\t\t\t\n\t\t\t\t\t\t\t\t\n\t\t\n\t\t\t\t\t\t<a class=\"fusion-link-wrapper\" href=\"https:\/\/wbs-luebeck.de\/wbs\/fuer-das-gemeinwohl\/\" aria-label=\"F\u00fcr das Gemeinwohl\"><\/a>\n\t<\/div>\n<\/div>\n<\/div>\n<\/li>\n\t\t\t\n\t\t\t\n\t\t\t\t\t\t\t\t\t\t\t\t\t\t\t\t\t\t\t\t\t\t\t\t\t\t\t\t\t\t\t\t\t\t\t\t\t\t\t\t\t\t\t\t\t\t\t\t\t\t\t\t\t\t\t\t\t\t\t\t\t\t\t\t\t\t\t\t<\/ul>\n\t<\/div>\n\t<div class=\"fusion-post-content-wrapper\" style=\"padding:15px 25px 0px 25px;\"><div class=\"fusion-post-content post-content\"><h2 class=\"blog-shortcode-post-title entry-title\"><a href=\"https:\/\/wbs-luebeck.de\/wbs\/fuer-das-gemeinwohl\/\">F\u00fcr das Gemeinwohl<\/a><\/h2><\/div><\/div><div class=\"fusion-clearfix\"><\/div><\/div>\n<\/article>\n<article id=\"blog-1-post-9358\" class=\"fusion-post-grid post-9358 post type-post status-publish format-standard has-post-thumbnail hentry category-aktuelles category-galerie tag-gute-schulen tag-musicalschool tag-schlutup tag-schulen-in-luebeck tag-stahlberg-stiftung\">\n<div class=\"fusion-post-wrapper\" style=\"background-color:rgba(168,168,168,0);border:none;\">\n\n\t\t\t<div class=\"fusion-flexslider flexslider fusion-flexslider-loading fusion-post-slideshow\" style=\"border-color:rgba(255,255,255,0);\">\n\t\t<ul class=\"slides\">\n\t\t\t\n\t\t\t\t\t\t\t\t\t\t\t\t\t\t<li><div  class=\"fusion-image-wrapper\" aria-haspopup=\"true\">\n\t\t\t\t<img decoding=\"async\" width=\"1280\" height=\"853\" src=\"https:\/\/wbs-luebeck.de\/wbs\/wp-content\/uploads\/2025\/11\/Gross-typorama-220.jpeg\" class=\"attachment-full size-full wp-post-image\" alt=\"\" srcset=\"https:\/\/wbs-luebeck.de\/wbs\/wp-content\/uploads\/2025\/11\/Gross-typorama-220-200x133.jpeg 200w, https:\/\/wbs-luebeck.de\/wbs\/wp-content\/uploads\/2025\/11\/Gross-typorama-220-400x267.jpeg 400w, https:\/\/wbs-luebeck.de\/wbs\/wp-content\/uploads\/2025\/11\/Gross-typorama-220-600x400.jpeg 600w, https:\/\/wbs-luebeck.de\/wbs\/wp-content\/uploads\/2025\/11\/Gross-typorama-220-800x533.jpeg 800w, https:\/\/wbs-luebeck.de\/wbs\/wp-content\/uploads\/2025\/11\/Gross-typorama-220-1200x800.jpeg 1200w, https:\/\/wbs-luebeck.de\/wbs\/wp-content\/uploads\/2025\/11\/Gross-typorama-220.jpeg 1280w\" sizes=\"(min-width: 2200px) 100vw, (min-width: 784px) 373px, (min-width: 712px) 560px, (min-width: 640px) 712px, \" \/><div class=\"fusion-rollover\">\n\t<div class=\"fusion-rollover-content\">\n\n\t\t\t\t\t\t\t\t\t\t\t\t\t\t<a class=\"fusion-rollover-link\" href=\"https:\/\/wbs-luebeck.de\/wbs\/auf-die-buehne\/\">Auf die B\u00fchne!<\/a>\n\t\t\t\n\t\t\t\t\t\t\t\t\n\t\t\n\t\t\t\t\t\t\t\t\t\t\t\t<h4 class=\"fusion-rollover-title\">\n\t\t\t\t\t<a class=\"fusion-rollover-title-link\" href=\"https:\/\/wbs-luebeck.de\/wbs\/auf-die-buehne\/\">\n\t\t\t\t\t\tAuf die B\u00fchne!\t\t\t\t\t<\/a>\n\t\t\t\t<\/h4>\n\t\t\t\n\t\t\t\t\t\t\t\t\n\t\t\n\t\t\t\t\t\t<a class=\"fusion-link-wrapper\" href=\"https:\/\/wbs-luebeck.de\/wbs\/auf-die-buehne\/\" aria-label=\"Auf die B\u00fchne!\"><\/a>\n\t<\/div>\n<\/div>\n<\/div>\n<\/li>\n\t\t\t\n\t\t\t\n\t\t\t\t\t\t\t\t\t\t\t\t\t\t\t\t\t\t\t\t\t\t\t\t\t\t\t\t\t\t\t\t\t\t\t\t\t\t\t\t\t\t\t\t\t\t\t\t\t\t\t\t\t\t\t\t\t\t\t\t\t\t\t\t\t\t\t\t<\/ul>\n\t<\/div>\n\t<div class=\"fusion-post-content-wrapper\" style=\"padding:15px 25px 0px 25px;\"><div class=\"fusion-post-content post-content\"><h2 class=\"blog-shortcode-post-title entry-title\"><a href=\"https:\/\/wbs-luebeck.de\/wbs\/auf-die-buehne\/\">Auf die B\u00fchne!<\/a><\/h2><\/div><\/div><div class=\"fusion-clearfix\"><\/div><\/div>\n<\/article>\n<article id=\"blog-1-post-9280\" class=\"fusion-post-grid post-9280 post type-post status-publish format-standard has-post-thumbnail hentry category-aktuelles tag-einschulung tag-gute-schulen tag-schulen-in-luebeck\">\n<div class=\"fusion-post-wrapper\" style=\"background-color:rgba(168,168,168,0);border:none;\">\n\n\t\t\t<div class=\"fusion-flexslider flexslider fusion-flexslider-loading fusion-post-slideshow\" style=\"border-color:rgba(255,255,255,0);\">\n\t\t<ul class=\"slides\">\n\t\t\t\n\t\t\t\t\t\t\t\t\t\t\t\t\t\t<li><div  class=\"fusion-image-wrapper\" aria-haspopup=\"true\">\n\t\t\t\t<img decoding=\"async\" width=\"2048\" height=\"1365\" src=\"https:\/\/wbs-luebeck.de\/wbs\/wp-content\/uploads\/2024\/10\/typorama-160.png\" class=\"attachment-full size-full wp-post-image\" alt=\"\" srcset=\"https:\/\/wbs-luebeck.de\/wbs\/wp-content\/uploads\/2024\/10\/typorama-160-200x133.png 200w, https:\/\/wbs-luebeck.de\/wbs\/wp-content\/uploads\/2024\/10\/typorama-160-400x267.png 400w, https:\/\/wbs-luebeck.de\/wbs\/wp-content\/uploads\/2024\/10\/typorama-160-600x400.png 600w, https:\/\/wbs-luebeck.de\/wbs\/wp-content\/uploads\/2024\/10\/typorama-160-800x533.png 800w, https:\/\/wbs-luebeck.de\/wbs\/wp-content\/uploads\/2024\/10\/typorama-160-1200x800.png 1200w, https:\/\/wbs-luebeck.de\/wbs\/wp-content\/uploads\/2024\/10\/typorama-160.png 2048w\" sizes=\"(min-width: 2200px) 100vw, (min-width: 784px) 373px, (min-width: 712px) 560px, (min-width: 640px) 712px, \" \/><div class=\"fusion-rollover\">\n\t<div class=\"fusion-rollover-content\">\n\n\t\t\t\t\t\t\t\t\t\t\t\t\t\t<a class=\"fusion-rollover-link\" href=\"https:\/\/wbs-luebeck.de\/wbs\/info-nachmittag-fuer-unsere-neuen-erstis-10-11-2025\/\">Info-Nachmittag f\u00fcr unsere neuen &#8222;Erstis&#8220;: 10.11.2025<\/a>\n\t\t\t\n\t\t\t\t\t\t\t\t\n\t\t\n\t\t\t\t\t\t\t\t\t\t\t\t<h4 class=\"fusion-rollover-title\">\n\t\t\t\t\t<a class=\"fusion-rollover-title-link\" href=\"https:\/\/wbs-luebeck.de\/wbs\/info-nachmittag-fuer-unsere-neuen-erstis-10-11-2025\/\">\n\t\t\t\t\t\tInfo-Nachmittag f\u00fcr unsere neuen &#8222;Erstis&#8220;: 10.11.2025\t\t\t\t\t<\/a>\n\t\t\t\t<\/h4>\n\t\t\t\n\t\t\t\t\t\t\t\t\n\t\t\n\t\t\t\t\t\t<a class=\"fusion-link-wrapper\" href=\"https:\/\/wbs-luebeck.de\/wbs\/info-nachmittag-fuer-unsere-neuen-erstis-10-11-2025\/\" aria-label=\"Info-Nachmittag f\u00fcr unsere neuen &#8222;Erstis&#8220;: 10.11.2025\"><\/a>\n\t<\/div>\n<\/div>\n<\/div>\n<\/li>\n\t\t\t\n\t\t\t\n\t\t\t\t\t\t\t\t\t\t\t\t\t\t\t\t\t\t\t\t\t\t\t\t\t\t\t\t\t\t\t\t\t\t\t\t\t\t\t\t\t\t\t\t\t\t\t\t\t\t\t\t\t\t\t\t\t\t\t\t\t\t\t\t\t\t\t\t<\/ul>\n\t<\/div>\n\t<div class=\"fusion-post-content-wrapper\" style=\"padding:15px 25px 0px 25px;\"><div class=\"fusion-post-content post-content\"><h2 class=\"blog-shortcode-post-title entry-title\"><a href=\"https:\/\/wbs-luebeck.de\/wbs\/info-nachmittag-fuer-unsere-neuen-erstis-10-11-2025\/\">Info-Nachmittag f\u00fcr unsere neuen &#8222;Erstis&#8220;: 10.11.2025<\/a><\/h2><\/div><\/div><div class=\"fusion-clearfix\"><\/div><\/div>\n<\/article>\n<article id=\"blog-1-post-9311\" class=\"fusion-post-grid post-9311 post type-post status-publish format-standard has-post-thumbnail hentry category-aktuelles tag-frei-day tag-gute-schule-in-luebeck tag-luebeck tag-projektwochen tag-schlutup tag-willy-brandt-haus\">\n<div class=\"fusion-post-wrapper\" style=\"background-color:rgba(168,168,168,0);border:none;\">\n\n\t\t\t<div class=\"fusion-flexslider flexslider fusion-flexslider-loading fusion-post-slideshow\" style=\"border-color:rgba(255,255,255,0);\">\n\t\t<ul class=\"slides\">\n\t\t\t\n\t\t\t\t\t\t\t\t\t\t\t\t\t\t<li><div  class=\"fusion-image-wrapper\" aria-haspopup=\"true\">\n\t\t\t\t<img decoding=\"async\" width=\"1280\" height=\"853\" src=\"https:\/\/wbs-luebeck.de\/wbs\/wp-content\/uploads\/2025\/11\/Gross-typorama-215.jpeg\" class=\"attachment-full size-full wp-post-image\" alt=\"\" srcset=\"https:\/\/wbs-luebeck.de\/wbs\/wp-content\/uploads\/2025\/11\/Gross-typorama-215-200x133.jpeg 200w, https:\/\/wbs-luebeck.de\/wbs\/wp-content\/uploads\/2025\/11\/Gross-typorama-215-400x267.jpeg 400w, https:\/\/wbs-luebeck.de\/wbs\/wp-content\/uploads\/2025\/11\/Gross-typorama-215-600x400.jpeg 600w, https:\/\/wbs-luebeck.de\/wbs\/wp-content\/uploads\/2025\/11\/Gross-typorama-215-800x533.jpeg 800w, https:\/\/wbs-luebeck.de\/wbs\/wp-content\/uploads\/2025\/11\/Gross-typorama-215-1200x800.jpeg 1200w, https:\/\/wbs-luebeck.de\/wbs\/wp-content\/uploads\/2025\/11\/Gross-typorama-215.jpeg 1280w\" sizes=\"(min-width: 2200px) 100vw, (min-width: 784px) 373px, (min-width: 712px) 560px, (min-width: 640px) 712px, \" \/><div class=\"fusion-rollover\">\n\t<div class=\"fusion-rollover-content\">\n\n\t\t\t\t\t\t\t\t\t\t\t\t\t\t<a class=\"fusion-rollover-link\" href=\"https:\/\/wbs-luebeck.de\/wbs\/besondere-wochen\/\">Besondere Wochen<\/a>\n\t\t\t\n\t\t\t\t\t\t\t\t\n\t\t\n\t\t\t\t\t\t\t\t\t\t\t\t<h4 class=\"fusion-rollover-title\">\n\t\t\t\t\t<a class=\"fusion-rollover-title-link\" href=\"https:\/\/wbs-luebeck.de\/wbs\/besondere-wochen\/\">\n\t\t\t\t\t\tBesondere Wochen\t\t\t\t\t<\/a>\n\t\t\t\t<\/h4>\n\t\t\t\n\t\t\t\t\t\t\t\t\n\t\t\n\t\t\t\t\t\t<a class=\"fusion-link-wrapper\" href=\"https:\/\/wbs-luebeck.de\/wbs\/besondere-wochen\/\" aria-label=\"Besondere Wochen\"><\/a>\n\t<\/div>\n<\/div>\n<\/div>\n<\/li>\n\t\t\t\n\t\t\t\n\t\t\t\t\t\t\t\t\t\t\t\t\t\t\t\t\t\t\t\t\t\t\t\t\t\t\t\t\t\t\t\t\t\t\t\t\t\t\t\t\t\t\t\t\t\t\t\t\t\t\t\t\t\t\t\t\t\t\t\t\t\t\t\t\t\t\t\t<\/ul>\n\t<\/div>\n\t<div class=\"fusion-post-content-wrapper\" style=\"padding:15px 25px 0px 25px;\"><div class=\"fusion-post-content post-content\"><h2 class=\"blog-shortcode-post-title entry-title\"><a href=\"https:\/\/wbs-luebeck.de\/wbs\/besondere-wochen\/\">Besondere Wochen<\/a><\/h2><\/div><\/div><div class=\"fusion-clearfix\"><\/div><\/div>\n<\/article>\n<article id=\"blog-1-post-9286\" class=\"fusion-post-grid post-9286 post type-post status-publish format-standard has-post-thumbnail hentry category-aktuelles category-hope tag-hope tag-luebeck tag-marina tag-schule-am-wasser tag-schule-anders-denken tag-schule-in-schlutup tag-startchancen tag-wanderkutter\">\n<div class=\"fusion-post-wrapper\" style=\"background-color:rgba(168,168,168,0);border:none;\">\n\n\t\t\t<div class=\"fusion-flexslider flexslider fusion-flexslider-loading fusion-post-slideshow\" style=\"border-color:rgba(255,255,255,0);\">\n\t\t<ul class=\"slides\">\n\t\t\t\n\t\t\t\t\t\t\t\t\t\t\t\t\t\t<li><div  class=\"fusion-image-wrapper\" aria-haspopup=\"true\">\n\t\t\t\t<img decoding=\"async\" width=\"1280\" height=\"853\" src=\"https:\/\/wbs-luebeck.de\/wbs\/wp-content\/uploads\/2025\/11\/Gross-typorama-216.jpeg\" class=\"attachment-full size-full wp-post-image\" alt=\"\" srcset=\"https:\/\/wbs-luebeck.de\/wbs\/wp-content\/uploads\/2025\/11\/Gross-typorama-216-200x133.jpeg 200w, https:\/\/wbs-luebeck.de\/wbs\/wp-content\/uploads\/2025\/11\/Gross-typorama-216-400x267.jpeg 400w, https:\/\/wbs-luebeck.de\/wbs\/wp-content\/uploads\/2025\/11\/Gross-typorama-216-600x400.jpeg 600w, https:\/\/wbs-luebeck.de\/wbs\/wp-content\/uploads\/2025\/11\/Gross-typorama-216-800x533.jpeg 800w, https:\/\/wbs-luebeck.de\/wbs\/wp-content\/uploads\/2025\/11\/Gross-typorama-216-1200x800.jpeg 1200w, https:\/\/wbs-luebeck.de\/wbs\/wp-content\/uploads\/2025\/11\/Gross-typorama-216.jpeg 1280w\" sizes=\"(min-width: 2200px) 100vw, (min-width: 784px) 373px, (min-width: 712px) 560px, (min-width: 640px) 712px, \" \/><div class=\"fusion-rollover\">\n\t<div class=\"fusion-rollover-content\">\n\n\t\t\t\t\t\t\t\t\t\t\t\t\t\t<a class=\"fusion-rollover-link\" href=\"https:\/\/wbs-luebeck.de\/wbs\/immer-eine-handbreit-wasser-unterm-kiel\/\">Immer eine Handbreit Wasser unterm Kiel<\/a>\n\t\t\t\n\t\t\t\t\t\t\t\t\n\t\t\n\t\t\t\t\t\t\t\t\t\t\t\t<h4 class=\"fusion-rollover-title\">\n\t\t\t\t\t<a class=\"fusion-rollover-title-link\" href=\"https:\/\/wbs-luebeck.de\/wbs\/immer-eine-handbreit-wasser-unterm-kiel\/\">\n\t\t\t\t\t\tImmer eine Handbreit Wasser unterm Kiel\t\t\t\t\t<\/a>\n\t\t\t\t<\/h4>\n\t\t\t\n\t\t\t\t\t\t\t\t\n\t\t\n\t\t\t\t\t\t<a class=\"fusion-link-wrapper\" href=\"https:\/\/wbs-luebeck.de\/wbs\/immer-eine-handbreit-wasser-unterm-kiel\/\" aria-label=\"Immer eine Handbreit Wasser unterm Kiel\"><\/a>\n\t<\/div>\n<\/div>\n<\/div>\n<\/li>\n\t\t\t\n\t\t\t\n\t\t\t\t\t\t\t\t\t\t\t\t\t\t\t\t\t\t\t\t\t\t\t\t\t\t\t\t\t\t\t\t\t\t\t\t\t\t\t\t\t\t\t\t\t\t\t\t\t\t\t\t\t\t\t\t\t\t\t\t\t\t\t\t\t\t\t\t<\/ul>\n\t<\/div>\n\t<div class=\"fusion-post-content-wrapper\" style=\"padding:15px 25px 0px 25px;\"><div class=\"fusion-post-content post-content\"><h2 class=\"blog-shortcode-post-title entry-title\"><a href=\"https:\/\/wbs-luebeck.de\/wbs\/immer-eine-handbreit-wasser-unterm-kiel\/\">Immer eine Handbreit Wasser unterm Kiel<\/a><\/h2><\/div><\/div><div class=\"fusion-clearfix\"><\/div><\/div>\n<\/article>\n<article id=\"blog-1-post-9334\" class=\"fusion-post-grid post-9334 post type-post status-publish format-standard has-post-thumbnail hentry category-aktuelles tag-einschulung tag-gute-schulen tag-schulen-in-luebeck\">\n<div class=\"fusion-post-wrapper\" style=\"background-color:rgba(168,168,168,0);border:none;\">\n\n\t\t\t<div class=\"fusion-flexslider flexslider fusion-flexslider-loading fusion-post-slideshow\" style=\"border-color:rgba(255,255,255,0);\">\n\t\t<ul class=\"slides\">\n\t\t\t\n\t\t\t\t\t\t\t\t\t\t\t\t\t\t<li><div  class=\"fusion-image-wrapper\" aria-haspopup=\"true\">\n\t\t\t\t<img decoding=\"async\" width=\"1280\" height=\"853\" src=\"https:\/\/wbs-luebeck.de\/wbs\/wp-content\/uploads\/2025\/11\/Gross-typorama-218-1.jpeg\" class=\"attachment-full size-full wp-post-image\" alt=\"\" srcset=\"https:\/\/wbs-luebeck.de\/wbs\/wp-content\/uploads\/2025\/11\/Gross-typorama-218-1-200x133.jpeg 200w, https:\/\/wbs-luebeck.de\/wbs\/wp-content\/uploads\/2025\/11\/Gross-typorama-218-1-400x267.jpeg 400w, https:\/\/wbs-luebeck.de\/wbs\/wp-content\/uploads\/2025\/11\/Gross-typorama-218-1-600x400.jpeg 600w, https:\/\/wbs-luebeck.de\/wbs\/wp-content\/uploads\/2025\/11\/Gross-typorama-218-1-800x533.jpeg 800w, https:\/\/wbs-luebeck.de\/wbs\/wp-content\/uploads\/2025\/11\/Gross-typorama-218-1-1200x800.jpeg 1200w, https:\/\/wbs-luebeck.de\/wbs\/wp-content\/uploads\/2025\/11\/Gross-typorama-218-1.jpeg 1280w\" sizes=\"(min-width: 2200px) 100vw, (min-width: 784px) 373px, (min-width: 712px) 560px, (min-width: 640px) 712px, \" \/><div class=\"fusion-rollover\">\n\t<div class=\"fusion-rollover-content\">\n\n\t\t\t\t\t\t\t\t\t\t\t\t\t\t<a class=\"fusion-rollover-link\" href=\"https:\/\/wbs-luebeck.de\/wbs\/ego-switch-ein-kulturvermittlerprojekt\/\">Ego Switch &#8211; ein Kulturvermittlerprojekt<\/a>\n\t\t\t\n\t\t\t\t\t\t\t\t\n\t\t\n\t\t\t\t\t\t\t\t\t\t\t\t<h4 class=\"fusion-rollover-title\">\n\t\t\t\t\t<a class=\"fusion-rollover-title-link\" href=\"https:\/\/wbs-luebeck.de\/wbs\/ego-switch-ein-kulturvermittlerprojekt\/\">\n\t\t\t\t\t\tEgo Switch &#8211; ein Kulturvermittlerprojekt\t\t\t\t\t<\/a>\n\t\t\t\t<\/h4>\n\t\t\t\n\t\t\t\t\t\t\t\t\n\t\t\n\t\t\t\t\t\t<a class=\"fusion-link-wrapper\" href=\"https:\/\/wbs-luebeck.de\/wbs\/ego-switch-ein-kulturvermittlerprojekt\/\" aria-label=\"Ego Switch &#8211; ein Kulturvermittlerprojekt\"><\/a>\n\t<\/div>\n<\/div>\n<\/div>\n<\/li>\n\t\t\t\n\t\t\t\n\t\t\t\t\t\t\t\t\t\t\t\t\t\t\t\t\t\t\t\t\t\t\t\t\t\t\t\t\t\t\t\t\t\t\t\t\t\t\t\t\t\t\t\t\t\t\t\t\t\t\t\t\t\t\t\t\t\t\t\t\t\t\t\t\t\t\t\t<\/ul>\n\t<\/div>\n\t<div class=\"fusion-post-content-wrapper\" style=\"padding:15px 25px 0px 25px;\"><div class=\"fusion-post-content post-content\"><h2 class=\"blog-shortcode-post-title entry-title\"><a href=\"https:\/\/wbs-luebeck.de\/wbs\/ego-switch-ein-kulturvermittlerprojekt\/\">Ego Switch &#8211; ein Kulturvermittlerprojekt<\/a><\/h2><\/div><\/div><div class=\"fusion-clearfix\"><\/div><\/div>\n<\/article>\n<article id=\"blog-1-post-9257\" class=\"fusion-post-grid post-9257 post type-post status-publish format-standard has-post-thumbnail hentry category-aktuelles tag-schule-im-aufbruch\">\n<div class=\"fusion-post-wrapper\" style=\"background-color:rgba(168,168,168,0);border:none;\">\n\n\t\t\t<div class=\"fusion-flexslider flexslider fusion-flexslider-loading fusion-post-slideshow\" style=\"border-color:rgba(255,255,255,0);\">\n\t\t<ul class=\"slides\">\n\t\t\t\n\t\t\t\t\t\t\t\t\t\t\t\t\t\t<li><div  class=\"fusion-image-wrapper\" aria-haspopup=\"true\">\n\t\t\t\t<img decoding=\"async\" width=\"2048\" height=\"1365\" src=\"https:\/\/wbs-luebeck.de\/wbs\/wp-content\/uploads\/2025\/09\/typorama-204-1.png\" class=\"attachment-full size-full wp-post-image\" alt=\"\" srcset=\"https:\/\/wbs-luebeck.de\/wbs\/wp-content\/uploads\/2025\/09\/typorama-204-1-200x133.png 200w, https:\/\/wbs-luebeck.de\/wbs\/wp-content\/uploads\/2025\/09\/typorama-204-1-400x267.png 400w, https:\/\/wbs-luebeck.de\/wbs\/wp-content\/uploads\/2025\/09\/typorama-204-1-600x400.png 600w, https:\/\/wbs-luebeck.de\/wbs\/wp-content\/uploads\/2025\/09\/typorama-204-1-800x533.png 800w, https:\/\/wbs-luebeck.de\/wbs\/wp-content\/uploads\/2025\/09\/typorama-204-1-1200x800.png 1200w, https:\/\/wbs-luebeck.de\/wbs\/wp-content\/uploads\/2025\/09\/typorama-204-1.png 2048w\" sizes=\"(min-width: 2200px) 100vw, (min-width: 784px) 373px, (min-width: 712px) 560px, (min-width: 640px) 712px, \" \/><div class=\"fusion-rollover\">\n\t<div class=\"fusion-rollover-content\">\n\n\t\t\t\t\t\t\t\t\t\t\t\t\t\t<a class=\"fusion-rollover-link\" href=\"https:\/\/wbs-luebeck.de\/wbs\/frei-raum-kickoff\/\">Frei-Raum KICKOFF<\/a>\n\t\t\t\n\t\t\t\t\t\t\t\t\n\t\t\n\t\t\t\t\t\t\t\t\t\t\t\t<h4 class=\"fusion-rollover-title\">\n\t\t\t\t\t<a class=\"fusion-rollover-title-link\" href=\"https:\/\/wbs-luebeck.de\/wbs\/frei-raum-kickoff\/\">\n\t\t\t\t\t\tFrei-Raum KICKOFF\t\t\t\t\t<\/a>\n\t\t\t\t<\/h4>\n\t\t\t\n\t\t\t\t\t\t\t\t\n\t\t\n\t\t\t\t\t\t<a class=\"fusion-link-wrapper\" href=\"https:\/\/wbs-luebeck.de\/wbs\/frei-raum-kickoff\/\" aria-label=\"Frei-Raum KICKOFF\"><\/a>\n\t<\/div>\n<\/div>\n<\/div>\n<\/li>\n\t\t\t\n\t\t\t\n\t\t\t\t\t\t\t\t\t\t\t\t\t\t\t\t\t\t\t\t\t\t\t\t\t\t\t\t\t\t\t\t\t\t\t\t\t\t\t\t\t\t\t\t\t\t\t\t\t\t\t\t\t\t\t\t\t\t\t\t\t\t\t\t\t\t\t\t<\/ul>\n\t<\/div>\n\t<div class=\"fusion-post-content-wrapper\" style=\"padding:15px 25px 0px 25px;\"><div class=\"fusion-post-content post-content\"><h2 class=\"blog-shortcode-post-title entry-title\"><a href=\"https:\/\/wbs-luebeck.de\/wbs\/frei-raum-kickoff\/\">Frei-Raum KICKOFF<\/a><\/h2><\/div><\/div><div class=\"fusion-clearfix\"><\/div><\/div>\n<\/article>\n<article id=\"blog-1-post-9240\" class=\"fusion-post-grid post-9240 post type-post status-publish format-standard has-post-thumbnail hentry category-aktuelles\">\n<div class=\"fusion-post-wrapper\" style=\"background-color:rgba(168,168,168,0);border:none;\">\n\n\t\t\t<div class=\"fusion-flexslider flexslider fusion-flexslider-loading fusion-post-slideshow\" style=\"border-color:rgba(255,255,255,0);\">\n\t\t<ul class=\"slides\">\n\t\t\t\n\t\t\t\t\t\t\t\t\t\t\t\t\t\t<li><div  class=\"fusion-image-wrapper\" aria-haspopup=\"true\">\n\t\t\t\t<img decoding=\"async\" width=\"2048\" height=\"1365\" src=\"https:\/\/wbs-luebeck.de\/wbs\/wp-content\/uploads\/2025\/09\/typorama-214.png\" class=\"attachment-full size-full wp-post-image\" alt=\"\" srcset=\"https:\/\/wbs-luebeck.de\/wbs\/wp-content\/uploads\/2025\/09\/typorama-214-200x133.png 200w, https:\/\/wbs-luebeck.de\/wbs\/wp-content\/uploads\/2025\/09\/typorama-214-400x267.png 400w, https:\/\/wbs-luebeck.de\/wbs\/wp-content\/uploads\/2025\/09\/typorama-214-600x400.png 600w, https:\/\/wbs-luebeck.de\/wbs\/wp-content\/uploads\/2025\/09\/typorama-214-800x533.png 800w, https:\/\/wbs-luebeck.de\/wbs\/wp-content\/uploads\/2025\/09\/typorama-214-1200x800.png 1200w, https:\/\/wbs-luebeck.de\/wbs\/wp-content\/uploads\/2025\/09\/typorama-214.png 2048w\" sizes=\"(min-width: 2200px) 100vw, (min-width: 784px) 373px, (min-width: 712px) 560px, (min-width: 640px) 712px, \" \/><div class=\"fusion-rollover\">\n\t<div class=\"fusion-rollover-content\">\n\n\t\t\t\t\t\t\t\t\t\t\t\t\t\t<a class=\"fusion-rollover-link\" href=\"https:\/\/wbs-luebeck.de\/wbs\/kickoff-frei-raum-25\/\">Hilfe f\u00fcr krebskranke Kinder<\/a>\n\t\t\t\n\t\t\t\t\t\t\t\t\n\t\t\n\t\t\t\t\t\t\t\t\t\t\t\t<h4 class=\"fusion-rollover-title\">\n\t\t\t\t\t<a class=\"fusion-rollover-title-link\" href=\"https:\/\/wbs-luebeck.de\/wbs\/kickoff-frei-raum-25\/\">\n\t\t\t\t\t\tHilfe f\u00fcr krebskranke Kinder\t\t\t\t\t<\/a>\n\t\t\t\t<\/h4>\n\t\t\t\n\t\t\t\t\t\t\t\t\n\t\t\n\t\t\t\t\t\t<a class=\"fusion-link-wrapper\" href=\"https:\/\/wbs-luebeck.de\/wbs\/kickoff-frei-raum-25\/\" aria-label=\"Hilfe f\u00fcr krebskranke Kinder\"><\/a>\n\t<\/div>\n<\/div>\n<\/div>\n<\/li>\n\t\t\t\n\t\t\t\n\t\t\t\t\t\t\t\t\t\t\t\t\t\t\t\t\t\t\t\t\t\t\t\t\t\t\t\t\t\t\t\t\t\t\t\t\t\t\t\t\t\t\t\t\t\t\t\t\t\t\t\t\t\t\t\t\t\t\t\t\t\t\t\t\t\t\t\t<\/ul>\n\t<\/div>\n\t<div class=\"fusion-post-content-wrapper\" style=\"padding:15px 25px 0px 25px;\"><div class=\"fusion-post-content post-content\"><h2 class=\"blog-shortcode-post-title entry-title\"><a href=\"https:\/\/wbs-luebeck.de\/wbs\/kickoff-frei-raum-25\/\">Hilfe f\u00fcr krebskranke Kinder<\/a><\/h2><\/div><\/div><div class=\"fusion-clearfix\"><\/div><\/div>\n<\/article>\n<article id=\"blog-1-post-9219\" class=\"fusion-post-grid post-9219 post type-post status-publish format-standard has-post-thumbnail hentry category-aktuelles tag-annefranktag2025 tag-schule-in-schlutup\">\n<div class=\"fusion-post-wrapper\" style=\"background-color:rgba(168,168,168,0);border:none;\">\n\n\t\t\t<div class=\"fusion-flexslider flexslider fusion-flexslider-loading fusion-post-slideshow\" style=\"border-color:rgba(255,255,255,0);\">\n\t\t<ul class=\"slides\">\n\t\t\t\n\t\t\t\t\t\t\t\t\t\t\t\t\t\t<li><div  class=\"fusion-image-wrapper\" aria-haspopup=\"true\">\n\t\t\t\t<img decoding=\"async\" width=\"640\" height=\"426\" src=\"https:\/\/wbs-luebeck.de\/wbs\/wp-content\/uploads\/2025\/09\/Planer-2.jpg\" class=\"attachment-full size-full wp-post-image\" alt=\"\" srcset=\"https:\/\/wbs-luebeck.de\/wbs\/wp-content\/uploads\/2025\/09\/Planer-2-200x133.jpg 200w, https:\/\/wbs-luebeck.de\/wbs\/wp-content\/uploads\/2025\/09\/Planer-2-400x266.jpg 400w, https:\/\/wbs-luebeck.de\/wbs\/wp-content\/uploads\/2025\/09\/Planer-2-600x399.jpg 600w, https:\/\/wbs-luebeck.de\/wbs\/wp-content\/uploads\/2025\/09\/Planer-2.jpg 640w\" sizes=\"(min-width: 2200px) 100vw, (min-width: 784px) 373px, (min-width: 712px) 560px, (min-width: 640px) 712px, \" \/><div class=\"fusion-rollover\">\n\t<div class=\"fusion-rollover-content\">\n\n\t\t\t\t\t\t\t\t\t\t\t\t\t\t<a class=\"fusion-rollover-link\" href=\"https:\/\/wbs-luebeck.de\/wbs\/herzlich-willkommen-schuljahr-25-26\/\">Herzlich willkommen Schuljahr 25\/26<\/a>\n\t\t\t\n\t\t\t\t\t\t\t\t\n\t\t\n\t\t\t\t\t\t\t\t\t\t\t\t<h4 class=\"fusion-rollover-title\">\n\t\t\t\t\t<a class=\"fusion-rollover-title-link\" href=\"https:\/\/wbs-luebeck.de\/wbs\/herzlich-willkommen-schuljahr-25-26\/\">\n\t\t\t\t\t\tHerzlich willkommen Schuljahr 25\/26\t\t\t\t\t<\/a>\n\t\t\t\t<\/h4>\n\t\t\t\n\t\t\t\t\t\t\t\t\n\t\t\n\t\t\t\t\t\t<a class=\"fusion-link-wrapper\" href=\"https:\/\/wbs-luebeck.de\/wbs\/herzlich-willkommen-schuljahr-25-26\/\" aria-label=\"Herzlich willkommen Schuljahr 25\/26\"><\/a>\n\t<\/div>\n<\/div>\n<\/div>\n<\/li>\n\t\t\t\n\t\t\t\n\t\t\t\t\t\t\t\t\t\t\t\t\t\t\t\t\t\t\t\t\t\t\t\t\t\t\t\t\t\t\t\t\t\t\t\t\t\t\t\t\t\t\t\t\t\t\t\t\t\t\t\t\t\t\t\t\t\t\t\t\t\t\t\t\t\t\t\t<\/ul>\n\t<\/div>\n\t<div class=\"fusion-post-content-wrapper\" style=\"padding:15px 25px 0px 25px;\"><div class=\"fusion-post-content post-content\"><h2 class=\"blog-shortcode-post-title entry-title\"><a href=\"https:\/\/wbs-luebeck.de\/wbs\/herzlich-willkommen-schuljahr-25-26\/\">Herzlich willkommen Schuljahr 25\/26<\/a><\/h2><\/div><\/div><div class=\"fusion-clearfix\"><\/div><\/div>\n<\/article>\n<div class=\"fusion-clearfix\"><\/div><\/div><div class=\"pagination clearfix\"><span class=\"current\">1<\/span><a href=\"https:\/\/wbs-luebeck.de\/wbs\/wp-json\/wp\/v2\/pages\/6\/page\/2\/\" class=\"inactive\">2<\/a><a class=\"pagination-next\" rel=\"next\" href=\"https:\/\/wbs-luebeck.de\/wbs\/wp-json\/wp\/v2\/pages\/6\/page\/2\/\"><span class=\"page-text\">Vor<\/span><span class=\"page-next\"><\/span><\/a><\/div><div class=\"fusion-clearfix\"><\/div><\/div><div class=\"fusion-clearfix\"><\/div><\/div><\/div><\/div><\/div>\n","protected":false},"excerpt":{"rendered":"","protected":false},"author":1,"featured_media":0,"parent":0,"menu_order":0,"comment_status":"closed","ping_status":"closed","template":"100-width.php","meta":{"_acf_changed":false,"footnotes":""},"acf":[],"_links":{"self":[{"href":"https:\/\/wbs-luebeck.de\/wbs\/wp-json\/wp\/v2\/pages\/6"}],"collection":[{"href":"https:\/\/wbs-luebeck.de\/wbs\/wp-json\/wp\/v2\/pages"}],"about":[{"href":"https:\/\/wbs-luebeck.de\/wbs\/wp-json\/wp\/v2\/types\/page"}],"author":[{"embeddable":true,"href":"https:\/\/wbs-luebeck.de\/wbs\/wp-json\/wp\/v2\/users\/1"}],"replies":[{"embeddable":true,"href":"https:\/\/wbs-luebeck.de\/wbs\/wp-json\/wp\/v2\/comments?post=6"}],"version-history":[{"count":91,"href":"https:\/\/wbs-luebeck.de\/wbs\/wp-json\/wp\/v2\/pages\/6\/revisions"}],"predecessor-version":[{"id":8568,"href":"https:\/\/wbs-luebeck.de\/wbs\/wp-json\/wp\/v2\/pages\/6\/revisions\/8568"}],"wp:attachment":[{"href":"https:\/\/wbs-luebeck.de\/wbs\/wp-json\/wp\/v2\/media?parent=6"}],"curies":[{"name":"wp","href":"https:\/\/api.w.org\/{rel}","templated":true}]}}