{"id":345,"date":"2019-03-12T15:33:47","date_gmt":"2019-03-12T15:33:47","guid":{"rendered":"http:\/\/wbs-luebeck.de\/wbs\/?page_id=345"},"modified":"2019-03-12T15:33:47","modified_gmt":"2019-03-12T15:33:47","slug":"blog","status":"publish","type":"page","link":"https:\/\/wbs-luebeck.de\/wbs\/blog\/","title":{"rendered":"Blog"},"content":{"rendered":"<p><div class=\"fusion-fullwidth fullwidth-box fusion-builder-row-1 nonhundred-percent-fullwidth non-hundred-percent-height-scrolling\" style=\"--awb-border-radius-top-left:0px;--awb-border-radius-top-right:0px;--awb-border-radius-bottom-right:0px;--awb-border-radius-bottom-left:0px;--awb-padding-top:25px;--awb-margin-bottom:50px;--awb-flex-wrap:wrap;\" ><div class=\"fusion-builder-row fusion-row\"><div class=\"fusion-layout-column fusion_builder_column fusion-builder-column-0 fusion_builder_column_2_3 2_3 fusion-two-third fusion-column-first\" style=\"--awb-padding-bottom:25px;--awb-bg-size:cover;width:66.666666666667%;width:calc(66.666666666667% - ( ( 6% ) * 0.66666666666667 ) );margin-right: 6%;\"><div class=\"fusion-column-wrapper fusion-flex-column-wrapper-legacy\"><div class=\"fusion-blog-shortcode fusion-blog-shortcode-1 fusion-blog-archive fusion-blog-layout-grid-wrapper fusion-blog-pagination fusion-blog-layout-left\"><style type=\"text\/css\">.fusion-blog-shortcode-1 .fusion-blog-layout-grid .fusion-post-grid{padding:20px;}.fusion-blog-shortcode-1 .fusion-posts-container{margin-left: -20px !important; margin-right:-20px !important;}<\/style><div class=\"fusion-posts-container fusion-posts-container-pagination fusion-blog-rollover fusion-blog-layout-grid fusion-blog-layout-grid-2 isotope fusion-blog-equal-heights\" data-pages=\"50\" data-grid-col-space=\"40\" style=\"margin: -20px -20px 0;min-height:500px;\"><article id=\"blog-1-post-9414\" class=\"fusion-post-grid post-9414 post type-post status-publish format-standard has-post-thumbnail hentry category-aktuelles\">\n<div class=\"fusion-post-wrapper\" style=\"background-color:rgba(255,255,255,1);border:1px solid #ffffff;border-bottom-width:3px;\">\n\n\t\t\t<div class=\"fusion-flexslider flexslider fusion-flexslider-loading fusion-post-slideshow\" style=\"border-color:#ffffff;\">\n\t\t<ul class=\"slides\">\n\t\t\t\n\t\t\t\t\t\t\t\t\t\t\t\t\t\t<li><div  class=\"fusion-image-wrapper\" aria-haspopup=\"true\">\n\t\t\t\t<img decoding=\"async\" width=\"2048\" height=\"1365\" src=\"https:\/\/wbs-luebeck.de\/wbs\/wp-content\/uploads\/2026\/02\/typorama-221.png\" class=\"attachment-full size-full wp-post-image\" alt=\"\" srcset=\"https:\/\/wbs-luebeck.de\/wbs\/wp-content\/uploads\/2026\/02\/typorama-221-200x133.png 200w, https:\/\/wbs-luebeck.de\/wbs\/wp-content\/uploads\/2026\/02\/typorama-221-400x267.png 400w, https:\/\/wbs-luebeck.de\/wbs\/wp-content\/uploads\/2026\/02\/typorama-221-600x400.png 600w, https:\/\/wbs-luebeck.de\/wbs\/wp-content\/uploads\/2026\/02\/typorama-221-800x533.png 800w, https:\/\/wbs-luebeck.de\/wbs\/wp-content\/uploads\/2026\/02\/typorama-221-1200x800.png 1200w, https:\/\/wbs-luebeck.de\/wbs\/wp-content\/uploads\/2026\/02\/typorama-221.png 2048w\" sizes=\"(min-width: 2200px) 100vw, (min-width: 712px) 580px, (min-width: 640px) 712px, \" \/><div class=\"fusion-rollover\">\n\t<div class=\"fusion-rollover-content\">\n\n\t\t\t\t\t\t\t\t\t\t\t\t\t\t<a class=\"fusion-rollover-link\" href=\"https:\/\/wbs-luebeck.de\/wbs\/danke-tschuess\/\">Danke &#038; Tsch\u00fcss<\/a>\n\t\t\t\n\t\t\t\t\t\t\t\t\n\t\t\n\t\t\t\t\t\t\t\t\t\t\t\t<h4 class=\"fusion-rollover-title\">\n\t\t\t\t\t<a class=\"fusion-rollover-title-link\" href=\"https:\/\/wbs-luebeck.de\/wbs\/danke-tschuess\/\">\n\t\t\t\t\t\tDanke &#038; Tsch\u00fcss\t\t\t\t\t<\/a>\n\t\t\t\t<\/h4>\n\t\t\t\n\t\t\t\t\t\t\t\t\n\t\t\n\t\t\t\t\t\t<a class=\"fusion-link-wrapper\" href=\"https:\/\/wbs-luebeck.de\/wbs\/danke-tschuess\/\" aria-label=\"Danke &#038; Tsch\u00fcss\"><\/a>\n\t<\/div>\n<\/div>\n<\/div>\n<\/li>\n\t\t\t\n\t\t\t\n\t\t\t\t\t\t\t\t\t\t\t\t\t\t\t\t\t\t\t\t\t\t\t\t\t\t\t\t\t\t\t\t\t\t\t\t\t\t\t\t\t\t\t\t\t\t\t\t\t\t\t\t\t\t\t\t\t\t\t\t\t\t\t\t\t\t\t\t<\/ul>\n\t<\/div>\n\t<div class=\"fusion-post-content-wrapper\" style=\"padding:15px 25px 15px 25px;\"><div class=\"fusion-post-content post-content\"><h2 class=\"blog-shortcode-post-title entry-title\"><a href=\"https:\/\/wbs-luebeck.de\/wbs\/danke-tschuess\/\">Danke &#038; Tsch\u00fcss<\/a><\/h2><p class=\"fusion-single-line-meta\">Von <span class=\"vcard\"><span class=\"fn\"><a href=\"https:\/\/wbs-luebeck.de\/wbs\/author\/alexandra\/\" title=\"Beitr\u00e4ge von SL\" rel=\"author\">SL<\/a><\/span><\/span><span class=\"fusion-inline-sep\">|<\/span><span class=\"updated\" style=\"display:none;\">2026-02-03T18:28:10+01:00<\/span><span>3. Februar 2026<\/span><span class=\"fusion-inline-sep\">|<\/span><\/p><div class=\"fusion-content-sep sep-none\"><\/div><div class=\"fusion-post-content-container\"><p> Am 28.01.2026 wurde unsere Schulleiterin Frau Hase-Rodriguez verabschiedet. Viele Zeremonienmeister und -meisterinnen gestalteten den Tag. Schulversammlung in der Grundschule,<\/p><\/div><\/div><div class=\"fusion-meta-info\"><div class=\"fusion-alignleft\"><a class=\"fusion-read-more\" href=\"https:\/\/wbs-luebeck.de\/wbs\/danke-tschuess\/\" aria-label=\"More on Danke &#038; Tsch\u00fcss\">Weiterlesen<\/a><\/div><div class=\"fusion-alignright\"><a href=\"https:\/\/wbs-luebeck.de\/wbs\/danke-tschuess\/#respond\"><i class=\"awb-icon-bubbles\" aria-hidden=\"true\"><\/i>&nbsp;0<\/a><\/div><\/div><\/div><div class=\"fusion-clearfix\"><\/div><\/div>\n<\/article>\n<article id=\"blog-1-post-9395\" class=\"fusion-post-grid post-9395 post type-post status-publish format-standard has-post-thumbnail hentry category-aktuelles\">\n<div class=\"fusion-post-wrapper\" style=\"background-color:rgba(255,255,255,1);border:1px solid #ffffff;border-bottom-width:3px;\">\n\n\t\t\t<div class=\"fusion-flexslider flexslider fusion-flexslider-loading fusion-post-slideshow\" style=\"border-color:#ffffff;\">\n\t\t<ul class=\"slides\">\n\t\t\t\n\t\t\t\t\t\t\t\t\t\t\t\t\t\t<li><div  class=\"fusion-image-wrapper\" aria-haspopup=\"true\">\n\t\t\t\t<img decoding=\"async\" width=\"640\" height=\"480\" src=\"https:\/\/wbs-luebeck.de\/wbs\/wp-content\/uploads\/2026\/01\/Gusto-1.jpg\" class=\"attachment-full size-full wp-post-image\" alt=\"\" srcset=\"https:\/\/wbs-luebeck.de\/wbs\/wp-content\/uploads\/2026\/01\/Gusto-1-200x150.jpg 200w, https:\/\/wbs-luebeck.de\/wbs\/wp-content\/uploads\/2026\/01\/Gusto-1-400x300.jpg 400w, https:\/\/wbs-luebeck.de\/wbs\/wp-content\/uploads\/2026\/01\/Gusto-1-600x450.jpg 600w, https:\/\/wbs-luebeck.de\/wbs\/wp-content\/uploads\/2026\/01\/Gusto-1.jpg 640w\" sizes=\"(min-width: 2200px) 100vw, (min-width: 712px) 580px, (min-width: 640px) 712px, \" \/><div class=\"fusion-rollover\">\n\t<div class=\"fusion-rollover-content\">\n\n\t\t\t\t\t\t\t\t\t\t\t\t\t\t<a class=\"fusion-rollover-link\" href=\"https:\/\/wbs-luebeck.de\/wbs\/neuer-caterer-ab-16-02-2026\/\">Neuer Caterer ab 16.02.2026<\/a>\n\t\t\t\n\t\t\t\t\t\t\t\t\n\t\t\n\t\t\t\t\t\t\t\t\t\t\t\t<h4 class=\"fusion-rollover-title\">\n\t\t\t\t\t<a class=\"fusion-rollover-title-link\" href=\"https:\/\/wbs-luebeck.de\/wbs\/neuer-caterer-ab-16-02-2026\/\">\n\t\t\t\t\t\tNeuer Caterer ab 16.02.2026\t\t\t\t\t<\/a>\n\t\t\t\t<\/h4>\n\t\t\t\n\t\t\t\t\t\t\t\t\n\t\t\n\t\t\t\t\t\t<a class=\"fusion-link-wrapper\" href=\"https:\/\/wbs-luebeck.de\/wbs\/neuer-caterer-ab-16-02-2026\/\" aria-label=\"Neuer Caterer ab 16.02.2026\"><\/a>\n\t<\/div>\n<\/div>\n<\/div>\n<\/li>\n\t\t\t\n\t\t\t\n\t\t\t\t\t\t\t\t\t\t\t\t\t\t\t\t\t\t\t\t\t\t\t\t\t\t\t\t\t\t\t\t\t\t\t\t\t\t\t\t\t\t\t\t\t\t\t\t\t\t\t\t\t\t\t\t\t\t\t\t\t\t\t\t\t\t\t\t<\/ul>\n\t<\/div>\n\t<div class=\"fusion-post-content-wrapper\" style=\"padding:15px 25px 15px 25px;\"><div class=\"fusion-post-content post-content\"><h2 class=\"blog-shortcode-post-title entry-title\"><a href=\"https:\/\/wbs-luebeck.de\/wbs\/neuer-caterer-ab-16-02-2026\/\">Neuer Caterer ab 16.02.2026<\/a><\/h2><p class=\"fusion-single-line-meta\">Von <span class=\"vcard\"><span class=\"fn\"><a href=\"https:\/\/wbs-luebeck.de\/wbs\/author\/alexandra\/\" title=\"Beitr\u00e4ge von SL\" rel=\"author\">SL<\/a><\/span><\/span><span class=\"fusion-inline-sep\">|<\/span><span class=\"updated\" style=\"display:none;\">2026-01-29T13:45:51+01:00<\/span><span>27. Januar 2026<\/span><span class=\"fusion-inline-sep\">|<\/span><\/p><div class=\"fusion-content-sep sep-none\"><\/div><div class=\"fusion-post-content-container\"><p> Liebe Schulgemeinde, wir werden ab dem 16.02.2026 von einem neuen Caterer beliefert. \u201eGusto mio\u201c wird zuk\u00fcnftig f\u00fcr uns kochen.<\/p><\/div><\/div><div class=\"fusion-meta-info\"><div class=\"fusion-alignleft\"><a class=\"fusion-read-more\" href=\"https:\/\/wbs-luebeck.de\/wbs\/neuer-caterer-ab-16-02-2026\/\" aria-label=\"More on Neuer Caterer ab 16.02.2026\">Weiterlesen<\/a><\/div><div class=\"fusion-alignright\"><a href=\"https:\/\/wbs-luebeck.de\/wbs\/neuer-caterer-ab-16-02-2026\/#respond\"><i class=\"awb-icon-bubbles\" aria-hidden=\"true\"><\/i>&nbsp;0<\/a><\/div><\/div><\/div><div class=\"fusion-clearfix\"><\/div><\/div>\n<\/article>\n<article id=\"blog-1-post-9382\" class=\"fusion-post-grid post-9382 post type-post status-publish format-standard has-post-thumbnail hentry category-aktuelles\">\n<div class=\"fusion-post-wrapper\" style=\"background-color:rgba(255,255,255,1);border:1px solid #ffffff;border-bottom-width:3px;\">\n\n\t\t\t<div class=\"fusion-flexslider flexslider fusion-flexslider-loading fusion-post-slideshow\" style=\"border-color:#ffffff;\">\n\t\t<ul class=\"slides\">\n\t\t\t\n\t\t\t\t\t\t\t\t\t\t\t\t\t\t<li><div  class=\"fusion-image-wrapper\" aria-haspopup=\"true\">\n\t\t\t\t<img decoding=\"async\" width=\"2048\" height=\"1365\" src=\"https:\/\/wbs-luebeck.de\/wbs\/wp-content\/uploads\/2025\/01\/typorama-180.jpg\" class=\"attachment-full size-full wp-post-image\" alt=\"\" srcset=\"https:\/\/wbs-luebeck.de\/wbs\/wp-content\/uploads\/2025\/01\/typorama-180-200x133.jpg 200w, https:\/\/wbs-luebeck.de\/wbs\/wp-content\/uploads\/2025\/01\/typorama-180-400x267.jpg 400w, https:\/\/wbs-luebeck.de\/wbs\/wp-content\/uploads\/2025\/01\/typorama-180-600x400.jpg 600w, https:\/\/wbs-luebeck.de\/wbs\/wp-content\/uploads\/2025\/01\/typorama-180-800x533.jpg 800w, https:\/\/wbs-luebeck.de\/wbs\/wp-content\/uploads\/2025\/01\/typorama-180-1200x800.jpg 1200w, https:\/\/wbs-luebeck.de\/wbs\/wp-content\/uploads\/2025\/01\/typorama-180.jpg 2048w\" sizes=\"(min-width: 2200px) 100vw, (min-width: 712px) 580px, (min-width: 640px) 712px, \" \/><div class=\"fusion-rollover\">\n\t<div class=\"fusion-rollover-content\">\n\n\t\t\t\t\t\t\t\t\t\t\t\t\t\t<a class=\"fusion-rollover-link\" href=\"https:\/\/wbs-luebeck.de\/wbs\/anmeldezeitraum-tag-der-offenen-tuer-fuer-unsere-zukuenftigen-5-klassen\/\">Anmeldezeitraum &#8211; Tag der offenen T\u00fcr f\u00fcr unsere zuk\u00fcnftigen 5. Klassen<\/a>\n\t\t\t\n\t\t\t\t\t\t\t\t\n\t\t\n\t\t\t\t\t\t\t\t\t\t\t\t<h4 class=\"fusion-rollover-title\">\n\t\t\t\t\t<a class=\"fusion-rollover-title-link\" href=\"https:\/\/wbs-luebeck.de\/wbs\/anmeldezeitraum-tag-der-offenen-tuer-fuer-unsere-zukuenftigen-5-klassen\/\">\n\t\t\t\t\t\tAnmeldezeitraum &#8211; Tag der offenen T\u00fcr f\u00fcr unsere zuk\u00fcnftigen 5. Klassen\t\t\t\t\t<\/a>\n\t\t\t\t<\/h4>\n\t\t\t\n\t\t\t\t\t\t\t\t\n\t\t\n\t\t\t\t\t\t<a class=\"fusion-link-wrapper\" href=\"https:\/\/wbs-luebeck.de\/wbs\/anmeldezeitraum-tag-der-offenen-tuer-fuer-unsere-zukuenftigen-5-klassen\/\" aria-label=\"Anmeldezeitraum &#8211; Tag der offenen T\u00fcr f\u00fcr unsere zuk\u00fcnftigen 5. Klassen\"><\/a>\n\t<\/div>\n<\/div>\n<\/div>\n<\/li>\n\t\t\t\n\t\t\t\n\t\t\t\t\t\t\t\t\t\t\t\t\t\t\t\t\t\t\t\t\t\t\t\t\t\t\t\t\t\t\t\t\t\t\t\t\t\t\t\t\t\t\t\t\t\t\t\t\t\t\t\t\t\t\t\t\t\t\t\t\t\t\t\t\t\t\t\t<\/ul>\n\t<\/div>\n\t<div class=\"fusion-post-content-wrapper\" style=\"padding:15px 25px 15px 25px;\"><div class=\"fusion-post-content post-content\"><h2 class=\"blog-shortcode-post-title entry-title\"><a href=\"https:\/\/wbs-luebeck.de\/wbs\/anmeldezeitraum-tag-der-offenen-tuer-fuer-unsere-zukuenftigen-5-klassen\/\">Anmeldezeitraum &#8211; Tag der offenen T\u00fcr f\u00fcr unsere zuk\u00fcnftigen 5. Klassen<\/a><\/h2><p class=\"fusion-single-line-meta\">Von <span class=\"vcard\"><span class=\"fn\"><a href=\"https:\/\/wbs-luebeck.de\/wbs\/author\/alexandra\/\" title=\"Beitr\u00e4ge von SL\" rel=\"author\">SL<\/a><\/span><\/span><span class=\"fusion-inline-sep\">|<\/span><span class=\"updated\" style=\"display:none;\">2026-01-11T14:26:55+01:00<\/span><span>11. Januar 2026<\/span><span class=\"fusion-inline-sep\">|<\/span><\/p><div class=\"fusion-content-sep sep-none\"><\/div><div class=\"fusion-post-content-container\"><p> Liebe Viertkl\u00e4sslerinnen, liebe Viertkl\u00e4ssler, liebe Eltern alle weiterf\u00fchrenden Schulen \u00f6ffnen im Februar ihre T\u00fcren, damit ihr euch viele Schule<\/p><\/div><\/div><div class=\"fusion-meta-info\"><div class=\"fusion-alignleft\"><a class=\"fusion-read-more\" href=\"https:\/\/wbs-luebeck.de\/wbs\/anmeldezeitraum-tag-der-offenen-tuer-fuer-unsere-zukuenftigen-5-klassen\/\" aria-label=\"More on Anmeldezeitraum &#8211; Tag der offenen T\u00fcr f\u00fcr unsere zuk\u00fcnftigen 5. Klassen\">Weiterlesen<\/a><\/div><div class=\"fusion-alignright\"><a href=\"https:\/\/wbs-luebeck.de\/wbs\/anmeldezeitraum-tag-der-offenen-tuer-fuer-unsere-zukuenftigen-5-klassen\/#respond\"><i class=\"awb-icon-bubbles\" aria-hidden=\"true\"><\/i>&nbsp;0<\/a><\/div><\/div><\/div><div class=\"fusion-clearfix\"><\/div><\/div>\n<\/article>\n<article id=\"blog-1-post-9367\" class=\"fusion-post-grid post-9367 post type-post status-publish format-standard has-post-thumbnail hentry category-aktuelles tag-frei-day tag-gemeinnuetzige-sparkassenstiftung-zu-luebeck tag-gute-schulen tag-klimaschutz tag-schlutup tag-schulen-in-luebeck\">\n<div class=\"fusion-post-wrapper\" style=\"background-color:rgba(255,255,255,1);border:1px solid #ffffff;border-bottom-width:3px;\">\n\n\t\t\t<div class=\"fusion-flexslider flexslider fusion-flexslider-loading fusion-post-slideshow\" style=\"border-color:#ffffff;\">\n\t\t<ul class=\"slides\">\n\t\t\t\n\t\t\t\t\t\t\t\t\t\t\t\t\t\t<li><div  class=\"fusion-image-wrapper\" aria-haspopup=\"true\">\n\t\t\t\t<img decoding=\"async\" width=\"1280\" height=\"853\" src=\"https:\/\/wbs-luebeck.de\/wbs\/wp-content\/uploads\/2025\/11\/Gross-typorama-219.jpeg\" class=\"attachment-full size-full wp-post-image\" alt=\"\" srcset=\"https:\/\/wbs-luebeck.de\/wbs\/wp-content\/uploads\/2025\/11\/Gross-typorama-219-200x133.jpeg 200w, https:\/\/wbs-luebeck.de\/wbs\/wp-content\/uploads\/2025\/11\/Gross-typorama-219-400x267.jpeg 400w, https:\/\/wbs-luebeck.de\/wbs\/wp-content\/uploads\/2025\/11\/Gross-typorama-219-600x400.jpeg 600w, https:\/\/wbs-luebeck.de\/wbs\/wp-content\/uploads\/2025\/11\/Gross-typorama-219-800x533.jpeg 800w, https:\/\/wbs-luebeck.de\/wbs\/wp-content\/uploads\/2025\/11\/Gross-typorama-219-1200x800.jpeg 1200w, https:\/\/wbs-luebeck.de\/wbs\/wp-content\/uploads\/2025\/11\/Gross-typorama-219.jpeg 1280w\" sizes=\"(min-width: 2200px) 100vw, (min-width: 712px) 580px, (min-width: 640px) 712px, \" \/><div class=\"fusion-rollover\">\n\t<div class=\"fusion-rollover-content\">\n\n\t\t\t\t\t\t\t\t\t\t\t\t\t\t<a class=\"fusion-rollover-link\" href=\"https:\/\/wbs-luebeck.de\/wbs\/fuer-das-gemeinwohl\/\">F\u00fcr das Gemeinwohl<\/a>\n\t\t\t\n\t\t\t\t\t\t\t\t\n\t\t\n\t\t\t\t\t\t\t\t\t\t\t\t<h4 class=\"fusion-rollover-title\">\n\t\t\t\t\t<a class=\"fusion-rollover-title-link\" href=\"https:\/\/wbs-luebeck.de\/wbs\/fuer-das-gemeinwohl\/\">\n\t\t\t\t\t\tF\u00fcr das Gemeinwohl\t\t\t\t\t<\/a>\n\t\t\t\t<\/h4>\n\t\t\t\n\t\t\t\t\t\t\t\t\n\t\t\n\t\t\t\t\t\t<a class=\"fusion-link-wrapper\" href=\"https:\/\/wbs-luebeck.de\/wbs\/fuer-das-gemeinwohl\/\" aria-label=\"F\u00fcr das Gemeinwohl\"><\/a>\n\t<\/div>\n<\/div>\n<\/div>\n<\/li>\n\t\t\t\n\t\t\t\n\t\t\t\t\t\t\t\t\t\t\t\t\t\t\t\t\t\t\t\t\t\t\t\t\t\t\t\t\t\t\t\t\t\t\t\t\t\t\t\t\t\t\t\t\t\t\t\t\t\t\t\t\t\t\t\t\t\t\t\t\t\t\t\t\t\t\t\t<\/ul>\n\t<\/div>\n\t<div class=\"fusion-post-content-wrapper\" style=\"padding:15px 25px 15px 25px;\"><div class=\"fusion-post-content post-content\"><h2 class=\"blog-shortcode-post-title entry-title\"><a href=\"https:\/\/wbs-luebeck.de\/wbs\/fuer-das-gemeinwohl\/\">F\u00fcr das Gemeinwohl<\/a><\/h2><p class=\"fusion-single-line-meta\">Von <span class=\"vcard\"><span class=\"fn\"><a href=\"https:\/\/wbs-luebeck.de\/wbs\/author\/alexandra\/\" title=\"Beitr\u00e4ge von SL\" rel=\"author\">SL<\/a><\/span><\/span><span class=\"fusion-inline-sep\">|<\/span><span class=\"updated\" style=\"display:none;\">2025-11-19T16:44:20+01:00<\/span><span>19. November 2025<\/span><span class=\"fusion-inline-sep\">|<\/span><\/p><div class=\"fusion-content-sep sep-none\"><\/div><div class=\"fusion-post-content-container\"><p> Wir haben uns mit dem \"Frei-Raum\" f\u00fcr den Klimaschutzpreis der Gemeinn\u00fctzigen Sparkassenstiftung beworben. Auch wenn sich nat\u00fcrlich nicht alle<\/p><\/div><\/div><div class=\"fusion-meta-info\"><div class=\"fusion-alignleft\"><a class=\"fusion-read-more\" href=\"https:\/\/wbs-luebeck.de\/wbs\/fuer-das-gemeinwohl\/\" aria-label=\"More on F\u00fcr das Gemeinwohl\">Weiterlesen<\/a><\/div><div class=\"fusion-alignright\"><a href=\"https:\/\/wbs-luebeck.de\/wbs\/fuer-das-gemeinwohl\/#respond\"><i class=\"awb-icon-bubbles\" aria-hidden=\"true\"><\/i>&nbsp;0<\/a><\/div><\/div><\/div><div class=\"fusion-clearfix\"><\/div><\/div>\n<\/article>\n<article id=\"blog-1-post-9358\" class=\"fusion-post-grid post-9358 post type-post status-publish format-standard has-post-thumbnail hentry category-aktuelles category-galerie tag-gute-schulen tag-musicalschool tag-schlutup tag-schulen-in-luebeck tag-stahlberg-stiftung\">\n<div class=\"fusion-post-wrapper\" style=\"background-color:rgba(255,255,255,1);border:1px solid #ffffff;border-bottom-width:3px;\">\n\n\t\t\t<div class=\"fusion-flexslider flexslider fusion-flexslider-loading fusion-post-slideshow\" style=\"border-color:#ffffff;\">\n\t\t<ul class=\"slides\">\n\t\t\t\n\t\t\t\t\t\t\t\t\t\t\t\t\t\t<li><div  class=\"fusion-image-wrapper\" aria-haspopup=\"true\">\n\t\t\t\t<img decoding=\"async\" width=\"1280\" height=\"853\" src=\"https:\/\/wbs-luebeck.de\/wbs\/wp-content\/uploads\/2025\/11\/Gross-typorama-220.jpeg\" class=\"attachment-full size-full wp-post-image\" alt=\"\" srcset=\"https:\/\/wbs-luebeck.de\/wbs\/wp-content\/uploads\/2025\/11\/Gross-typorama-220-200x133.jpeg 200w, https:\/\/wbs-luebeck.de\/wbs\/wp-content\/uploads\/2025\/11\/Gross-typorama-220-400x267.jpeg 400w, https:\/\/wbs-luebeck.de\/wbs\/wp-content\/uploads\/2025\/11\/Gross-typorama-220-600x400.jpeg 600w, https:\/\/wbs-luebeck.de\/wbs\/wp-content\/uploads\/2025\/11\/Gross-typorama-220-800x533.jpeg 800w, https:\/\/wbs-luebeck.de\/wbs\/wp-content\/uploads\/2025\/11\/Gross-typorama-220-1200x800.jpeg 1200w, https:\/\/wbs-luebeck.de\/wbs\/wp-content\/uploads\/2025\/11\/Gross-typorama-220.jpeg 1280w\" sizes=\"(min-width: 2200px) 100vw, (min-width: 712px) 580px, (min-width: 640px) 712px, \" \/><div class=\"fusion-rollover\">\n\t<div class=\"fusion-rollover-content\">\n\n\t\t\t\t\t\t\t\t\t\t\t\t\t\t<a class=\"fusion-rollover-link\" href=\"https:\/\/wbs-luebeck.de\/wbs\/auf-die-buehne\/\">Auf die B\u00fchne!<\/a>\n\t\t\t\n\t\t\t\t\t\t\t\t\n\t\t\n\t\t\t\t\t\t\t\t\t\t\t\t<h4 class=\"fusion-rollover-title\">\n\t\t\t\t\t<a class=\"fusion-rollover-title-link\" href=\"https:\/\/wbs-luebeck.de\/wbs\/auf-die-buehne\/\">\n\t\t\t\t\t\tAuf die B\u00fchne!\t\t\t\t\t<\/a>\n\t\t\t\t<\/h4>\n\t\t\t\n\t\t\t\t\t\t\t\t\n\t\t\n\t\t\t\t\t\t<a class=\"fusion-link-wrapper\" href=\"https:\/\/wbs-luebeck.de\/wbs\/auf-die-buehne\/\" aria-label=\"Auf die B\u00fchne!\"><\/a>\n\t<\/div>\n<\/div>\n<\/div>\n<\/li>\n\t\t\t\n\t\t\t\n\t\t\t\t\t\t\t\t\t\t\t\t\t\t\t\t\t\t\t\t\t\t\t\t\t\t\t\t\t\t\t\t\t\t\t\t\t\t\t\t\t\t\t\t\t\t\t\t\t\t\t\t\t\t\t\t\t\t\t\t\t\t\t\t\t\t\t\t<\/ul>\n\t<\/div>\n\t<div class=\"fusion-post-content-wrapper\" style=\"padding:15px 25px 15px 25px;\"><div class=\"fusion-post-content post-content\"><h2 class=\"blog-shortcode-post-title entry-title\"><a href=\"https:\/\/wbs-luebeck.de\/wbs\/auf-die-buehne\/\">Auf die B\u00fchne!<\/a><\/h2><p class=\"fusion-single-line-meta\">Von <span class=\"vcard\"><span class=\"fn\"><a href=\"https:\/\/wbs-luebeck.de\/wbs\/author\/alexandra\/\" title=\"Beitr\u00e4ge von SL\" rel=\"author\">SL<\/a><\/span><\/span><span class=\"fusion-inline-sep\">|<\/span><span class=\"updated\" style=\"display:none;\">2025-11-19T16:15:10+01:00<\/span><span>19. November 2025<\/span><span class=\"fusion-inline-sep\">|<\/span><\/p><div class=\"fusion-content-sep sep-none\"><\/div><div class=\"fusion-post-content-container\"><p> 5 Tage, drei Profis, eine Auff\u00fchrung! Wir m\u00f6gen dieses Projekt so sehr! Sich auf etwas Neues einlassen, tanzen, singen,<\/p><\/div><\/div><div class=\"fusion-meta-info\"><div class=\"fusion-alignleft\"><a class=\"fusion-read-more\" href=\"https:\/\/wbs-luebeck.de\/wbs\/auf-die-buehne\/\" aria-label=\"More on Auf die B\u00fchne!\">Weiterlesen<\/a><\/div><div class=\"fusion-alignright\"><a href=\"https:\/\/wbs-luebeck.de\/wbs\/auf-die-buehne\/#respond\"><i class=\"awb-icon-bubbles\" aria-hidden=\"true\"><\/i>&nbsp;0<\/a><\/div><\/div><\/div><div class=\"fusion-clearfix\"><\/div><\/div>\n<\/article>\n<article id=\"blog-1-post-9280\" class=\"fusion-post-grid post-9280 post type-post status-publish format-standard has-post-thumbnail hentry category-aktuelles tag-einschulung tag-gute-schulen tag-schulen-in-luebeck\">\n<div class=\"fusion-post-wrapper\" style=\"background-color:rgba(255,255,255,1);border:1px solid #ffffff;border-bottom-width:3px;\">\n\n\t\t\t<div class=\"fusion-flexslider flexslider fusion-flexslider-loading fusion-post-slideshow\" style=\"border-color:#ffffff;\">\n\t\t<ul class=\"slides\">\n\t\t\t\n\t\t\t\t\t\t\t\t\t\t\t\t\t\t<li><div  class=\"fusion-image-wrapper\" aria-haspopup=\"true\">\n\t\t\t\t<img decoding=\"async\" width=\"2048\" height=\"1365\" src=\"https:\/\/wbs-luebeck.de\/wbs\/wp-content\/uploads\/2024\/10\/typorama-160.png\" class=\"attachment-full size-full wp-post-image\" alt=\"\" srcset=\"https:\/\/wbs-luebeck.de\/wbs\/wp-content\/uploads\/2024\/10\/typorama-160-200x133.png 200w, https:\/\/wbs-luebeck.de\/wbs\/wp-content\/uploads\/2024\/10\/typorama-160-400x267.png 400w, https:\/\/wbs-luebeck.de\/wbs\/wp-content\/uploads\/2024\/10\/typorama-160-600x400.png 600w, https:\/\/wbs-luebeck.de\/wbs\/wp-content\/uploads\/2024\/10\/typorama-160-800x533.png 800w, https:\/\/wbs-luebeck.de\/wbs\/wp-content\/uploads\/2024\/10\/typorama-160-1200x800.png 1200w, https:\/\/wbs-luebeck.de\/wbs\/wp-content\/uploads\/2024\/10\/typorama-160.png 2048w\" sizes=\"(min-width: 2200px) 100vw, (min-width: 712px) 580px, (min-width: 640px) 712px, \" \/><div class=\"fusion-rollover\">\n\t<div class=\"fusion-rollover-content\">\n\n\t\t\t\t\t\t\t\t\t\t\t\t\t\t<a class=\"fusion-rollover-link\" href=\"https:\/\/wbs-luebeck.de\/wbs\/info-nachmittag-fuer-unsere-neuen-erstis-10-11-2025\/\">Info-Nachmittag f\u00fcr unsere neuen &#8222;Erstis&#8220;: 10.11.2025<\/a>\n\t\t\t\n\t\t\t\t\t\t\t\t\n\t\t\n\t\t\t\t\t\t\t\t\t\t\t\t<h4 class=\"fusion-rollover-title\">\n\t\t\t\t\t<a class=\"fusion-rollover-title-link\" href=\"https:\/\/wbs-luebeck.de\/wbs\/info-nachmittag-fuer-unsere-neuen-erstis-10-11-2025\/\">\n\t\t\t\t\t\tInfo-Nachmittag f\u00fcr unsere neuen &#8222;Erstis&#8220;: 10.11.2025\t\t\t\t\t<\/a>\n\t\t\t\t<\/h4>\n\t\t\t\n\t\t\t\t\t\t\t\t\n\t\t\n\t\t\t\t\t\t<a class=\"fusion-link-wrapper\" href=\"https:\/\/wbs-luebeck.de\/wbs\/info-nachmittag-fuer-unsere-neuen-erstis-10-11-2025\/\" aria-label=\"Info-Nachmittag f\u00fcr unsere neuen &#8222;Erstis&#8220;: 10.11.2025\"><\/a>\n\t<\/div>\n<\/div>\n<\/div>\n<\/li>\n\t\t\t\n\t\t\t\n\t\t\t\t\t\t\t\t\t\t\t\t\t\t\t\t\t\t\t\t\t\t\t\t\t\t\t\t\t\t\t\t\t\t\t\t\t\t\t\t\t\t\t\t\t\t\t\t\t\t\t\t\t\t\t\t\t\t\t\t\t\t\t\t\t\t\t\t<\/ul>\n\t<\/div>\n\t<div class=\"fusion-post-content-wrapper\" style=\"padding:15px 25px 15px 25px;\"><div class=\"fusion-post-content post-content\"><h2 class=\"blog-shortcode-post-title entry-title\"><a href=\"https:\/\/wbs-luebeck.de\/wbs\/info-nachmittag-fuer-unsere-neuen-erstis-10-11-2025\/\">Info-Nachmittag f\u00fcr unsere neuen &#8222;Erstis&#8220;: 10.11.2025<\/a><\/h2><p class=\"fusion-single-line-meta\">Von <span class=\"vcard\"><span class=\"fn\"><a href=\"https:\/\/wbs-luebeck.de\/wbs\/author\/alexandra\/\" title=\"Beitr\u00e4ge von SL\" rel=\"author\">SL<\/a><\/span><\/span><span class=\"fusion-inline-sep\">|<\/span><span class=\"updated\" style=\"display:none;\">2025-11-01T13:36:42+01:00<\/span><span>2. November 2025<\/span><span class=\"fusion-inline-sep\">|<\/span><\/p><div class=\"fusion-content-sep sep-none\"><\/div><div class=\"fusion-post-content-container\"><p> Am Montag, den 10. November 2025 freuen wir uns auf Eltern und zuk\u00fcnftige \"Erstis\". Die Einschulungs-Anmeldezeit l\u00e4uft an und<\/p><\/div><\/div><div class=\"fusion-meta-info\"><div class=\"fusion-alignleft\"><a class=\"fusion-read-more\" href=\"https:\/\/wbs-luebeck.de\/wbs\/info-nachmittag-fuer-unsere-neuen-erstis-10-11-2025\/\" aria-label=\"More on Info-Nachmittag f\u00fcr unsere neuen &#8222;Erstis&#8220;: 10.11.2025\">Weiterlesen<\/a><\/div><div class=\"fusion-alignright\"><a href=\"https:\/\/wbs-luebeck.de\/wbs\/info-nachmittag-fuer-unsere-neuen-erstis-10-11-2025\/#respond\"><i class=\"awb-icon-bubbles\" aria-hidden=\"true\"><\/i>&nbsp;0<\/a><\/div><\/div><\/div><div class=\"fusion-clearfix\"><\/div><\/div>\n<\/article>\n<div class=\"fusion-clearfix\"><\/div><\/div><div class=\"pagination clearfix\"><span class=\"current\">1<\/span><a href=\"https:\/\/wbs-luebeck.de\/wbs\/wp-json\/wp\/v2\/pages\/345\/page\/2\/\" class=\"inactive\">2<\/a><a class=\"pagination-next\" rel=\"next\" href=\"https:\/\/wbs-luebeck.de\/wbs\/wp-json\/wp\/v2\/pages\/345\/page\/2\/\"><span class=\"page-text\">Vor<\/span><span class=\"page-next\"><\/span><\/a><\/div><div class=\"fusion-clearfix\"><\/div><\/div><div class=\"fusion-clearfix\"><\/div><\/div><\/div><div class=\"fusion-layout-column fusion_builder_column fusion-builder-column-1 fusion_builder_column_1_3 1_3 fusion-one-third fusion-column-last\" style=\"--awb-bg-size:cover;--awb-margin-top:0px;width:33.333333333333%;width:calc(33.333333333333% - ( ( 6% ) * 0.33333333333333 ) );\"><div class=\"fusion-column-wrapper fusion-flex-column-wrapper-legacy\"><div class=\"fusion-builder-row fusion-builder-row-inner fusion-row\"><div class=\"fusion-layout-column fusion_builder_column_inner fusion-builder-nested-column-0 fusion_builder_column_inner_1_1 1_1 fusion-one-full fusion-column-first fusion-column-last\" style=\"--awb-padding-top:160px;--awb-padding-bottom:160px;--awb-bg-image:url(&#039;http:\/\/wbs-luebeck.de\/wbs\/wp-content\/uploads\/2019\/03\/ad-bg.jpg&#039;);--awb-bg-position:center center;--awb-bg-size:cover;--awb-margin-bottom:50px;\"><div class=\"fusion-column-wrapper fusion-flex-column-wrapper-legacy fusion-column-has-bg-image\" data-bg-url=\"http:\/\/wbs-luebeck.de\/wbs\/wp-content\/uploads\/2019\/03\/ad-bg.jpg\"><div class=\"fusion-column-content-centered\"><div class=\"fusion-column-content\"><div class=\"fusion-text fusion-text-1\"><h2 style=\"text-align: center; margin-top: 0; margin-bottom: 0;\">VIEW OUR<br \/>\nLATEST<br \/>\nRECIPES<\/h2>\n<\/div><\/div><\/div><div class=\"fusion-clearfix\"><\/div><\/div><\/div><\/div><div class=\"fusion-widget-area awb-widget-area-element fusion-widget-area-1 fusion-content-widget-area\" style=\"--awb-title-size:18px;--awb-background-color:rgba(255,255,255,0);--awb-title-color:#fc7523;--awb-padding:0px 0px 0px 0px;\"><section id=\"search-2\" class=\"widget widget_search\">\t\t<form role=\"search\" class=\"searchform fusion-search-form  fusion-live-search fusion-search-form-clean\" method=\"get\" action=\"https:\/\/wbs-luebeck.de\/wbs\/\">\n\t\t\t<div class=\"fusion-search-form-content\">\n\n\t\t\t\t\n\t\t\t\t<div class=\"fusion-search-field search-field\">\n\t\t\t\t\t<label><span class=\"screen-reader-text\">Suche nach:<\/span>\n\t\t\t\t\t\t\t\t\t\t\t\t\t<input type=\"search\" class=\"s fusion-live-search-input\" name=\"s\" id=\"fusion-live-search-input-0\" autocomplete=\"off\" placeholder=\"Suchen...\" required aria-required=\"true\" aria-label=\"Suchen...\"\/>\n\t\t\t\t\t\t\t\t\t\t\t<\/label>\n\t\t\t\t<\/div>\n\t\t\t\t<div class=\"fusion-search-button search-button\">\n\t\t\t\t\t<input type=\"submit\" class=\"fusion-search-submit searchsubmit\" aria-label=\"Suche\" value=\"&#xf002;\" \/>\n\t\t\t\t\t\t\t\t\t\t<div class=\"fusion-slider-loading\"><\/div>\n\t\t\t\t\t\t\t\t\t<\/div>\n\n\t\t\t\t\n\t\t\t<\/div>\n\n\n\t\t\t\t\t\t\t<div class=\"fusion-search-results-wrapper\"><div class=\"fusion-search-results\"><\/div><\/div>\n\t\t\t\n\t\t<\/form>\n\t\t<\/section><section id=\"recent-comments-2\" class=\"widget widget_recent_comments\"><div class=\"heading\"><h4 class=\"widget-title\">Neueste Kommentare<\/h4><\/div><ul id=\"recentcomments\"><\/ul><\/section><section id=\"categories-2\" class=\"widget widget_categories\"><div class=\"heading\"><h4 class=\"widget-title\">Kategorien<\/h4><\/div>\n\t\t\t<ul>\n\t\t\t\t\t<li class=\"cat-item cat-item-83\"><a href=\"https:\/\/wbs-luebeck.de\/wbs\/category\/aktuelles\/\">Aktuelles<\/a>\n<\/li>\n\t<li class=\"cat-item cat-item-1\"><a href=\"https:\/\/wbs-luebeck.de\/wbs\/category\/uncategorized\/\">Allgemein<\/a>\n<\/li>\n\t<li class=\"cat-item cat-item-96\"><a href=\"https:\/\/wbs-luebeck.de\/wbs\/category\/galerie\/\">Galerie<\/a>\n<\/li>\n\t<li class=\"cat-item cat-item-106\"><a href=\"https:\/\/wbs-luebeck.de\/wbs\/category\/hope\/\">Hope<\/a>\n<\/li>\n\t\t\t<\/ul>\n\n\t\t\t<\/section><section id=\"meta-2\" class=\"widget widget_meta\"><div class=\"heading\"><h4 class=\"widget-title\">Meta<\/h4><\/div>\n\t\t<ul>\n\t\t\t\t\t\t<li><a href=\"https:\/\/wbs-luebeck.de\/wbs\/wp-login.php\">Anmelden<\/a><\/li>\n\t\t\t<li><a href=\"https:\/\/wbs-luebeck.de\/wbs\/feed\/\">Eintrags-Feed<\/a><\/li>\n\t\t\t<li><a href=\"https:\/\/wbs-luebeck.de\/wbs\/comments\/feed\/\">Kommentar-Feed<\/a><\/li>\n\n\t\t\t<li><a href=\"https:\/\/de.wordpress.org\/\">WordPress.org<\/a><\/li>\n\t\t<\/ul>\n\n\t\t<\/section><section id=\"search-3\" class=\"widget widget_search\">\t\t<form role=\"search\" class=\"searchform fusion-search-form  fusion-live-search fusion-search-form-clean\" method=\"get\" action=\"https:\/\/wbs-luebeck.de\/wbs\/\">\n\t\t\t<div class=\"fusion-search-form-content\">\n\n\t\t\t\t\n\t\t\t\t<div class=\"fusion-search-field search-field\">\n\t\t\t\t\t<label><span class=\"screen-reader-text\">Suche nach:<\/span>\n\t\t\t\t\t\t\t\t\t\t\t\t\t<input type=\"search\" class=\"s fusion-live-search-input\" name=\"s\" id=\"fusion-live-search-input-1\" autocomplete=\"off\" placeholder=\"Suchen...\" required aria-required=\"true\" aria-label=\"Suchen...\"\/>\n\t\t\t\t\t\t\t\t\t\t\t<\/label>\n\t\t\t\t<\/div>\n\t\t\t\t<div class=\"fusion-search-button search-button\">\n\t\t\t\t\t<input type=\"submit\" class=\"fusion-search-submit searchsubmit\" aria-label=\"Suche\" value=\"&#xf002;\" \/>\n\t\t\t\t\t\t\t\t\t\t<div class=\"fusion-slider-loading\"><\/div>\n\t\t\t\t\t\t\t\t\t<\/div>\n\n\t\t\t\t\n\t\t\t<\/div>\n\n\n\t\t\t\t\t\t\t<div class=\"fusion-search-results-wrapper\"><div class=\"fusion-search-results\"><\/div><\/div>\n\t\t\t\n\t\t<\/form>\n\t\t<\/section><section id=\"pyre_tabs-widget-2\" class=\"widget fusion-tabs-widget\">\t\t<div class=\"fusion-tabs-widget-wrapper fusion-tabs-widget-3 fusion-tabs-clean fusion-tabs-image-circle tab-holder\">\n\t\t\t<nav class=\"fusion-tabs-nav\">\n\t\t\t\t<ul class=\"tabset tabs\">\n\n\t\t\t\t\t\t\t\t\t\t\t<li class=\"active\"><a href=\"#\" data-link=\"fusion-tab-popular\">Beliebt<\/a><\/li>\n\t\t\t\t\t\n\t\t\t\t\t\t\t\t\t\t\t<li><a href=\"#\" data-link=\"fusion-tab-recent\">K\u00fcrzlich<\/a><\/li>\n\t\t\t\t\t\n\t\t\t\t\t\t\t\t\t\t\t<li><a href=\"#\" data-link=\"fusion-tab-comments\"><span class=\"awb-icon-bubbles\"><\/span><span class=\"screen-reader-text\">Kommentare<\/span><\/a><\/li>\n\t\t\t\t\t\n\t\t\t\t<\/ul>\n\t\t\t<\/nav>\n\n\t\t\t<div class=\"fusion-tabs-widget-content tab-box tabs-container\">\n\n\t\t\t\t\n\t\t\t\t\t<div class=\"fusion-tab-popular fusion-tab-content tab tab_content\" data-name=\"fusion-tab-popular\">\n\t\t\t\t\t\t\n\t\t\t\t\t\t<ul class=\"fusion-tabs-widget-items news-list\">\n\t\t\t\t\t\t\t\t\t\t\t\t\t\t\t\t\t\t\t\t\t\t\t\t\t\t\t\t\t\t\t\t\t<li>\n\t\t\t\t\t\t\t\t\t\t\t\t\t\t\t\t\t\t\t\t\t<div class=\"image\">\n\t\t\t\t\t\t\t\t\t\t\t\t<a href=\"https:\/\/wbs-luebeck.de\/wbs\/erste-hilfe-bei-problemen-mit-der-neuen-e-mail-adresse\/\" aria-label=\"Erste Hilfe bei Problemen mit der neuen E-Mail-Adresse\/L\u00fcbeck-Portal\"><img decoding=\"async\" width=\"66\" height=\"66\" src=\"https:\/\/wbs-luebeck.de\/wbs\/wp-content\/uploads\/2020\/04\/Portal-1-66x66.jpg\" class=\"attachment-recent-works-thumbnail size-recent-works-thumbnail wp-post-image\" alt=\"\" srcset=\"https:\/\/wbs-luebeck.de\/wbs\/wp-content\/uploads\/2020\/04\/Portal-1-66x66.jpg 66w, https:\/\/wbs-luebeck.de\/wbs\/wp-content\/uploads\/2020\/04\/Portal-1-150x150.jpg 150w\" sizes=\"(max-width: 66px) 100vw, 66px\" \/><\/a>\n\t\t\t\t\t\t\t\t\t\t\t<\/div>\n\t\t\t\t\t\t\t\t\t\t\n\t\t\t\t\t\t\t\t\t\t<div class=\"post-holder\">\n\t\t\t\t\t\t\t\t\t\t\t<a href=\"https:\/\/wbs-luebeck.de\/wbs\/erste-hilfe-bei-problemen-mit-der-neuen-e-mail-adresse\/\">Erste Hilfe bei Problemen mit der neuen E-Mail-Adresse\/L\u00fcbeck-Portal<\/a>\n\t\t\t\t\t\t\t\t\t\t\t<div class=\"fusion-meta\">\n\t\t\t\t\t\t\t\t\t\t\t\t14. August 2020\t\t\t\t\t\t\t\t\t\t\t<\/div>\n\t\t\t\t\t\t\t\t\t\t<\/div>\n\t\t\t\t\t\t\t\t\t<\/li>\n\t\t\t\t\t\t\t\t\t\t\t\t\t\t\t\t\t\t\t\t\t\t\t\t\t\t<li>\n\t\t\t\t\t\t\t\t\t\t\t\t\t\t\t\t\t\t\t\t\t<div class=\"image\">\n\t\t\t\t\t\t\t\t\t\t\t\t<a href=\"https:\/\/wbs-luebeck.de\/wbs\/mit-der-feuerwehr-nach-fukushima-was-man-in-projektpruefungen-alles-so-erlebt\/\" aria-label=\"Mit der Feuerwehr nach Fukushima:  Was man in Projektpr\u00fcfungen alles so erlebt\"><img decoding=\"async\" width=\"66\" height=\"66\" src=\"https:\/\/wbs-luebeck.de\/wbs\/wp-content\/uploads\/2022\/01\/Feuerwehr-66x66.jpg\" class=\"attachment-recent-works-thumbnail size-recent-works-thumbnail wp-post-image\" alt=\"\" srcset=\"https:\/\/wbs-luebeck.de\/wbs\/wp-content\/uploads\/2022\/01\/Feuerwehr-66x66.jpg 66w, https:\/\/wbs-luebeck.de\/wbs\/wp-content\/uploads\/2022\/01\/Feuerwehr-150x150.jpg 150w\" sizes=\"(max-width: 66px) 100vw, 66px\" \/><\/a>\n\t\t\t\t\t\t\t\t\t\t\t<\/div>\n\t\t\t\t\t\t\t\t\t\t\n\t\t\t\t\t\t\t\t\t\t<div class=\"post-holder\">\n\t\t\t\t\t\t\t\t\t\t\t<a href=\"https:\/\/wbs-luebeck.de\/wbs\/mit-der-feuerwehr-nach-fukushima-was-man-in-projektpruefungen-alles-so-erlebt\/\">Mit der Feuerwehr nach Fukushima:  Was man in Projektpr\u00fcfungen alles so erlebt<\/a>\n\t\t\t\t\t\t\t\t\t\t\t<div class=\"fusion-meta\">\n\t\t\t\t\t\t\t\t\t\t\t\t26. Januar 2022\t\t\t\t\t\t\t\t\t\t\t<\/div>\n\t\t\t\t\t\t\t\t\t\t<\/div>\n\t\t\t\t\t\t\t\t\t<\/li>\n\t\t\t\t\t\t\t\t\t\t\t\t\t\t\t\t\t\t\t\t\t\t\t\t\t\t<li>\n\t\t\t\t\t\t\t\t\t\t\t\t\t\t\t\t\t\t\t\t\t<div class=\"image\">\n\t\t\t\t\t\t\t\t\t\t\t\t<a href=\"https:\/\/wbs-luebeck.de\/wbs\/74-luebecker-staffellauf\/\" aria-label=\"74. L\u00fcbecker Staffellauf\"><img decoding=\"async\" width=\"66\" height=\"66\" src=\"https:\/\/wbs-luebeck.de\/wbs\/wp-content\/uploads\/2023\/09\/Staffel-23_1-66x66.jpg\" class=\"attachment-recent-works-thumbnail size-recent-works-thumbnail wp-post-image\" alt=\"\" srcset=\"https:\/\/wbs-luebeck.de\/wbs\/wp-content\/uploads\/2023\/09\/Staffel-23_1-66x66.jpg 66w, https:\/\/wbs-luebeck.de\/wbs\/wp-content\/uploads\/2023\/09\/Staffel-23_1-150x150.jpg 150w\" sizes=\"(max-width: 66px) 100vw, 66px\" \/><\/a>\n\t\t\t\t\t\t\t\t\t\t\t<\/div>\n\t\t\t\t\t\t\t\t\t\t\n\t\t\t\t\t\t\t\t\t\t<div class=\"post-holder\">\n\t\t\t\t\t\t\t\t\t\t\t<a href=\"https:\/\/wbs-luebeck.de\/wbs\/74-luebecker-staffellauf\/\">74. L\u00fcbecker Staffellauf<\/a>\n\t\t\t\t\t\t\t\t\t\t\t<div class=\"fusion-meta\">\n\t\t\t\t\t\t\t\t\t\t\t\t17. September 2023\t\t\t\t\t\t\t\t\t\t\t<\/div>\n\t\t\t\t\t\t\t\t\t\t<\/div>\n\t\t\t\t\t\t\t\t\t<\/li>\n\t\t\t\t\t\t\t\t\n\t\t\t\t\t\t\t\t\t\t\t\t\t\t\t\t\t\t\t\t\t<\/ul>\n\t\t\t\t\t<\/div>\n\n\t\t\t\t\n\t\t\t\t\n\t\t\t\t\t<div class=\"fusion-tab-recent fusion-tab-content tab tab_content\" data-name=\"fusion-tab-recent\" style=\"display: none;\">\n\n\t\t\t\t\t\t\n\t\t\t\t\t\t<ul class=\"fusion-tabs-widget-items news-list\">\n\t\t\t\t\t\t\t\t\t\t\t\t\t\t\t\t\t\t\t\t\t\t\t\t\t\t\t\t\t\t\t\t\t<li>\n\t\t\t\t\t\t\t\t\t\t\t\t\t\t\t\t\t\t\t\t\t<div class=\"image\">\n\t\t\t\t\t\t\t\t\t\t\t\t<a href=\"https:\/\/wbs-luebeck.de\/wbs\/danke-tschuess\/\" aria-label=\"Danke &#038; Tsch\u00fcss\"><img decoding=\"async\" width=\"66\" height=\"66\" src=\"https:\/\/wbs-luebeck.de\/wbs\/wp-content\/uploads\/2026\/02\/typorama-221-66x66.png\" class=\"attachment-recent-works-thumbnail size-recent-works-thumbnail wp-post-image\" alt=\"\" srcset=\"https:\/\/wbs-luebeck.de\/wbs\/wp-content\/uploads\/2026\/02\/typorama-221-66x66.png 66w, https:\/\/wbs-luebeck.de\/wbs\/wp-content\/uploads\/2026\/02\/typorama-221-150x150.png 150w\" sizes=\"(max-width: 66px) 100vw, 66px\" \/><\/a>\n\t\t\t\t\t\t\t\t\t\t\t<\/div>\n\t\t\t\t\t\t\t\t\t\t\t\t\t\t\t\t\t\t\t\t<div class=\"post-holder\">\n\t\t\t\t\t\t\t\t\t\t\t<a href=\"https:\/\/wbs-luebeck.de\/wbs\/danke-tschuess\/\">Danke &#038; Tsch\u00fcss<\/a>\n\t\t\t\t\t\t\t\t\t\t\t<div class=\"fusion-meta\">\n\t\t\t\t\t\t\t\t\t\t\t\t3. Februar 2026\t\t\t\t\t\t\t\t\t\t\t<\/div>\n\t\t\t\t\t\t\t\t\t\t<\/div>\n\t\t\t\t\t\t\t\t\t<\/li>\n\t\t\t\t\t\t\t\t\t\t\t\t\t\t\t\t\t\t\t\t\t\t\t\t\t\t<li>\n\t\t\t\t\t\t\t\t\t\t\t\t\t\t\t\t\t\t\t\t\t<div class=\"image\">\n\t\t\t\t\t\t\t\t\t\t\t\t<a href=\"https:\/\/wbs-luebeck.de\/wbs\/neuer-caterer-ab-16-02-2026\/\" aria-label=\"Neuer Caterer ab 16.02.2026\"><img decoding=\"async\" width=\"66\" height=\"66\" src=\"https:\/\/wbs-luebeck.de\/wbs\/wp-content\/uploads\/2026\/01\/Gusto-1-66x66.jpg\" class=\"attachment-recent-works-thumbnail size-recent-works-thumbnail wp-post-image\" alt=\"\" srcset=\"https:\/\/wbs-luebeck.de\/wbs\/wp-content\/uploads\/2026\/01\/Gusto-1-66x66.jpg 66w, https:\/\/wbs-luebeck.de\/wbs\/wp-content\/uploads\/2026\/01\/Gusto-1-150x150.jpg 150w\" sizes=\"(max-width: 66px) 100vw, 66px\" \/><\/a>\n\t\t\t\t\t\t\t\t\t\t\t<\/div>\n\t\t\t\t\t\t\t\t\t\t\t\t\t\t\t\t\t\t\t\t<div class=\"post-holder\">\n\t\t\t\t\t\t\t\t\t\t\t<a href=\"https:\/\/wbs-luebeck.de\/wbs\/neuer-caterer-ab-16-02-2026\/\">Neuer Caterer ab 16.02.2026<\/a>\n\t\t\t\t\t\t\t\t\t\t\t<div class=\"fusion-meta\">\n\t\t\t\t\t\t\t\t\t\t\t\t27. Januar 2026\t\t\t\t\t\t\t\t\t\t\t<\/div>\n\t\t\t\t\t\t\t\t\t\t<\/div>\n\t\t\t\t\t\t\t\t\t<\/li>\n\t\t\t\t\t\t\t\t\t\t\t\t\t\t\t\t\t\t\t\t\t\t\t\t\t\t<li>\n\t\t\t\t\t\t\t\t\t\t\t\t\t\t\t\t\t\t\t\t\t<div class=\"image\">\n\t\t\t\t\t\t\t\t\t\t\t\t<a href=\"https:\/\/wbs-luebeck.de\/wbs\/anmeldezeitraum-tag-der-offenen-tuer-fuer-unsere-zukuenftigen-5-klassen\/\" aria-label=\"Anmeldezeitraum &#8211; Tag der offenen T\u00fcr f\u00fcr unsere zuk\u00fcnftigen 5. Klassen\"><img decoding=\"async\" width=\"66\" height=\"66\" src=\"https:\/\/wbs-luebeck.de\/wbs\/wp-content\/uploads\/2025\/01\/typorama-180-66x66.jpg\" class=\"attachment-recent-works-thumbnail size-recent-works-thumbnail wp-post-image\" alt=\"\" srcset=\"https:\/\/wbs-luebeck.de\/wbs\/wp-content\/uploads\/2025\/01\/typorama-180-66x66.jpg 66w, https:\/\/wbs-luebeck.de\/wbs\/wp-content\/uploads\/2025\/01\/typorama-180-150x150.jpg 150w\" sizes=\"(max-width: 66px) 100vw, 66px\" \/><\/a>\n\t\t\t\t\t\t\t\t\t\t\t<\/div>\n\t\t\t\t\t\t\t\t\t\t\t\t\t\t\t\t\t\t\t\t<div class=\"post-holder\">\n\t\t\t\t\t\t\t\t\t\t\t<a href=\"https:\/\/wbs-luebeck.de\/wbs\/anmeldezeitraum-tag-der-offenen-tuer-fuer-unsere-zukuenftigen-5-klassen\/\">Anmeldezeitraum &#8211; Tag der offenen T\u00fcr f\u00fcr unsere zuk\u00fcnftigen 5. Klassen<\/a>\n\t\t\t\t\t\t\t\t\t\t\t<div class=\"fusion-meta\">\n\t\t\t\t\t\t\t\t\t\t\t\t11. Januar 2026\t\t\t\t\t\t\t\t\t\t\t<\/div>\n\t\t\t\t\t\t\t\t\t\t<\/div>\n\t\t\t\t\t\t\t\t\t<\/li>\n\t\t\t\t\t\t\t\t\t\t\t\t\t\t\t\t\t\t\t\t\t\t\t\t\t\t\t\t\t<\/ul>\n\t\t\t\t\t<\/div>\n\t\t\t\t\n\t\t\t\t\n\t\t\t\t\t<div class=\"fusion-tab-comments tab fusion-tab-content tab_content\" data-name=\"fusion-tab-comments\" style=\"display: none;\">\n\t\t\t\t\t\t<ul class=\"fusion-tabs-widget-items news-list\">\n\t\t\t\t\t\t\t\n\t\t\t\t\t\t\t\t\t\t\t\t\t\t\t<li>Es wurden noch keine Kommentare ver\u00f6ffentlicht.<\/li>\n\t\t\t\t\t\t\t\t\t\t\t\t\t<\/ul>\n\t\t\t\t\t<\/div>\n\n\t\t\t\t\t\t\t<\/div>\n\t\t<\/div>\n\t\t<\/section>\n\t\t<section id=\"recent-posts-2\" class=\"widget widget_recent_entries\">\n\t\t<div class=\"heading\"><h4 class=\"widget-title\">Neueste Beitr\u00e4ge<\/h4><\/div>\n\t\t<ul>\n\t\t\t\t\t\t\t\t\t\t\t<li>\n\t\t\t\t\t<a href=\"https:\/\/wbs-luebeck.de\/wbs\/danke-tschuess\/\">Danke &#038; Tsch\u00fcss<\/a>\n\t\t\t\t\t\t\t\t\t<\/li>\n\t\t\t\t\t\t\t\t\t\t\t<li>\n\t\t\t\t\t<a href=\"https:\/\/wbs-luebeck.de\/wbs\/neuer-caterer-ab-16-02-2026\/\">Neuer Caterer ab 16.02.2026<\/a>\n\t\t\t\t\t\t\t\t\t<\/li>\n\t\t\t\t\t\t\t\t\t\t\t<li>\n\t\t\t\t\t<a href=\"https:\/\/wbs-luebeck.de\/wbs\/anmeldezeitraum-tag-der-offenen-tuer-fuer-unsere-zukuenftigen-5-klassen\/\">Anmeldezeitraum &#8211; Tag der offenen T\u00fcr f\u00fcr unsere zuk\u00fcnftigen 5. Klassen<\/a>\n\t\t\t\t\t\t\t\t\t<\/li>\n\t\t\t\t\t\t\t\t\t\t\t<li>\n\t\t\t\t\t<a href=\"https:\/\/wbs-luebeck.de\/wbs\/fuer-das-gemeinwohl\/\">F\u00fcr das Gemeinwohl<\/a>\n\t\t\t\t\t\t\t\t\t<\/li>\n\t\t\t\t\t\t\t\t\t\t\t<li>\n\t\t\t\t\t<a href=\"https:\/\/wbs-luebeck.de\/wbs\/auf-die-buehne\/\">Auf die B\u00fchne!<\/a>\n\t\t\t\t\t\t\t\t\t<\/li>\n\t\t\t\t\t\t\t\t\t\t\t<li>\n\t\t\t\t\t<a href=\"https:\/\/wbs-luebeck.de\/wbs\/info-nachmittag-fuer-unsere-neuen-erstis-10-11-2025\/\">Info-Nachmittag f\u00fcr unsere neuen &#8222;Erstis&#8220;: 10.11.2025<\/a>\n\t\t\t\t\t\t\t\t\t<\/li>\n\t\t\t\t\t\t\t\t\t\t\t<li>\n\t\t\t\t\t<a href=\"https:\/\/wbs-luebeck.de\/wbs\/besondere-wochen\/\">Besondere Wochen<\/a>\n\t\t\t\t\t\t\t\t\t<\/li>\n\t\t\t\t\t<\/ul>\n\n\t\t<\/section><section id=\"tag_cloud-2\" class=\"widget widget_tag_cloud\"><div class=\"heading\"><h4 class=\"widget-title\">Tags<\/h4><\/div><div class=\"tagcloud\"><a href=\"https:\/\/wbs-luebeck.de\/wbs\/tag\/annefranktag2025\/\" class=\"tag-cloud-link tag-link-108 tag-link-position-1\" aria-label=\"#AnneFrankTag2025 (6\u00a0Eintr\u00e4ge)\">#AnneFrankTag2025<\/a>\n<a href=\"https:\/\/wbs-luebeck.de\/wbs\/tag\/camera-obscura\/\" class=\"tag-cloud-link tag-link-110 tag-link-position-2\" aria-label=\"Camera Obscura (2\u00a0Eintr\u00e4ge)\">Camera Obscura<\/a>\n<a href=\"https:\/\/wbs-luebeck.de\/wbs\/tag\/einschulung\/\" class=\"tag-cloud-link tag-link-124 tag-link-position-3\" aria-label=\"Einschulung (2\u00a0Eintr\u00e4ge)\">Einschulung<\/a>\n<a href=\"https:\/\/wbs-luebeck.de\/wbs\/tag\/frei-day\/\" class=\"tag-cloud-link tag-link-122 tag-link-position-4\" aria-label=\"FRei-Day (2\u00a0Eintr\u00e4ge)\">FRei-Day<\/a>\n<a href=\"https:\/\/wbs-luebeck.de\/wbs\/tag\/gemeinnuetzige-sparkassenstiftung-zu-luebeck\/\" class=\"tag-cloud-link tag-link-129 tag-link-position-5\" aria-label=\"gemeinn\u00fctzige Sparkassenstiftung zu L\u00fcbeck (1\u00a0Eintrag)\">gemeinn\u00fctzige Sparkassenstiftung zu L\u00fcbeck<\/a>\n<a href=\"https:\/\/wbs-luebeck.de\/wbs\/tag\/gute-schule-in-luebeck\/\" class=\"tag-cloud-link tag-link-119 tag-link-position-6\" aria-label=\"Gute Schule in L\u00fcbeck (1\u00a0Eintrag)\">Gute Schule in L\u00fcbeck<\/a>\n<a href=\"https:\/\/wbs-luebeck.de\/wbs\/tag\/gute-schulen\/\" class=\"tag-cloud-link tag-link-125 tag-link-position-7\" aria-label=\"Gute Schulen (4\u00a0Eintr\u00e4ge)\">Gute Schulen<\/a>\n<a href=\"https:\/\/wbs-luebeck.de\/wbs\/tag\/hase-rodriguez\/\" class=\"tag-cloud-link tag-link-98 tag-link-position-8\" aria-label=\"HASE-RODRIGUEZ (28\u00a0Eintr\u00e4ge)\">HASE-RODRIGUEZ<\/a>\n<a href=\"https:\/\/wbs-luebeck.de\/wbs\/tag\/hope\/\" class=\"tag-cloud-link tag-link-102 tag-link-position-9\" aria-label=\"Hope (64\u00a0Eintr\u00e4ge)\">Hope<\/a>\n<a href=\"https:\/\/wbs-luebeck.de\/wbs\/tag\/ilan-wolf\/\" class=\"tag-cloud-link tag-link-111 tag-link-position-10\" aria-label=\"Ilan Wolf (2\u00a0Eintr\u00e4ge)\">Ilan Wolf<\/a>\n<a href=\"https:\/\/wbs-luebeck.de\/wbs\/tag\/klimaschutz\/\" class=\"tag-cloud-link tag-link-128 tag-link-position-11\" aria-label=\"Klimaschutz (1\u00a0Eintrag)\">Klimaschutz<\/a>\n<a href=\"https:\/\/wbs-luebeck.de\/wbs\/tag\/luebeck\/\" class=\"tag-cloud-link tag-link-100 tag-link-position-12\" aria-label=\"L\u00fcbeck (67\u00a0Eintr\u00e4ge)\">L\u00fcbeck<\/a>\n<a href=\"https:\/\/wbs-luebeck.de\/wbs\/tag\/marina\/\" class=\"tag-cloud-link tag-link-113 tag-link-position-13\" aria-label=\"Marina (1\u00a0Eintrag)\">Marina<\/a>\n<a href=\"https:\/\/wbs-luebeck.de\/wbs\/tag\/musicalschool\/\" class=\"tag-cloud-link tag-link-127 tag-link-position-14\" aria-label=\"Musical@school (1\u00a0Eintrag)\">Musical@school<\/a>\n<a href=\"https:\/\/wbs-luebeck.de\/wbs\/tag\/musikalische-grundschule\/\" class=\"tag-cloud-link tag-link-105 tag-link-position-15\" aria-label=\"musikalische Grundschule (54\u00a0Eintr\u00e4ge)\">musikalische Grundschule<\/a>\n<a href=\"https:\/\/wbs-luebeck.de\/wbs\/tag\/projektwochen\/\" class=\"tag-cloud-link tag-link-120 tag-link-position-16\" aria-label=\"Projektwochen (1\u00a0Eintrag)\">Projektwochen<\/a>\n<a href=\"https:\/\/wbs-luebeck.de\/wbs\/tag\/schlutup\/\" class=\"tag-cloud-link tag-link-121 tag-link-position-17\" aria-label=\"Schlutup (3\u00a0Eintr\u00e4ge)\">Schlutup<\/a>\n<a href=\"https:\/\/wbs-luebeck.de\/wbs\/tag\/schule\/\" class=\"tag-cloud-link tag-link-101 tag-link-position-18\" aria-label=\"Schule (63\u00a0Eintr\u00e4ge)\">Schule<\/a>\n<a href=\"https:\/\/wbs-luebeck.de\/wbs\/tag\/schule-am-wasser\/\" class=\"tag-cloud-link tag-link-114 tag-link-position-19\" aria-label=\"Schule am Wasser (1\u00a0Eintrag)\">Schule am Wasser<\/a>\n<a href=\"https:\/\/wbs-luebeck.de\/wbs\/tag\/schule-anders-denken\/\" class=\"tag-cloud-link tag-link-115 tag-link-position-20\" aria-label=\"Schule anders denken (1\u00a0Eintrag)\">Schule anders denken<\/a>\n<a href=\"https:\/\/wbs-luebeck.de\/wbs\/tag\/schule-im-aufbruch\/\" class=\"tag-cloud-link tag-link-112 tag-link-position-21\" aria-label=\"Schule im Aufbruch (1\u00a0Eintrag)\">Schule im Aufbruch<\/a>\n<a href=\"https:\/\/wbs-luebeck.de\/wbs\/tag\/schule-in-schlutup\/\" class=\"tag-cloud-link tag-link-109 tag-link-position-22\" aria-label=\"Schule in Schlutup (9\u00a0Eintr\u00e4ge)\">Schule in Schlutup<\/a>\n<a href=\"https:\/\/wbs-luebeck.de\/wbs\/tag\/schulen-in-luebeck\/\" class=\"tag-cloud-link tag-link-123 tag-link-position-23\" aria-label=\"Schulen in L\u00fcbeck (4\u00a0Eintr\u00e4ge)\">Schulen in L\u00fcbeck<\/a>\n<a href=\"https:\/\/wbs-luebeck.de\/wbs\/tag\/stahlberg-stiftung\/\" class=\"tag-cloud-link tag-link-126 tag-link-position-24\" aria-label=\"Stahlberg Stiftung (1\u00a0Eintrag)\">Stahlberg Stiftung<\/a>\n<a href=\"https:\/\/wbs-luebeck.de\/wbs\/tag\/startchancen\/\" class=\"tag-cloud-link tag-link-117 tag-link-position-25\" aria-label=\"Startchancen (1\u00a0Eintrag)\">Startchancen<\/a>\n<a href=\"https:\/\/wbs-luebeck.de\/wbs\/tag\/wanderkutter\/\" class=\"tag-cloud-link tag-link-116 tag-link-position-26\" aria-label=\"Wanderkutter (1\u00a0Eintrag)\">Wanderkutter<\/a>\n<a href=\"https:\/\/wbs-luebeck.de\/wbs\/tag\/wbs\/\" class=\"tag-cloud-link tag-link-99 tag-link-position-27\" aria-label=\"wbs (63\u00a0Eintr\u00e4ge)\">wbs<\/a>\n<a href=\"https:\/\/wbs-luebeck.de\/wbs\/tag\/willy-brandt\/\" class=\"tag-cloud-link tag-link-103 tag-link-position-28\" aria-label=\"Willy Brandt (1\u00a0Eintrag)\">Willy Brandt<\/a>\n<a href=\"https:\/\/wbs-luebeck.de\/wbs\/tag\/willy-brandt-haus\/\" class=\"tag-cloud-link tag-link-118 tag-link-position-29\" aria-label=\"Willy Brandt Haus (1\u00a0Eintrag)\">Willy Brandt Haus<\/a>\n<a href=\"https:\/\/wbs-luebeck.de\/wbs\/tag\/willy-brandt-schule\/\" class=\"tag-cloud-link tag-link-104 tag-link-position-30\" aria-label=\"Willy Brandt Schule (54\u00a0Eintr\u00e4ge)\">Willy Brandt Schule<\/a><\/div>\n<\/section><section id=\"meta-3\" class=\"widget widget_meta\"><div class=\"heading\"><h4 class=\"widget-title\">Meta<\/h4><\/div>\n\t\t<ul>\n\t\t\t\t\t\t<li><a href=\"https:\/\/wbs-luebeck.de\/wbs\/wp-login.php\">Anmelden<\/a><\/li>\n\t\t\t<li><a href=\"https:\/\/wbs-luebeck.de\/wbs\/feed\/\">Eintrags-Feed<\/a><\/li>\n\t\t\t<li><a href=\"https:\/\/wbs-luebeck.de\/wbs\/comments\/feed\/\">Kommentar-Feed<\/a><\/li>\n\n\t\t\t<li><a href=\"https:\/\/de.wordpress.org\/\">WordPress.org<\/a><\/li>\n\t\t<\/ul>\n\n\t\t<\/section><style type=\"text\/css\" data-id=\"custom_html-3\">@media (max-width: 991px){#custom_html-3{text-align:center !important;}}<\/style><section id=\"custom_html-3\" class=\"widget_text fusion-widget-mobile-align-center fusion-widget-align-center widget widget_custom_html\" style=\"padding: 0px;background-color: #ffffff;border-radius: 8px;overflow:hidden;border-style: solid;border-color: rgba(0,0,0,0.07);text-align: center;border-width:0px;\"><div class=\"textwidget custom-html-widget\"><img decoding=\"async\" class=\"size-full wp-image-2181 aligncenter\" src=\"http:\/\/wbs-luebeck.de\/wbs\/wp-content\/uploads\/2019\/09\/subscribe-widget-top.png\" alt=\"\" width=\"380\" height=\"170\" \/>\r\n<h3 style=\"font-size: 36px; margin: 6px 0px;\">Subscribe<\/h3>\r\nRegister for foodie news.\r\n[contact-form-7 id=\"2182\" title=\"Subscribe Form Wdiget\"]<\/div><\/section><section id=\"search-4\" class=\"widget widget_search\">\t\t<form role=\"search\" class=\"searchform fusion-search-form  fusion-live-search fusion-search-form-clean\" method=\"get\" action=\"https:\/\/wbs-luebeck.de\/wbs\/\">\n\t\t\t<div class=\"fusion-search-form-content\">\n\n\t\t\t\t\n\t\t\t\t<div class=\"fusion-search-field search-field\">\n\t\t\t\t\t<label><span class=\"screen-reader-text\">Suche nach:<\/span>\n\t\t\t\t\t\t\t\t\t\t\t\t\t<input type=\"search\" class=\"s fusion-live-search-input\" name=\"s\" id=\"fusion-live-search-input-2\" autocomplete=\"off\" placeholder=\"Suchen...\" required aria-required=\"true\" aria-label=\"Suchen...\"\/>\n\t\t\t\t\t\t\t\t\t\t\t<\/label>\n\t\t\t\t<\/div>\n\t\t\t\t<div class=\"fusion-search-button search-button\">\n\t\t\t\t\t<input type=\"submit\" class=\"fusion-search-submit searchsubmit\" aria-label=\"Suche\" value=\"&#xf002;\" \/>\n\t\t\t\t\t\t\t\t\t\t<div class=\"fusion-slider-loading\"><\/div>\n\t\t\t\t\t\t\t\t\t<\/div>\n\n\t\t\t\t\n\t\t\t<\/div>\n\n\n\t\t\t\t\t\t\t<div class=\"fusion-search-results-wrapper\"><div class=\"fusion-search-results\"><\/div><\/div>\n\t\t\t\n\t\t<\/form>\n\t\t<\/section><section id=\"pyre_tabs-widget-3\" class=\"widget fusion-tabs-widget\">\t\t<div class=\"fusion-tabs-widget-wrapper fusion-tabs-widget-2 fusion-tabs-clean fusion-tabs-image-default tab-holder\">\n\t\t\t<nav class=\"fusion-tabs-nav\">\n\t\t\t\t<ul class=\"tabset tabs\">\n\n\t\t\t\t\t\t\t\t\t\t\t<li class=\"active\"><a href=\"#\" data-link=\"fusion-tab-popular\">Beliebt<\/a><\/li>\n\t\t\t\t\t\n\t\t\t\t\t\t\t\t\t\t\t<li><a href=\"#\" data-link=\"fusion-tab-recent\">K\u00fcrzlich<\/a><\/li>\n\t\t\t\t\t\n\t\t\t\t\t\n\t\t\t\t<\/ul>\n\t\t\t<\/nav>\n\n\t\t\t<div class=\"fusion-tabs-widget-content tab-box tabs-container\">\n\n\t\t\t\t\n\t\t\t\t\t<div class=\"fusion-tab-popular fusion-tab-content tab tab_content\" data-name=\"fusion-tab-popular\">\n\t\t\t\t\t\t\n\t\t\t\t\t\t<ul class=\"fusion-tabs-widget-items news-list\">\n\t\t\t\t\t\t\t\t\t\t\t\t\t\t\t\t\t\t\t\t\t\t\t\t\t\t\t\t\t\t\t\t\t<li>\n\t\t\t\t\t\t\t\t\t\t\t\t\t\t\t\t\t\t\t\t\t<div class=\"image\">\n\t\t\t\t\t\t\t\t\t\t\t\t<a href=\"https:\/\/wbs-luebeck.de\/wbs\/erste-hilfe-bei-problemen-mit-der-neuen-e-mail-adresse\/\" aria-label=\"Erste Hilfe bei Problemen mit der neuen E-Mail-Adresse\/L\u00fcbeck-Portal\"><img decoding=\"async\" width=\"66\" height=\"66\" src=\"https:\/\/wbs-luebeck.de\/wbs\/wp-content\/uploads\/2020\/04\/Portal-1-66x66.jpg\" class=\"attachment-recent-works-thumbnail size-recent-works-thumbnail wp-post-image\" alt=\"\" srcset=\"https:\/\/wbs-luebeck.de\/wbs\/wp-content\/uploads\/2020\/04\/Portal-1-66x66.jpg 66w, https:\/\/wbs-luebeck.de\/wbs\/wp-content\/uploads\/2020\/04\/Portal-1-150x150.jpg 150w\" sizes=\"(max-width: 66px) 100vw, 66px\" \/><\/a>\n\t\t\t\t\t\t\t\t\t\t\t<\/div>\n\t\t\t\t\t\t\t\t\t\t\n\t\t\t\t\t\t\t\t\t\t<div class=\"post-holder\">\n\t\t\t\t\t\t\t\t\t\t\t<a href=\"https:\/\/wbs-luebeck.de\/wbs\/erste-hilfe-bei-problemen-mit-der-neuen-e-mail-adresse\/\">Erste Hilfe bei Problemen mit der neuen E-Mail-Adresse\/L\u00fcbeck-Portal<\/a>\n\t\t\t\t\t\t\t\t\t\t\t<div class=\"fusion-meta\">\n\t\t\t\t\t\t\t\t\t\t\t\t14. August 2020\t\t\t\t\t\t\t\t\t\t\t<\/div>\n\t\t\t\t\t\t\t\t\t\t<\/div>\n\t\t\t\t\t\t\t\t\t<\/li>\n\t\t\t\t\t\t\t\t\t\t\t\t\t\t\t\t\t\t\t\t\t\t\t\t\t\t<li>\n\t\t\t\t\t\t\t\t\t\t\t\t\t\t\t\t\t\t\t\t\t<div class=\"image\">\n\t\t\t\t\t\t\t\t\t\t\t\t<a href=\"https:\/\/wbs-luebeck.de\/wbs\/mit-der-feuerwehr-nach-fukushima-was-man-in-projektpruefungen-alles-so-erlebt\/\" aria-label=\"Mit der Feuerwehr nach Fukushima:  Was man in Projektpr\u00fcfungen alles so erlebt\"><img decoding=\"async\" width=\"66\" height=\"66\" src=\"https:\/\/wbs-luebeck.de\/wbs\/wp-content\/uploads\/2022\/01\/Feuerwehr-66x66.jpg\" class=\"attachment-recent-works-thumbnail size-recent-works-thumbnail wp-post-image\" alt=\"\" srcset=\"https:\/\/wbs-luebeck.de\/wbs\/wp-content\/uploads\/2022\/01\/Feuerwehr-66x66.jpg 66w, https:\/\/wbs-luebeck.de\/wbs\/wp-content\/uploads\/2022\/01\/Feuerwehr-150x150.jpg 150w\" sizes=\"(max-width: 66px) 100vw, 66px\" \/><\/a>\n\t\t\t\t\t\t\t\t\t\t\t<\/div>\n\t\t\t\t\t\t\t\t\t\t\n\t\t\t\t\t\t\t\t\t\t<div class=\"post-holder\">\n\t\t\t\t\t\t\t\t\t\t\t<a href=\"https:\/\/wbs-luebeck.de\/wbs\/mit-der-feuerwehr-nach-fukushima-was-man-in-projektpruefungen-alles-so-erlebt\/\">Mit der Feuerwehr nach Fukushima:  Was man in Projektpr\u00fcfungen alles so erlebt<\/a>\n\t\t\t\t\t\t\t\t\t\t\t<div class=\"fusion-meta\">\n\t\t\t\t\t\t\t\t\t\t\t\t26. Januar 2022\t\t\t\t\t\t\t\t\t\t\t<\/div>\n\t\t\t\t\t\t\t\t\t\t<\/div>\n\t\t\t\t\t\t\t\t\t<\/li>\n\t\t\t\t\t\t\t\t\t\t\t\t\t\t\t\t\t\t\t\t\t\t\t\t\t\t<li>\n\t\t\t\t\t\t\t\t\t\t\t\t\t\t\t\t\t\t\t\t\t<div class=\"image\">\n\t\t\t\t\t\t\t\t\t\t\t\t<a href=\"https:\/\/wbs-luebeck.de\/wbs\/74-luebecker-staffellauf\/\" aria-label=\"74. L\u00fcbecker Staffellauf\"><img decoding=\"async\" width=\"66\" height=\"66\" src=\"https:\/\/wbs-luebeck.de\/wbs\/wp-content\/uploads\/2023\/09\/Staffel-23_1-66x66.jpg\" class=\"attachment-recent-works-thumbnail size-recent-works-thumbnail wp-post-image\" alt=\"\" srcset=\"https:\/\/wbs-luebeck.de\/wbs\/wp-content\/uploads\/2023\/09\/Staffel-23_1-66x66.jpg 66w, https:\/\/wbs-luebeck.de\/wbs\/wp-content\/uploads\/2023\/09\/Staffel-23_1-150x150.jpg 150w\" sizes=\"(max-width: 66px) 100vw, 66px\" \/><\/a>\n\t\t\t\t\t\t\t\t\t\t\t<\/div>\n\t\t\t\t\t\t\t\t\t\t\n\t\t\t\t\t\t\t\t\t\t<div class=\"post-holder\">\n\t\t\t\t\t\t\t\t\t\t\t<a href=\"https:\/\/wbs-luebeck.de\/wbs\/74-luebecker-staffellauf\/\">74. L\u00fcbecker Staffellauf<\/a>\n\t\t\t\t\t\t\t\t\t\t\t<div class=\"fusion-meta\">\n\t\t\t\t\t\t\t\t\t\t\t\t17. September 2023\t\t\t\t\t\t\t\t\t\t\t<\/div>\n\t\t\t\t\t\t\t\t\t\t<\/div>\n\t\t\t\t\t\t\t\t\t<\/li>\n\t\t\t\t\t\t\t\t\n\t\t\t\t\t\t\t\t\t\t\t\t\t\t\t\t\t\t\t\t\t<\/ul>\n\t\t\t\t\t<\/div>\n\n\t\t\t\t\n\t\t\t\t\n\t\t\t\t\t<div class=\"fusion-tab-recent fusion-tab-content tab tab_content\" data-name=\"fusion-tab-recent\" style=\"display: none;\">\n\n\t\t\t\t\t\t\n\t\t\t\t\t\t<ul class=\"fusion-tabs-widget-items news-list\">\n\t\t\t\t\t\t\t\t\t\t\t\t\t\t\t\t\t\t\t\t\t\t\t\t\t\t\t\t\t\t\t\t\t<li>\n\t\t\t\t\t\t\t\t\t\t\t\t\t\t\t\t\t\t\t\t\t<div class=\"image\">\n\t\t\t\t\t\t\t\t\t\t\t\t<a href=\"https:\/\/wbs-luebeck.de\/wbs\/danke-tschuess\/\" aria-label=\"Danke &#038; Tsch\u00fcss\"><img decoding=\"async\" width=\"66\" height=\"66\" src=\"https:\/\/wbs-luebeck.de\/wbs\/wp-content\/uploads\/2026\/02\/typorama-221-66x66.png\" class=\"attachment-recent-works-thumbnail size-recent-works-thumbnail wp-post-image\" alt=\"\" srcset=\"https:\/\/wbs-luebeck.de\/wbs\/wp-content\/uploads\/2026\/02\/typorama-221-66x66.png 66w, https:\/\/wbs-luebeck.de\/wbs\/wp-content\/uploads\/2026\/02\/typorama-221-150x150.png 150w\" sizes=\"(max-width: 66px) 100vw, 66px\" \/><\/a>\n\t\t\t\t\t\t\t\t\t\t\t<\/div>\n\t\t\t\t\t\t\t\t\t\t\t\t\t\t\t\t\t\t\t\t<div class=\"post-holder\">\n\t\t\t\t\t\t\t\t\t\t\t<a href=\"https:\/\/wbs-luebeck.de\/wbs\/danke-tschuess\/\">Danke &#038; Tsch\u00fcss<\/a>\n\t\t\t\t\t\t\t\t\t\t\t<div class=\"fusion-meta\">\n\t\t\t\t\t\t\t\t\t\t\t\t3. Februar 2026\t\t\t\t\t\t\t\t\t\t\t<\/div>\n\t\t\t\t\t\t\t\t\t\t<\/div>\n\t\t\t\t\t\t\t\t\t<\/li>\n\t\t\t\t\t\t\t\t\t\t\t\t\t\t\t\t\t\t\t\t\t\t\t\t\t\t<li>\n\t\t\t\t\t\t\t\t\t\t\t\t\t\t\t\t\t\t\t\t\t<div class=\"image\">\n\t\t\t\t\t\t\t\t\t\t\t\t<a href=\"https:\/\/wbs-luebeck.de\/wbs\/neuer-caterer-ab-16-02-2026\/\" aria-label=\"Neuer Caterer ab 16.02.2026\"><img decoding=\"async\" width=\"66\" height=\"66\" src=\"https:\/\/wbs-luebeck.de\/wbs\/wp-content\/uploads\/2026\/01\/Gusto-1-66x66.jpg\" class=\"attachment-recent-works-thumbnail size-recent-works-thumbnail wp-post-image\" alt=\"\" srcset=\"https:\/\/wbs-luebeck.de\/wbs\/wp-content\/uploads\/2026\/01\/Gusto-1-66x66.jpg 66w, https:\/\/wbs-luebeck.de\/wbs\/wp-content\/uploads\/2026\/01\/Gusto-1-150x150.jpg 150w\" sizes=\"(max-width: 66px) 100vw, 66px\" \/><\/a>\n\t\t\t\t\t\t\t\t\t\t\t<\/div>\n\t\t\t\t\t\t\t\t\t\t\t\t\t\t\t\t\t\t\t\t<div class=\"post-holder\">\n\t\t\t\t\t\t\t\t\t\t\t<a href=\"https:\/\/wbs-luebeck.de\/wbs\/neuer-caterer-ab-16-02-2026\/\">Neuer Caterer ab 16.02.2026<\/a>\n\t\t\t\t\t\t\t\t\t\t\t<div class=\"fusion-meta\">\n\t\t\t\t\t\t\t\t\t\t\t\t27. Januar 2026\t\t\t\t\t\t\t\t\t\t\t<\/div>\n\t\t\t\t\t\t\t\t\t\t<\/div>\n\t\t\t\t\t\t\t\t\t<\/li>\n\t\t\t\t\t\t\t\t\t\t\t\t\t\t\t\t\t\t\t\t\t\t\t\t\t\t<li>\n\t\t\t\t\t\t\t\t\t\t\t\t\t\t\t\t\t\t\t\t\t<div class=\"image\">\n\t\t\t\t\t\t\t\t\t\t\t\t<a href=\"https:\/\/wbs-luebeck.de\/wbs\/anmeldezeitraum-tag-der-offenen-tuer-fuer-unsere-zukuenftigen-5-klassen\/\" aria-label=\"Anmeldezeitraum &#8211; Tag der offenen T\u00fcr f\u00fcr unsere zuk\u00fcnftigen 5. Klassen\"><img decoding=\"async\" width=\"66\" height=\"66\" src=\"https:\/\/wbs-luebeck.de\/wbs\/wp-content\/uploads\/2025\/01\/typorama-180-66x66.jpg\" class=\"attachment-recent-works-thumbnail size-recent-works-thumbnail wp-post-image\" alt=\"\" srcset=\"https:\/\/wbs-luebeck.de\/wbs\/wp-content\/uploads\/2025\/01\/typorama-180-66x66.jpg 66w, https:\/\/wbs-luebeck.de\/wbs\/wp-content\/uploads\/2025\/01\/typorama-180-150x150.jpg 150w\" sizes=\"(max-width: 66px) 100vw, 66px\" \/><\/a>\n\t\t\t\t\t\t\t\t\t\t\t<\/div>\n\t\t\t\t\t\t\t\t\t\t\t\t\t\t\t\t\t\t\t\t<div class=\"post-holder\">\n\t\t\t\t\t\t\t\t\t\t\t<a href=\"https:\/\/wbs-luebeck.de\/wbs\/anmeldezeitraum-tag-der-offenen-tuer-fuer-unsere-zukuenftigen-5-klassen\/\">Anmeldezeitraum &#8211; Tag der offenen T\u00fcr f\u00fcr unsere zuk\u00fcnftigen 5. Klassen<\/a>\n\t\t\t\t\t\t\t\t\t\t\t<div class=\"fusion-meta\">\n\t\t\t\t\t\t\t\t\t\t\t\t11. Januar 2026\t\t\t\t\t\t\t\t\t\t\t<\/div>\n\t\t\t\t\t\t\t\t\t\t<\/div>\n\t\t\t\t\t\t\t\t\t<\/li>\n\t\t\t\t\t\t\t\t\t\t\t\t\t\t\t\t\t\t\t\t\t\t\t\t\t\t\t\t\t<\/ul>\n\t\t\t\t\t<\/div>\n\t\t\t\t\n\t\t\t\t\t\t\t<\/div>\n\t\t<\/div>\n\t\t<\/section><div class=\"fusion-additional-widget-content\"><\/div><\/div><div class=\"fusion-clearfix\"><\/div><\/div><\/div><\/div><\/div><div class=\"fusion-bg-parallax\" data-bg-align=\"center top\" data-direction=\"up\" data-mute=\"false\" data-opacity=\"100\" data-velocity=\"-0.1\" data-mobile-enabled=\"false\" data-break_parents=\"0\" data-bg-image=\"http:\/\/wbs-luebeck.de\/wbs\/wp-content\/uploads\/2019\/03\/subscribe-sec-bg.png\" data-bg-repeat=\"false\" data-bg-color=\"#ffffff\" ><\/div><div class=\"fusion-fullwidth fullwidth-box fusion-builder-row-2 fusion-parallax-up nonhundred-percent-fullwidth non-hundred-percent-height-scrolling\" style=\"--awb-background-position:center top;--awb-border-radius-top-left:0px;--awb-border-radius-top-right:0px;--awb-border-radius-bottom-right:0px;--awb-border-radius-bottom-left:0px;--awb-padding-top:7%;--awb-padding-bottom:7%;--awb-background-color:#ffffff;--awb-background-image:url(&quot;http:\/\/wbs-luebeck.de\/wbs\/wp-content\/uploads\/2019\/03\/subscribe-sec-bg.png&quot;);--awb-background-size:cover;--awb-flex-wrap:wrap;\" ><div class=\"fusion-builder-row fusion-row\"><div class=\"fusion-layout-column fusion_builder_column fusion-builder-column-2 fusion_builder_column_1_6 1_6 fusion-one-sixth fusion-column-first fusion-no-small-visibility\" style=\"--awb-bg-size:cover;--awb-margin-top:0px;--awb-margin-bottom:0px;width:16.666666666667%;width:calc(16.666666666667% - ( ( 6% + 6% ) * 0.16666666666667 ) );margin-right: 6%;\"><div class=\"fusion-column-wrapper fusion-flex-column-wrapper-legacy\"><div class=\"fusion-clearfix\"><\/div><\/div><\/div><div class=\"fusion-layout-column fusion_builder_column fusion-builder-column-3 fusion_builder_column_2_3 2_3 fusion-two-third\" style=\"--awb-bg-size:cover;width:66.666666666667%;width:calc(66.666666666667% - ( ( 6% + 6% ) * 0.66666666666667 ) );margin-right: 6%;\"><div class=\"fusion-column-wrapper fusion-flex-column-wrapper-legacy\"><div class=\"fusion-title title fusion-title-1 fusion-sep-none fusion-title-center fusion-title-text fusion-title-size-three\" style=\"--awb-margin-top:20px;--awb-font-size:35px;\"><h3 class=\"fusion-title-heading title-heading-center fusion-responsive-typography-calculated\" style=\"margin:0;font-size:1em;--fontSize:35;line-height:1.27;\">Subscribe <span style=\"color: #fc7523;\">&amp;<\/span> Receive A Free eBook<\/p><\/h3><\/div><div class=\"fusion-text fusion-text-2\"><p style=\"text-align: center;\">Aliquam erat volutpat. Ut quis ligula a magna blandit finibus. Suspendisse maximus lacus non nunc lacinia lobortis.<\/p>\n<\/div>[contact-form-7 id=&#8220;147&#8243; \/]<div class=\"fusion-text fusion-text-3\"><p style=\"text-align: center; font-size: 14px;\">Cras porttitor pellentesque sem eu pretium.<\/p>\n<\/div><div class=\"fusion-clearfix\"><\/div><\/div><\/div><div class=\"fusion-layout-column fusion_builder_column fusion-builder-column-4 fusion_builder_column_1_6 1_6 fusion-one-sixth fusion-column-last fusion-no-small-visibility\" style=\"--awb-bg-size:cover;--awb-margin-top:0px;--awb-margin-bottom:0px;width:16.666666666667%;width:calc(16.666666666667% - ( ( 6% + 6% ) * 0.16666666666667 ) );\"><div class=\"fusion-column-wrapper fusion-flex-column-wrapper-legacy\"><div class=\"fusion-clearfix\"><\/div><\/div><\/div><\/div><\/div>\n<div class=\"fusion-fullwidth fullwidth-box fusion-builder-row-3 hundred-percent-fullwidth non-hundred-percent-height-scrolling\" style=\"--awb-border-radius-top-left:0px;--awb-border-radius-top-right:0px;--awb-border-radius-bottom-right:0px;--awb-border-radius-bottom-left:0px;--awb-padding-top:0px;--awb-padding-right:0px;--awb-padding-bottom:0px;--awb-padding-left:0px;--awb-flex-wrap:wrap;\" ><div class=\"fusion-builder-row fusion-row\"><div class=\"fusion-layout-column fusion_builder_column fusion-builder-column-5 fusion_builder_column_1_1 1_1 fusion-one-full fusion-column-first fusion-column-last\" style=\"--awb-bg-size:cover;--awb-margin-top:0px;--awb-margin-bottom:0px;\"><div class=\"fusion-column-wrapper fusion-column-has-shadow fusion-flex-column-wrapper-legacy\"><div class=\"fusion-recent-works fusion-portfolio-element fusion-portfolio fusion-portfolio-1 fusion-portfolio-grid fusion-portfolio-paging-none fusion-portfolio-four fusion-portfolio-no_text fusion-portfolio-rollover\" data-id=\"-rw-1\" data-columns=\"four\"><style type=\"text\/css\">.fusion-portfolio-1 .fusion-portfolio-wrapper .fusion-col-spacing{padding:0px;}<\/style><div class=\"fusion-portfolio-wrapper\" id=\"fusion-portfolio-1\" data-picturesize=\"auto\" data-pages=\"15\" style=\"margin:-0px;\"><article id=\"portfolio-1-post-8184\" class=\"fusion-portfolio-post ueber-uns fusion-col-spacing post-8184\"><div class=\"fusion-portfolio-content-wrapper\" style=\"border:none;\"><span class=\"entry-title rich-snippet-hidden\">Unterrichtszeiten<\/span><span class=\"vcard rich-snippet-hidden\"><span class=\"fn\"><a href=\"https:\/\/wbs-luebeck.de\/wbs\/author\/bodo\/\" title=\"Beitr\u00e4ge von bo\" rel=\"author\">bo<\/a><\/span><\/span><span class=\"updated rich-snippet-hidden\">2024-03-11T16:42:18+01:00<\/span><div  class=\"fusion-image-wrapper\" aria-haspopup=\"true\">\n\t\t\t\t\t\t\t<div class=\"fusion-placeholder-image\" data-origheight=\"150\" data-origwidth=\"100%\" style=\"width:100%;height:150px;\"><\/div>\n\t\t<div class=\"fusion-rollover\">\n\t<div class=\"fusion-rollover-content\">\n\n\t\t\t\t\t\t\t\t\t\t\t\t\t\t<a class=\"fusion-rollover-link\" href=\"https:\/\/wbs-luebeck.de\/wbs\/portfolio-items\/unterrichtszeiten\/\">Unterrichtszeiten<\/a>\n\t\t\t\n\t\t\t\t\t\t\t\t\n\t\t\n\t\t\t\t\t\t\t\t\t\t\t\t<h4 class=\"fusion-rollover-title\">\n\t\t\t\t\t<a class=\"fusion-rollover-title-link\" href=\"https:\/\/wbs-luebeck.de\/wbs\/portfolio-items\/unterrichtszeiten\/\">\n\t\t\t\t\t\tUnterrichtszeiten\t\t\t\t\t<\/a>\n\t\t\t\t<\/h4>\n\t\t\t\n\t\t\t\t\t\t\t\t\n\t\t\n\t\t\t\t\t\t<a class=\"fusion-link-wrapper\" href=\"https:\/\/wbs-luebeck.de\/wbs\/portfolio-items\/unterrichtszeiten\/\" aria-label=\"Unterrichtszeiten\"><\/a>\n\t<\/div>\n<\/div>\n<\/div>\n<\/div><\/article><article id=\"portfolio-1-post-7929\" class=\"fusion-portfolio-post ueber-uns fusion-col-spacing post-7929\"><div class=\"fusion-portfolio-content-wrapper\" style=\"border:none;\"><span class=\"entry-title rich-snippet-hidden\">SV<\/span><span class=\"vcard rich-snippet-hidden\"><span class=\"fn\"><a href=\"https:\/\/wbs-luebeck.de\/wbs\/author\/alexandra\/\" title=\"Beitr\u00e4ge von SL\" rel=\"author\">SL<\/a><\/span><\/span><span class=\"updated rich-snippet-hidden\">2025-09-19T10:01:00+01:00<\/span><div  class=\"fusion-image-wrapper\" aria-haspopup=\"true\">\n\t\t\t\t\t\t\t<div class=\"fusion-placeholder-image\" data-origheight=\"150\" data-origwidth=\"100%\" style=\"width:100%;height:150px;\"><\/div>\n\t\t<div class=\"fusion-rollover\">\n\t<div class=\"fusion-rollover-content\">\n\n\t\t\t\t\t\t\t\t\t\t\t\t\t\t<a class=\"fusion-rollover-link\" href=\"https:\/\/wbs-luebeck.de\/wbs\/portfolio-items\/sv\/\">SV<\/a>\n\t\t\t\n\t\t\t\t\t\t\t\t\n\t\t\n\t\t\t\t\t\t\t\t\t\t\t\t<h4 class=\"fusion-rollover-title\">\n\t\t\t\t\t<a class=\"fusion-rollover-title-link\" href=\"https:\/\/wbs-luebeck.de\/wbs\/portfolio-items\/sv\/\">\n\t\t\t\t\t\tSV\t\t\t\t\t<\/a>\n\t\t\t\t<\/h4>\n\t\t\t\n\t\t\t\t\t\t\t\t\n\t\t\n\t\t\t\t\t\t<a class=\"fusion-link-wrapper\" href=\"https:\/\/wbs-luebeck.de\/wbs\/portfolio-items\/sv\/\" aria-label=\"SV\"><\/a>\n\t<\/div>\n<\/div>\n<\/div>\n<\/div><\/article><article id=\"portfolio-1-post-7359\" class=\"fusion-portfolio-post ueber-uns fusion-col-spacing post-7359\"><div class=\"fusion-portfolio-content-wrapper\" style=\"border:none;\"><span class=\"entry-title rich-snippet-hidden\">Unsere Standorte<\/span><span class=\"vcard rich-snippet-hidden\"><span class=\"fn\"><a href=\"https:\/\/wbs-luebeck.de\/wbs\/author\/alexandra\/\" title=\"Beitr\u00e4ge von SL\" rel=\"author\">SL<\/a><\/span><\/span><span class=\"updated rich-snippet-hidden\">2024-03-11T10:33:06+01:00<\/span><div  class=\"fusion-image-wrapper\" aria-haspopup=\"true\">\n\t\t\t\t\t\t\t<div class=\"fusion-placeholder-image\" data-origheight=\"150\" data-origwidth=\"100%\" style=\"width:100%;height:150px;\"><\/div>\n\t\t<div class=\"fusion-rollover\">\n\t<div class=\"fusion-rollover-content\">\n\n\t\t\t\t\t\t\t\t\t\t\t\t\t\t<a class=\"fusion-rollover-link\" href=\"https:\/\/wbs-luebeck.de\/wbs\/portfolio-items\/unsere-standorte\/\">Unsere Standorte<\/a>\n\t\t\t\n\t\t\t\t\t\t\t\t\n\t\t\n\t\t\t\t\t\t\t\t\t\t\t\t<h4 class=\"fusion-rollover-title\">\n\t\t\t\t\t<a class=\"fusion-rollover-title-link\" href=\"https:\/\/wbs-luebeck.de\/wbs\/portfolio-items\/unsere-standorte\/\">\n\t\t\t\t\t\tUnsere Standorte\t\t\t\t\t<\/a>\n\t\t\t\t<\/h4>\n\t\t\t\n\t\t\t\t\t\t\t\t\n\t\t\n\t\t\t\t\t\t<a class=\"fusion-link-wrapper\" href=\"https:\/\/wbs-luebeck.de\/wbs\/portfolio-items\/unsere-standorte\/\" aria-label=\"Unsere Standorte\"><\/a>\n\t<\/div>\n<\/div>\n<\/div>\n<\/div><\/article><article id=\"portfolio-1-post-6965\" class=\"fusion-portfolio-post fusion-col-spacing post-6965\"><div class=\"fusion-portfolio-content-wrapper\" style=\"border:none;\"><span class=\"entry-title rich-snippet-hidden\">Neue Medien Grundschule<\/span><span class=\"vcard rich-snippet-hidden\"><span class=\"fn\"><a href=\"https:\/\/wbs-luebeck.de\/wbs\/author\/alexandra\/\" title=\"Beitr\u00e4ge von SL\" rel=\"author\">SL<\/a><\/span><\/span><span class=\"updated rich-snippet-hidden\">2022-11-10T09:25:03+01:00<\/span><div  class=\"fusion-image-wrapper\" aria-haspopup=\"true\">\n\t\t\t\t\t\t\t<div class=\"fusion-placeholder-image\" data-origheight=\"150\" data-origwidth=\"100%\" style=\"width:100%;height:150px;\"><\/div>\n\t\t<div class=\"fusion-rollover\">\n\t<div class=\"fusion-rollover-content\">\n\n\t\t\t\t\t\t\t\t\t\t\t\t\t\t<a class=\"fusion-rollover-link\" href=\"https:\/\/wbs-luebeck.de\/wbs\/portfolio-items\/neue-medien-grundschule\/\">Neue Medien Grundschule<\/a>\n\t\t\t\n\t\t\t\t\t\t\t\t\n\t\t\n\t\t\t\t\t\t\t\t\t\t\t\t<h4 class=\"fusion-rollover-title\">\n\t\t\t\t\t<a class=\"fusion-rollover-title-link\" href=\"https:\/\/wbs-luebeck.de\/wbs\/portfolio-items\/neue-medien-grundschule\/\">\n\t\t\t\t\t\tNeue Medien Grundschule\t\t\t\t\t<\/a>\n\t\t\t\t<\/h4>\n\t\t\t\n\t\t\t\t\t\t\t\t\n\t\t\n\t\t\t\t\t\t<a class=\"fusion-link-wrapper\" href=\"https:\/\/wbs-luebeck.de\/wbs\/portfolio-items\/neue-medien-grundschule\/\" aria-label=\"Neue Medien Grundschule\"><\/a>\n\t<\/div>\n<\/div>\n<\/div>\n<\/div><\/article><\/div><\/div><div class=\"fusion-clearfix\"><\/div><\/div><\/div><\/div><\/div><\/p>\n","protected":false},"excerpt":{"rendered":"","protected":false},"author":1,"featured_media":0,"parent":0,"menu_order":0,"comment_status":"closed","ping_status":"closed","template":"100-width.php","meta":{"_acf_changed":false,"footnotes":""},"acf":[],"_links":{"self":[{"href":"https:\/\/wbs-luebeck.de\/wbs\/wp-json\/wp\/v2\/pages\/345"}],"collection":[{"href":"https:\/\/wbs-luebeck.de\/wbs\/wp-json\/wp\/v2\/pages"}],"about":[{"href":"https:\/\/wbs-luebeck.de\/wbs\/wp-json\/wp\/v2\/types\/page"}],"author":[{"embeddable":true,"href":"https:\/\/wbs-luebeck.de\/wbs\/wp-json\/wp\/v2\/users\/1"}],"replies":[{"embeddable":true,"href":"https:\/\/wbs-luebeck.de\/wbs\/wp-json\/wp\/v2\/comments?post=345"}],"version-history":[{"count":1,"href":"https:\/\/wbs-luebeck.de\/wbs\/wp-json\/wp\/v2\/pages\/345\/revisions"}],"predecessor-version":[{"id":2196,"href":"https:\/\/wbs-luebeck.de\/wbs\/wp-json\/wp\/v2\/pages\/345\/revisions\/2196"}],"wp:attachment":[{"href":"https:\/\/wbs-luebeck.de\/wbs\/wp-json\/wp\/v2\/media?parent=345"}],"curies":[{"name":"wp","href":"https:\/\/api.w.org\/{rel}","templated":true}]}}